{"id":13,"date":"2024-08-26T18:39:15","date_gmt":"2024-08-26T16:39:15","guid":{"rendered":"http:\/\/clc-meulan.fr\/?page_id=13"},"modified":"2024-09-01T01:40:45","modified_gmt":"2024-08-31T23:40:45","slug":"politique-de-confidentialite","status":"publish","type":"page","link":"https:\/\/clc-meulan.fr\/index.php\/politique-de-confidentialite\/","title":{"rendered":"Politique de confidentialit\u00e9"},"content":{"rendered":"\n<div class=\"wp-block-group is-layout-constrained wp-block-group-is-layout-constrained\">\n<h2 class=\"wp-block-heading\">Qui sommes-nous&nbsp;?<\/h2>\n\n\n\n<p>Le Centre des Loisirs et de la Culture de Meulan-en-Yvelines (CLC) est une association d\u00e9di\u00e9e \u00e0 offrir des activit\u00e9s culturelles et \u00e9ducatives pour tous les \u00e2ges. Notre si\u00e8ge social est situ\u00e9 \u00e0 la Maison des Associations, All\u00e9e des Cottages, 78250 Meulan-en-Yvelines. Pour toute question relative \u00e0 la protection de vos donn\u00e9es personnelles, vous pouvez nous contacter \u00e0 l&rsquo;adresse email suivante : <a href=\"mailto:clc.meulan@gmail.com\">clc.meulan@gmail.com<\/a>.<\/p>\n\n\n\n<h2 class=\"wp-block-heading\">M\u00e9dias<\/h2>\n\n\n\n<p>Les photos des personnes pr\u00e9sentes sur ce site leur appartiennent et ne peuvent \u00eatre utilis\u00e9es sans leur accord en dehors de ce site. Les images de d\u00e9coration sont sous licence <strong>CC0<\/strong>, ce qui signifie qu&rsquo;elles sont libres de droits et peuvent \u00eatre utilis\u00e9es sans restriction. La carte affich\u00e9e sur le site est une capture d&rsquo;\u00e9cran d&rsquo;<strong>OpenStreetMap<\/strong>, un projet collaboratif de cartographie libre et ouverte.<\/p>\n\n\n\n<h2 class=\"wp-block-heading\">Cookies<\/h2>\n\n\n\n<p>Lorsque vous visitez la page de connexion de notre site, un cookie temporaire est cr\u00e9\u00e9 pour d\u00e9terminer si votre navigateur accepte les cookies. Ce cookie ne contient aucune donn\u00e9e personnelle et est automatiquement supprim\u00e9 \u00e0 la fermeture de votre navigateur.<\/p>\n\n\n\n<p>Lorsque vous vous connectez, nous mettons en place plusieurs cookies pour enregistrer vos informations de connexion et vos pr\u00e9f\u00e9rences d\u2019\u00e9cran. La dur\u00e9e de vie d\u2019un cookie de connexion est de deux jours, tandis que celle d\u2019un cookie d\u2019option d\u2019\u00e9cran est d\u2019un an. Si vous cochez \u00ab Se souvenir de moi \u00bb, votre cookie de connexion sera conserv\u00e9 pendant deux semaines. Si vous vous d\u00e9connectez de votre compte, le cookie de connexion sera effac\u00e9.<\/p>\n\n\n\n<p>Si vous modifiez ou publiez une publication, un cookie suppl\u00e9mentaire sera enregistr\u00e9 dans votre navigateur. Ce cookie ne comprend aucune donn\u00e9e personnelle ; il indique simplement l\u2019ID de la publication que vous venez de modifier. Ce cookie expire au bout d\u2019un jour.<\/p>\n\n\n\n<h2 class=\"wp-block-heading\">Contenu embarqu\u00e9 depuis d\u2019autres sites<\/h2>\n\n\n\n<p>Les articles de ce site peuvent inclure des contenus int\u00e9gr\u00e9s (par exemple, des vid\u00e9os, des images, des articles). Le contenu int\u00e9gr\u00e9 depuis d\u2019autres sites se comporte de la m\u00eame mani\u00e8re que si le visiteur se rendait sur cet autre site.<\/p>\n\n\n\n<p>Ces sites web pourraient collecter des donn\u00e9es sur vous, utiliser des cookies, embarquer des outils de suivis tiers, et suivre vos interactions avec ces contenus embarqu\u00e9s si vous disposez d\u2019un compte connect\u00e9 sur leur site web.<\/p>\n\n\n\n<h2 class=\"wp-block-heading\">Utilisation et transmission de vos donn\u00e9es personnelles<\/h2>\n\n\n\n<p>Nous collectons et utilisons les donn\u00e9es personnelles des adh\u00e9rents afin de traiter leurs demandes, g\u00e9rer leurs inscriptions, et organiser les activit\u00e9s propos\u00e9es par l&rsquo;association. Lorsque vous demandez une r\u00e9initialisation de votre mot de passe, votre adresse IP sera \u00e9galement incluse dans l\u2019e-mail de r\u00e9initialisation. Nous ne transmettons aucune information personnelle \u00e0 des tiers sans votre consentement explicite.<\/p>\n\n\n\n<h2 class=\"wp-block-heading\">Dur\u00e9es de stockage de vos donn\u00e9es<\/h2>\n\n\n\n<p>Les donn\u00e9es personnelles des adh\u00e9rents et des personnes qui nous contactent sont conserv\u00e9es aussi longtemps que n\u00e9cessaire pour la gestion des inscriptions, des activit\u00e9s, et des communications de l&rsquo;association. Une fois ces besoins termin\u00e9s, les donn\u00e9es sont supprim\u00e9es ou anonymis\u00e9es.<\/p>\n\n\n\n<h2 class=\"wp-block-heading\">Les droits que vous avez sur vos donn\u00e9es<\/h2>\n\n\n\n<p>Que vous soyez adh\u00e9rent, utilisateur du site, ou une personne nous ayant contact\u00e9s, vous avez le droit de demander l&rsquo;acc\u00e8s, la rectification, ou la suppression de vos donn\u00e9es personnelles. Vous pouvez aussi demander la limitation du traitement de vos donn\u00e9es ou vous opposer \u00e0 leur traitement. Pour exercer ces droits, veuillez nous contacter \u00e0 l&rsquo;adresse email suivante : <a>clc.meulan@gmail.com<\/a>.<\/p>\n\n\n\n<p>Nous nous engageons \u00e0 respecter vos droits et \u00e0 traiter vos donn\u00e9es avec la plus grande confidentialit\u00e9.<\/p>\n<\/div>\n\n\n\n<div class=\"wp-block-group is-layout-constrained wp-container-core-group-is-layout-a52c9701 wp-block-group-is-layout-constrained has-background lazyload\" style=\"min-height:100%;margin-top:var(--wp--preset--spacing--70);margin-bottom:0;background-image:inherit;background-position:65% 50%;background-size:cover;\" data-bg-image=\"url(&#039;https:\/\/clc-meulan.fr\/wp-content\/uploads\/2024\/08\/map_localisation_clc.webp&#039;)\">\n<div class=\"wp-block-columns is-not-stacked-on-mobile is-layout-flex wp-container-core-columns-is-layout-28f84493 wp-block-columns-is-layout-flex\">\n<div class=\"wp-block-column is-layout-flow wp-block-column-is-layout-flow\" style=\"flex-basis:5em\"><\/div>\n\n\n\n<div class=\"wp-block-column contact-block has-border-color has-ast-global-color-0-border-color has-ast-global-color-5-background-color has-background is-layout-flow wp-block-column-is-layout-flow\" style=\"border-width:1px;padding-top:var(--wp--preset--spacing--40);padding-right:var(--wp--preset--spacing--60);padding-bottom:var(--wp--preset--spacing--40);padding-left:var(--wp--preset--spacing--60);flex-basis:30em\" id=\"contact\">\n<div class=\"wp-block-group is-layout-constrained wp-block-group-is-layout-constrained\">\n<h2 class=\"wp-block-heading\" style=\"margin-right:0px;margin-left:0px\">Contact<\/h2>\n\n\n\n<hr class=\"hr-main-color\" style=\"margin: 0.5em 0 1em 0 !important;\">\n\n\n\n<div class=\"wp-block-group is-layout-constrained wp-block-group-is-layout-constrained\">\n<div class=\"wp-block-columns is-not-stacked-on-mobile is-layout-flex wp-container-core-columns-is-layout-4f688efb wp-block-columns-is-layout-flex\" style=\"margin-top:1px\">\n<div class=\"wp-block-column is-layout-flow wp-block-column-is-layout-flow\" style=\"flex-basis:25px\">\n<figure class=\"wp-block-image size-full is-resized has-custom-border is-style-default wp-duotone-unset-1\"><img loading=\"lazy\" decoding=\"async\" width=\"96\" height=\"96\" data-src=\"https:\/\/clc-meulan.fr\/wp-content\/uploads\/2024\/08\/location_on_24dp_2EC27E_FILL0_wght400_GRAD0_opsz24.png\" alt=\"\" class=\"wp-image-49 lazyload\" style=\"--smush-placeholder-width: 96px; --smush-placeholder-aspect-ratio: 96\/96;border-style:none;border-width:0px;border-radius:0px;box-shadow:none;width:25px\" src=\"data:image\/gif;base64,R0lGODlhAQABAAAAACH5BAEKAAEALAAAAAABAAEAAAICTAEAOw==\" \/><noscript><img loading=\"lazy\" decoding=\"async\" width=\"96\" height=\"96\" src=\"https:\/\/clc-meulan.fr\/wp-content\/uploads\/2024\/08\/location_on_24dp_2EC27E_FILL0_wght400_GRAD0_opsz24.png\" alt=\"\" class=\"wp-image-49\" style=\"border-style:none;border-width:0px;border-radius:0px;box-shadow:none;width:25px\"\/><\/noscript><\/figure>\n<\/div>\n\n\n\n<div class=\"wp-block-column is-layout-flow wp-container-core-column-is-layout-b2a27621 wp-block-column-is-layout-flow\" style=\"padding-top:0;padding-right:0;padding-bottom:0;padding-left:0;flex-basis:66.66%\">\n<h3 class=\"wp-block-heading has-medium-font-size\">Adresse<\/h3>\n<\/div>\n<\/div>\n\n\n\n<p style=\"margin-top:10px;margin-right:0px;margin-bottom:10px;margin-left:0px\"><a href=\"https:\/\/www.openstreetmap.org\/?mlat=49.010899&amp;mlon=1.915365#map=19\/49.010899\/1.915365\" target=\"_blank\" rel=\"noreferrer noopener\">Maison des Associations<\/a><br>All\u00e9e des Cottages<br>78250, Meulan-en-Yvelines<\/p>\n\n\n\n<p style=\"margin-top:10px;margin-right:0px;margin-bottom:10px;margin-left:0px\">\ud83d\udce7 Email : <a href=\"mailto:clc.meulan@gmail.com?subject=Contact%20via%20le%20site%20du%20CLC\">clc.meulan@gmail.com<\/a><br>\ud83d\udcde T\u00e9l\u00e9phone : <a href=\"tel:+33608877658\">+33 6 08 87 76 58<\/a><\/p>\n<\/div>\n\n\n\n<div class=\"wp-block-group is-layout-constrained wp-block-group-is-layout-constrained\">\n<div class=\"wp-block-columns is-not-stacked-on-mobile is-layout-flex wp-container-core-columns-is-layout-4f688efb wp-block-columns-is-layout-flex\" style=\"margin-top:1px\">\n<div class=\"wp-block-column is-layout-flow wp-block-column-is-layout-flow\" style=\"flex-basis:25px\">\n<figure class=\"wp-block-image size-full is-resized has-custom-border is-style-default wp-duotone-unset-2\"><img loading=\"lazy\" decoding=\"async\" width=\"96\" height=\"96\" data-src=\"https:\/\/clc-meulan.fr\/wp-content\/uploads\/2024\/08\/bus_alert_24dp_1C71D8_FILL0_wght400_GRAD0_opsz24.png\" alt=\"\" class=\"wp-image-213 lazyload\" style=\"--smush-placeholder-width: 96px; --smush-placeholder-aspect-ratio: 96\/96;border-style:none;border-width:0px;border-radius:0px;box-shadow:none;width:25px\" src=\"data:image\/gif;base64,R0lGODlhAQABAAAAACH5BAEKAAEALAAAAAABAAEAAAICTAEAOw==\" \/><noscript><img loading=\"lazy\" decoding=\"async\" width=\"96\" height=\"96\" src=\"https:\/\/clc-meulan.fr\/wp-content\/uploads\/2024\/08\/bus_alert_24dp_1C71D8_FILL0_wght400_GRAD0_opsz24.png\" alt=\"\" class=\"wp-image-213\" style=\"border-style:none;border-width:0px;border-radius:0px;box-shadow:none;width:25px\"\/><\/noscript><\/figure>\n<\/div>\n\n\n\n<div class=\"wp-block-column is-layout-flow wp-container-core-column-is-layout-b2a27621 wp-block-column-is-layout-flow\" style=\"padding-top:0;padding-right:0;padding-bottom:0;padding-left:0;flex-basis:66.66%\">\n<h3 class=\"wp-block-heading has-medium-font-size\">Acc\u00e8s au local<\/h3>\n<\/div>\n<\/div>\n\n\n\n<p style=\"margin-top:10px;margin-right:0px;margin-bottom:10px;margin-left:0px\">Les lignes de Bus. <mark style=\"background-color:rgba(0, 0, 0, 0)\" class=\"has-inline-color has-ast-global-color-0-color\">25<\/mark>, <mark style=\"background-color:rgba(0, 0, 0, 0)\" class=\"has-inline-color has-ast-global-color-0-color\">33<\/mark> et <mark style=\"background-color:rgba(0, 0, 0, 0)\" class=\"has-inline-color has-ast-global-color-0-color\">62<\/mark><br>Desservent l&rsquo;arr\u00eat <mark style=\"background-color:rgba(0, 0, 0, 0)\" class=\"has-inline-color has-ast-global-color-0-color\">Maison des Associations<\/mark><\/p>\n<\/div>\n\n\n\n<p>\u00c0 deux pas, sont aussi disponibles les lignes <mark style=\"background-color:rgba(0, 0, 0, 0)\" class=\"has-inline-color has-ast-global-color-0-color\">21<\/mark> et <mark style=\"background-color:rgba(0, 0, 0, 0)\" class=\"has-inline-color has-ast-global-color-0-color\">87<\/mark><br>Desservent l&rsquo;arr\u00eat <mark style=\"background-color:rgba(0, 0, 0, 0)\" class=\"has-inline-color has-ast-global-color-0-color\">Centre Commercial<\/mark><\/p>\n\n\n\n<p>Un parking attenant au local est disponible gratuitement et sans limitations de temps de stationnement.<\/p>\n<\/div>\n<\/div>\n\n\n\n<div class=\"wp-block-column is-layout-flow wp-block-column-is-layout-flow\"><\/div>\n<\/div>\n<\/div>\n","protected":false},"excerpt":{"rendered":"<p>Qui sommes-nous&nbsp;? Le Centre des Loisirs et de la Culture de Meulan-en-Yvelines (CLC) est une association d\u00e9di\u00e9e \u00e0 offrir des [&hellip;]<\/p>\n","protected":false},"author":1,"featured_media":0,"parent":0,"menu_order":0,"comment_status":"closed","ping_status":"closed","template":"","meta":{"site-sidebar-layout":"default","site-content-layout":"","ast-site-content-layout":"","site-content-style":"default","site-sidebar-style":"default","ast-global-header-display":"","ast-banner-title-visibility":"","ast-main-header-display":"","ast-hfb-above-header-display":"","ast-hfb-below-header-display":"","ast-hfb-mobile-header-display":"","site-post-title":"","ast-breadcrumbs-content":"","ast-featured-img":"","footer-sml-layout":"","theme-transparent-header-meta":"","adv-header-id-meta":"","stick-header-meta":"","header-above-stick-meta":"","header-main-stick-meta":"","header-below-stick-meta":"","astra-migrate-meta-layouts":"default","ast-page-background-enabled":"default","ast-page-background-meta":{"desktop":{"background-color":"var(--ast-global-color-4)","background-image":"","background-repeat":"repeat","background-position":"center center","background-size":"auto","background-attachment":"scroll","background-type":"","background-media":"","overlay-type":"","overlay-color":"","overlay-opacity":"","overlay-gradient":""},"tablet":{"background-color":"","background-image":"","background-repeat":"repeat","background-position":"center center","background-size":"auto","background-attachment":"scroll","background-type":"","background-media":"","overlay-type":"","overlay-color":"","overlay-opacity":"","overlay-gradient":""},"mobile":{"background-color":"","background-image":"","background-repeat":"repeat","background-position":"center center","background-size":"auto","background-attachment":"scroll","background-type":"","background-media":"","overlay-type":"","overlay-color":"","overlay-opacity":"","overlay-gradient":""}},"ast-content-background-meta":{"desktop":{"background-color":"var(--ast-global-color-5)","background-image":"","background-repeat":"repeat","background-position":"center center","background-size":"auto","background-attachment":"scroll","background-type":"","background-media":"","overlay-type":"","overlay-color":"","overlay-opacity":"","overlay-gradient":""},"tablet":{"background-color":"var(--ast-global-color-5)","background-image":"","background-repeat":"repeat","background-position":"center center","background-size":"auto","background-attachment":"scroll","background-type":"","background-media":"","overlay-type":"","overlay-color":"","overlay-opacity":"","overlay-gradient":""},"mobile":{"background-color":"var(--ast-global-color-5)","background-image":"","background-repeat":"repeat","background-position":"center center","background-size":"auto","background-attachment":"scroll","background-type":"","background-media":"","overlay-type":"","overlay-color":"","overlay-opacity":"","overlay-gradient":""}},"footnotes":""},"class_list":["post-13","page","type-page","status-publish","hentry"],"yoast_head":"<!-- This site is optimized with the Yoast SEO plugin v24.0 - https:\/\/yoast.com\/wordpress\/plugins\/seo\/ -->\n<title>Politique de confidentialit\u00e9 - CLC Meulan<\/title>\n<meta name=\"robots\" content=\"index, follow, max-snippet:-1, max-image-preview:large, max-video-preview:-1\" \/>\n<link rel=\"canonical\" href=\"https:\/\/clc-meulan.fr\/index.php\/politique-de-confidentialite\/\" \/>\n<meta property=\"og:locale\" content=\"fr_FR\" \/>\n<meta property=\"og:type\" content=\"article\" \/>\n<meta property=\"og:title\" content=\"Politique de confidentialit\u00e9 - CLC Meulan\" \/>\n<meta property=\"og:description\" content=\"Qui sommes-nous&nbsp;? Le Centre des Loisirs et de la Culture de Meulan-en-Yvelines (CLC) est une association d\u00e9di\u00e9e \u00e0 offrir des [&hellip;]\" \/>\n<meta property=\"og:url\" content=\"https:\/\/clc-meulan.fr\/index.php\/politique-de-confidentialite\/\" \/>\n<meta property=\"og:site_name\" content=\"CLC Meulan\" \/>\n<meta property=\"article:publisher\" content=\"https:\/\/www.facebook.com\/clcmeulan\/\" \/>\n<meta property=\"article:modified_time\" content=\"2024-08-31T23:40:45+00:00\" \/>\n<meta name=\"twitter:card\" content=\"summary_large_image\" \/>\n<meta name=\"twitter:label1\" content=\"Dur\u00e9e de lecture estim\u00e9e\" \/>\n\t<meta name=\"twitter:data1\" content=\"4 minutes\" \/>\n<script type=\"application\/ld+json\" class=\"yoast-schema-graph\">{\"@context\":\"https:\/\/schema.org\",\"@graph\":[{\"@type\":\"WebPage\",\"@id\":\"https:\/\/clc-meulan.fr\/index.php\/politique-de-confidentialite\/\",\"url\":\"https:\/\/clc-meulan.fr\/index.php\/politique-de-confidentialite\/\",\"name\":\"Politique de confidentialit\u00e9 - CLC Meulan\",\"isPartOf\":{\"@id\":\"https:\/\/clc-meulan.fr\/#website\"},\"datePublished\":\"2024-08-26T16:39:15+00:00\",\"dateModified\":\"2024-08-31T23:40:45+00:00\",\"breadcrumb\":{\"@id\":\"https:\/\/clc-meulan.fr\/index.php\/politique-de-confidentialite\/#breadcrumb\"},\"inLanguage\":\"fr-FR\",\"potentialAction\":[{\"@type\":\"ReadAction\",\"target\":[\"https:\/\/clc-meulan.fr\/index.php\/politique-de-confidentialite\/\"]}]},{\"@type\":\"BreadcrumbList\",\"@id\":\"https:\/\/clc-meulan.fr\/index.php\/politique-de-confidentialite\/#breadcrumb\",\"itemListElement\":[{\"@type\":\"ListItem\",\"position\":1,\"name\":\"Accueil\",\"item\":\"https:\/\/clc-meulan.fr\/\"},{\"@type\":\"ListItem\",\"position\":2,\"name\":\"Politique de confidentialit\u00e9\"}]},{\"@type\":\"WebSite\",\"@id\":\"https:\/\/clc-meulan.fr\/#website\",\"url\":\"https:\/\/clc-meulan.fr\/\",\"name\":\"CLC Meulan\",\"description\":\"Apprendre, Cr\u00e9er et S&#039;\u00e9panouir \u00e0 Meulan-en-Yvelines\",\"publisher\":{\"@id\":\"https:\/\/clc-meulan.fr\/#organization\"},\"potentialAction\":[{\"@type\":\"SearchAction\",\"target\":{\"@type\":\"EntryPoint\",\"urlTemplate\":\"https:\/\/clc-meulan.fr\/?s={search_term_string}\"},\"query-input\":{\"@type\":\"PropertyValueSpecification\",\"valueRequired\":true,\"valueName\":\"search_term_string\"}}],\"inLanguage\":\"fr-FR\"},{\"@type\":\"Organization\",\"@id\":\"https:\/\/clc-meulan.fr\/#organization\",\"name\":\"CLC Meulan\",\"url\":\"https:\/\/clc-meulan.fr\/\",\"logo\":{\"@type\":\"ImageObject\",\"inLanguage\":\"fr-FR\",\"@id\":\"https:\/\/clc-meulan.fr\/#\/schema\/logo\/image\/\",\"url\":\"https:\/\/clc-meulan.fr\/wp-content\/uploads\/2024\/08\/CLC-logo-scaled.jpg\",\"contentUrl\":\"https:\/\/clc-meulan.fr\/wp-content\/uploads\/2024\/08\/CLC-logo-scaled.jpg\",\"width\":2560,\"height\":1761,\"caption\":\"CLC Meulan\"},\"image\":{\"@id\":\"https:\/\/clc-meulan.fr\/#\/schema\/logo\/image\/\"},\"sameAs\":[\"https:\/\/www.facebook.com\/clcmeulan\/\"]}]}<\/script>\n<!-- \/ Yoast SEO plugin. -->","yoast_head_json":{"title":"Politique de confidentialit\u00e9 - CLC Meulan","robots":{"index":"index","follow":"follow","max-snippet":"max-snippet:-1","max-image-preview":"max-image-preview:large","max-video-preview":"max-video-preview:-1"},"canonical":"https:\/\/clc-meulan.fr\/index.php\/politique-de-confidentialite\/","og_locale":"fr_FR","og_type":"article","og_title":"Politique de confidentialit\u00e9 - CLC Meulan","og_description":"Qui sommes-nous&nbsp;? Le Centre des Loisirs et de la Culture de Meulan-en-Yvelines (CLC) est une association d\u00e9di\u00e9e \u00e0 offrir des [&hellip;]","og_url":"https:\/\/clc-meulan.fr\/index.php\/politique-de-confidentialite\/","og_site_name":"CLC Meulan","article_publisher":"https:\/\/www.facebook.com\/clcmeulan\/","article_modified_time":"2024-08-31T23:40:45+00:00","twitter_card":"summary_large_image","twitter_misc":{"Dur\u00e9e de lecture estim\u00e9e":"4 minutes"},"schema":{"@context":"https:\/\/schema.org","@graph":[{"@type":"WebPage","@id":"https:\/\/clc-meulan.fr\/index.php\/politique-de-confidentialite\/","url":"https:\/\/clc-meulan.fr\/index.php\/politique-de-confidentialite\/","name":"Politique de confidentialit\u00e9 - CLC Meulan","isPartOf":{"@id":"https:\/\/clc-meulan.fr\/#website"},"datePublished":"2024-08-26T16:39:15+00:00","dateModified":"2024-08-31T23:40:45+00:00","breadcrumb":{"@id":"https:\/\/clc-meulan.fr\/index.php\/politique-de-confidentialite\/#breadcrumb"},"inLanguage":"fr-FR","potentialAction":[{"@type":"ReadAction","target":["https:\/\/clc-meulan.fr\/index.php\/politique-de-confidentialite\/"]}]},{"@type":"BreadcrumbList","@id":"https:\/\/clc-meulan.fr\/index.php\/politique-de-confidentialite\/#breadcrumb","itemListElement":[{"@type":"ListItem","position":1,"name":"Accueil","item":"https:\/\/clc-meulan.fr\/"},{"@type":"ListItem","position":2,"name":"Politique de confidentialit\u00e9"}]},{"@type":"WebSite","@id":"https:\/\/clc-meulan.fr\/#website","url":"https:\/\/clc-meulan.fr\/","name":"CLC Meulan","description":"Apprendre, Cr\u00e9er et S&#039;\u00e9panouir \u00e0 Meulan-en-Yvelines","publisher":{"@id":"https:\/\/clc-meulan.fr\/#organization"},"potentialAction":[{"@type":"SearchAction","target":{"@type":"EntryPoint","urlTemplate":"https:\/\/clc-meulan.fr\/?s={search_term_string}"},"query-input":{"@type":"PropertyValueSpecification","valueRequired":true,"valueName":"search_term_string"}}],"inLanguage":"fr-FR"},{"@type":"Organization","@id":"https:\/\/clc-meulan.fr\/#organization","name":"CLC Meulan","url":"https:\/\/clc-meulan.fr\/","logo":{"@type":"ImageObject","inLanguage":"fr-FR","@id":"https:\/\/clc-meulan.fr\/#\/schema\/logo\/image\/","url":"https:\/\/clc-meulan.fr\/wp-content\/uploads\/2024\/08\/CLC-logo-scaled.jpg","contentUrl":"https:\/\/clc-meulan.fr\/wp-content\/uploads\/2024\/08\/CLC-logo-scaled.jpg","width":2560,"height":1761,"caption":"CLC Meulan"},"image":{"@id":"https:\/\/clc-meulan.fr\/#\/schema\/logo\/image\/"},"sameAs":["https:\/\/www.facebook.com\/clcmeulan\/"]}]}},"_links":{"self":[{"href":"https:\/\/clc-meulan.fr\/index.php\/wp-json\/wp\/v2\/pages\/13","targetHints":{"allow":["GET"]}}],"collection":[{"href":"https:\/\/clc-meulan.fr\/index.php\/wp-json\/wp\/v2\/pages"}],"about":[{"href":"https:\/\/clc-meulan.fr\/index.php\/wp-json\/wp\/v2\/types\/page"}],"author":[{"embeddable":true,"href":"https:\/\/clc-meulan.fr\/index.php\/wp-json\/wp\/v2\/users\/1"}],"replies":[{"embeddable":true,"href":"https:\/\/clc-meulan.fr\/index.php\/wp-json\/wp\/v2\/comments?post=13"}],"version-history":[{"count":2,"href":"https:\/\/clc-meulan.fr\/index.php\/wp-json\/wp\/v2\/pages\/13\/revisions"}],"predecessor-version":[{"id":228,"href":"https:\/\/clc-meulan.fr\/index.php\/wp-json\/wp\/v2\/pages\/13\/revisions\/228"}],"wp:attachment":[{"href":"https:\/\/clc-meulan.fr\/index.php\/wp-json\/wp\/v2\/media?parent=13"}],"curies":[{"name":"wp","href":"https:\/\/api.w.org\/{rel}","templated":true}]}}