{"id":245,"date":"2024-09-01T11:56:53","date_gmt":"2024-09-01T09:56:53","guid":{"rendered":"https:\/\/clc-meulan.fr\/?page_id=245"},"modified":"2024-09-01T12:47:05","modified_gmt":"2024-09-01T10:47:05","slug":"mentions-legales","status":"publish","type":"page","link":"https:\/\/clc-meulan.fr\/index.php\/mentions-legales\/","title":{"rendered":"Mentions l\u00e9gales"},"content":{"rendered":"\n<div class=\"wp-block-group is-layout-constrained wp-block-group-is-layout-constrained\">\n<h2 class=\"wp-block-heading\">Responsable de la publication<\/h2>\n\n\n\n<p>Le responsable de la publication de ce site est le <strong>Centre des Loisirs et de la Culture de Meulan-en-Yvelines (CLC)<\/strong>, une association d\u00e9di\u00e9e \u00e0 l&rsquo;offre d&rsquo;activit\u00e9s culturelles et \u00e9ducatives pour tous les \u00e2ges. Pour toute question relative au site ou \u00e0 son contenu, veuillez nous contacter \u00e0 l&rsquo;adresse email suivante : <a>clc.meulan@gmail.com<\/a>.<\/p>\n\n\n\n<h2 class=\"wp-block-heading\">Conception du site<\/h2>\n\n\n\n<p><strong>Iglou.eu<\/strong><br>Entreprise individuelle<br>RCS VERSAILLES 800 062 937<br>Si\u00e8ge social : 3 rue de Beauvais \u2013 78250 Meulan<br>T\u00e9l\u00e9phone : +33 7 69 81 20 78<br>E-mail : contact@iglou.eu<\/p>\n\n\n\n<h2 class=\"wp-block-heading\">H\u00e9bergement<\/h2>\n\n\n\n<p><strong>ALWAYSDATA<\/strong><br>SARL au capital de 200.000 \u20ac<br>Immatricul\u00e9e au RCS de Paris sous le num\u00e9ro 492 893 490<br>Si\u00e8ge social : 91 rue du Faubourg Saint Honor\u00e9 &#8211; 75008 Paris<\/p>\n\n\n\n<h2 class=\"wp-block-heading\">Collecte de donn\u00e9es et cookies<\/h2>\n\n\n\n<p>Aucune donn\u00e9e personnelle n&rsquo;est collect\u00e9e ou suivie sur ce site, \u00e0 l&rsquo;exception des cookies n\u00e9cessaires \u00e0 la page de connexion. Ces cookies sont utilis\u00e9s uniquement pour des raisons techniques et ne contiennent aucune donn\u00e9e personnelle.<\/p>\n\n\n\n<h2 class=\"wp-block-heading\">Droits du contenu<\/h2>\n\n\n\n<p>Les photos des personnes pr\u00e9sentes sur ce site leur appartiennent et ne peuvent \u00eatre utilis\u00e9es sans leur accord en dehors de ce site. Les images de d\u00e9coration sont sous licence <strong>CC0<\/strong>, ce qui signifie qu&rsquo;elles sont libres de droits et peuvent \u00eatre utilis\u00e9es sans restriction. La carte affich\u00e9e sur le site est une capture d&rsquo;\u00e9cran d&rsquo;<strong>OpenStreetMap<\/strong>, un projet collaboratif de cartographie libre et ouverte.<\/p>\n\n\n\n<p>Les textes pr\u00e9sents sur ce site sont la propri\u00e9t\u00e9 exclusive de l&rsquo;association <strong>Centre des Loisirs et de la Culture de Meulan-en-Yvelines (CLC)<\/strong>.<\/p>\n\n\n\n<h2 class=\"wp-block-heading\">Technologies utilis\u00e9es<\/h2>\n\n\n\n<p>Le site est propuls\u00e9 par le moteur <strong>WordPress<\/strong> et utilise le th\u00e8me <strong>Aria<\/strong> pour la conception graphique.<\/p>\n<\/div>\n\n\n\n<div class=\"wp-block-group is-layout-constrained wp-container-core-group-is-layout-a52c9701 wp-block-group-is-layout-constrained has-background lazyload\" style=\"min-height:100%;margin-top:var(--wp--preset--spacing--70);margin-bottom:0;background-image:inherit;background-position:65% 50%;background-size:cover;\" data-bg-image=\"url(&#039;https:\/\/clc-meulan.fr\/wp-content\/uploads\/2024\/08\/map_localisation_clc.webp&#039;)\">\n<div class=\"wp-block-columns is-not-stacked-on-mobile is-layout-flex wp-container-core-columns-is-layout-28f84493 wp-block-columns-is-layout-flex\">\n<div class=\"wp-block-column is-layout-flow wp-block-column-is-layout-flow\" style=\"flex-basis:5em\"><\/div>\n\n\n\n<div class=\"wp-block-column contact-block has-border-color has-ast-global-color-0-border-color has-ast-global-color-5-background-color has-background is-layout-flow wp-block-column-is-layout-flow\" style=\"border-width:1px;padding-top:var(--wp--preset--spacing--40);padding-right:var(--wp--preset--spacing--60);padding-bottom:var(--wp--preset--spacing--40);padding-left:var(--wp--preset--spacing--60);flex-basis:30em\" id=\"contact\">\n<div class=\"wp-block-group is-layout-constrained wp-block-group-is-layout-constrained\">\n<h2 class=\"wp-block-heading\" style=\"margin-right:0px;margin-left:0px\">Contact<\/h2>\n\n\n\n<hr class=\"hr-main-color\" style=\"margin: 0.5em 0 1em 0 !important;\">\n\n\n\n<div class=\"wp-block-group is-layout-constrained wp-block-group-is-layout-constrained\">\n<div class=\"wp-block-columns is-not-stacked-on-mobile is-layout-flex wp-container-core-columns-is-layout-4f688efb wp-block-columns-is-layout-flex\" style=\"margin-top:1px\">\n<div class=\"wp-block-column is-layout-flow wp-block-column-is-layout-flow\" style=\"flex-basis:25px\">\n<figure class=\"wp-block-image size-full is-resized has-custom-border is-style-default wp-duotone-unset-1\"><img loading=\"lazy\" decoding=\"async\" width=\"96\" height=\"96\" data-src=\"https:\/\/clc-meulan.fr\/wp-content\/uploads\/2024\/08\/location_on_24dp_2EC27E_FILL0_wght400_GRAD0_opsz24.png\" alt=\"\" class=\"wp-image-49 lazyload\" style=\"--smush-placeholder-width: 96px; --smush-placeholder-aspect-ratio: 96\/96;border-style:none;border-width:0px;border-radius:0px;box-shadow:none;width:25px\" src=\"data:image\/gif;base64,R0lGODlhAQABAAAAACH5BAEKAAEALAAAAAABAAEAAAICTAEAOw==\" \/><noscript><img loading=\"lazy\" decoding=\"async\" width=\"96\" height=\"96\" src=\"https:\/\/clc-meulan.fr\/wp-content\/uploads\/2024\/08\/location_on_24dp_2EC27E_FILL0_wght400_GRAD0_opsz24.png\" alt=\"\" class=\"wp-image-49\" style=\"border-style:none;border-width:0px;border-radius:0px;box-shadow:none;width:25px\"\/><\/noscript><\/figure>\n<\/div>\n\n\n\n<div class=\"wp-block-column is-layout-flow wp-container-core-column-is-layout-b2a27621 wp-block-column-is-layout-flow\" style=\"padding-top:0;padding-right:0;padding-bottom:0;padding-left:0;flex-basis:66.66%\">\n<h3 class=\"wp-block-heading has-medium-font-size\">Adresse<\/h3>\n<\/div>\n<\/div>\n\n\n\n<p style=\"margin-top:10px;margin-right:0px;margin-bottom:10px;margin-left:0px\"><a href=\"https:\/\/www.openstreetmap.org\/?mlat=49.010899&amp;mlon=1.915365#map=19\/49.010899\/1.915365\" target=\"_blank\" rel=\"noreferrer noopener\">Maison des Associations<\/a><br>All\u00e9e des Cottages<br>78250, Meulan-en-Yvelines<\/p>\n\n\n\n<p style=\"margin-top:10px;margin-right:0px;margin-bottom:10px;margin-left:0px\">\ud83d\udce7 Email : <a href=\"mailto:clc.meulan@gmail.com?subject=Contact%20via%20le%20site%20du%20CLC\">clc.meulan@gmail.com<\/a><br>\ud83d\udcde T\u00e9l\u00e9phone : <a href=\"tel:+33608877658\">+33 6 08 87 76 58<\/a><\/p>\n<\/div>\n\n\n\n<div class=\"wp-block-group is-layout-constrained wp-block-group-is-layout-constrained\">\n<div class=\"wp-block-columns is-not-stacked-on-mobile is-layout-flex wp-container-core-columns-is-layout-4f688efb wp-block-columns-is-layout-flex\" style=\"margin-top:1px\">\n<div class=\"wp-block-column is-layout-flow wp-block-column-is-layout-flow\" style=\"flex-basis:25px\">\n<figure class=\"wp-block-image size-full is-resized has-custom-border is-style-default wp-duotone-unset-2\"><img loading=\"lazy\" decoding=\"async\" width=\"96\" height=\"96\" data-src=\"https:\/\/clc-meulan.fr\/wp-content\/uploads\/2024\/08\/bus_alert_24dp_1C71D8_FILL0_wght400_GRAD0_opsz24.png\" alt=\"\" class=\"wp-image-213 lazyload\" style=\"--smush-placeholder-width: 96px; --smush-placeholder-aspect-ratio: 96\/96;border-style:none;border-width:0px;border-radius:0px;box-shadow:none;width:25px\" src=\"data:image\/gif;base64,R0lGODlhAQABAAAAACH5BAEKAAEALAAAAAABAAEAAAICTAEAOw==\" \/><noscript><img loading=\"lazy\" decoding=\"async\" width=\"96\" height=\"96\" src=\"https:\/\/clc-meulan.fr\/wp-content\/uploads\/2024\/08\/bus_alert_24dp_1C71D8_FILL0_wght400_GRAD0_opsz24.png\" alt=\"\" class=\"wp-image-213\" style=\"border-style:none;border-width:0px;border-radius:0px;box-shadow:none;width:25px\"\/><\/noscript><\/figure>\n<\/div>\n\n\n\n<div class=\"wp-block-column is-layout-flow wp-container-core-column-is-layout-b2a27621 wp-block-column-is-layout-flow\" style=\"padding-top:0;padding-right:0;padding-bottom:0;padding-left:0;flex-basis:66.66%\">\n<h3 class=\"wp-block-heading has-medium-font-size\">Acc\u00e8s au local<\/h3>\n<\/div>\n<\/div>\n\n\n\n<p style=\"margin-top:10px;margin-right:0px;margin-bottom:10px;margin-left:0px\">Les lignes de Bus. <mark style=\"background-color:rgba(0, 0, 0, 0)\" class=\"has-inline-color has-ast-global-color-0-color\">25<\/mark>, <mark style=\"background-color:rgba(0, 0, 0, 0)\" class=\"has-inline-color has-ast-global-color-0-color\">33<\/mark> et <mark style=\"background-color:rgba(0, 0, 0, 0)\" class=\"has-inline-color has-ast-global-color-0-color\">62<\/mark><br>Desservent l&rsquo;arr\u00eat <mark style=\"background-color:rgba(0, 0, 0, 0)\" class=\"has-inline-color has-ast-global-color-0-color\">Maison des Associations<\/mark><\/p>\n<\/div>\n\n\n\n<p>\u00c0 deux pas, sont aussi disponibles les lignes <mark style=\"background-color:rgba(0, 0, 0, 0)\" class=\"has-inline-color has-ast-global-color-0-color\">21<\/mark> et <mark style=\"background-color:rgba(0, 0, 0, 0)\" class=\"has-inline-color has-ast-global-color-0-color\">87<\/mark><br>Desservent l&rsquo;arr\u00eat <mark style=\"background-color:rgba(0, 0, 0, 0)\" class=\"has-inline-color has-ast-global-color-0-color\">Centre Commercial<\/mark><\/p>\n\n\n\n<p>Un parking attenant au local est disponible gratuitement et sans limitations de temps de stationnement.<\/p>\n<\/div>\n<\/div>\n\n\n\n<div class=\"wp-block-column is-layout-flow wp-block-column-is-layout-flow\"><\/div>\n<\/div>\n<\/div>\n","protected":false},"excerpt":{"rendered":"<p>Responsable de la publication Le responsable de la publication de ce site est le Centre des Loisirs et de la [&hellip;]<\/p>\n","protected":false},"author":1,"featured_media":0,"parent":0,"menu_order":0,"comment_status":"closed","ping_status":"closed","template":"","meta":{"site-sidebar-layout":"default","site-content-layout":"","ast-site-content-layout":"","site-content-style":"default","site-sidebar-style":"default","ast-global-header-display":"","ast-banner-title-visibility":"","ast-main-header-display":"","ast-hfb-above-header-display":"","ast-hfb-below-header-display":"","ast-hfb-mobile-header-display":"","site-post-title":"","ast-breadcrumbs-content":"","ast-featured-img":"","footer-sml-layout":"","theme-transparent-header-meta":"","adv-header-id-meta":"","stick-header-meta":"","header-above-stick-meta":"","header-main-stick-meta":"","header-below-stick-meta":"","astra-migrate-meta-layouts":"default","ast-page-background-enabled":"default","ast-page-background-meta":{"desktop":{"background-color":"var(--ast-global-color-4)","background-image":"","background-repeat":"repeat","background-position":"center center","background-size":"auto","background-attachment":"scroll","background-type":"","background-media":"","overlay-type":"","overlay-color":"","overlay-opacity":"","overlay-gradient":""},"tablet":{"background-color":"","background-image":"","background-repeat":"repeat","background-position":"center center","background-size":"auto","background-attachment":"scroll","background-type":"","background-media":"","overlay-type":"","overlay-color":"","overlay-opacity":"","overlay-gradient":""},"mobile":{"background-color":"","background-image":"","background-repeat":"repeat","background-position":"center center","background-size":"auto","background-attachment":"scroll","background-type":"","background-media":"","overlay-type":"","overlay-color":"","overlay-opacity":"","overlay-gradient":""}},"ast-content-background-meta":{"desktop":{"background-color":"var(--ast-global-color-5)","background-image":"","background-repeat":"repeat","background-position":"center center","background-size":"auto","background-attachment":"scroll","background-type":"","background-media":"","overlay-type":"","overlay-color":"","overlay-opacity":"","overlay-gradient":""},"tablet":{"background-color":"var(--ast-global-color-5)","background-image":"","background-repeat":"repeat","background-position":"center center","background-size":"auto","background-attachment":"scroll","background-type":"","background-media":"","overlay-type":"","overlay-color":"","overlay-opacity":"","overlay-gradient":""},"mobile":{"background-color":"var(--ast-global-color-5)","background-image":"","background-repeat":"repeat","background-position":"center center","background-size":"auto","background-attachment":"scroll","background-type":"","background-media":"","overlay-type":"","overlay-color":"","overlay-opacity":"","overlay-gradient":""}},"footnotes":""},"class_list":["post-245","page","type-page","status-publish","hentry"],"yoast_head":"<!-- This site is optimized with the Yoast SEO plugin v24.0 - https:\/\/yoast.com\/wordpress\/plugins\/seo\/ -->\n<title>Mentions l\u00e9gales - CLC Meulan<\/title>\n<meta name=\"robots\" content=\"index, follow, max-snippet:-1, max-image-preview:large, max-video-preview:-1\" \/>\n<link rel=\"canonical\" href=\"https:\/\/clc-meulan.fr\/index.php\/mentions-legales\/\" \/>\n<meta property=\"og:locale\" content=\"fr_FR\" \/>\n<meta property=\"og:type\" content=\"article\" \/>\n<meta property=\"og:title\" content=\"Mentions l\u00e9gales - CLC Meulan\" \/>\n<meta property=\"og:description\" content=\"Responsable de la publication Le responsable de la publication de ce site est le Centre des Loisirs et de la [&hellip;]\" \/>\n<meta property=\"og:url\" content=\"https:\/\/clc-meulan.fr\/index.php\/mentions-legales\/\" \/>\n<meta property=\"og:site_name\" content=\"CLC Meulan\" \/>\n<meta property=\"article:publisher\" content=\"https:\/\/www.facebook.com\/clcmeulan\/\" \/>\n<meta property=\"article:modified_time\" content=\"2024-09-01T10:47:05+00:00\" \/>\n<meta name=\"twitter:card\" content=\"summary_large_image\" \/>\n<meta name=\"twitter:label1\" content=\"Dur\u00e9e de lecture estim\u00e9e\" \/>\n\t<meta name=\"twitter:data1\" content=\"3 minutes\" \/>\n<script type=\"application\/ld+json\" class=\"yoast-schema-graph\">{\"@context\":\"https:\/\/schema.org\",\"@graph\":[{\"@type\":\"WebPage\",\"@id\":\"https:\/\/clc-meulan.fr\/index.php\/mentions-legales\/\",\"url\":\"https:\/\/clc-meulan.fr\/index.php\/mentions-legales\/\",\"name\":\"Mentions l\u00e9gales - CLC Meulan\",\"isPartOf\":{\"@id\":\"https:\/\/clc-meulan.fr\/#website\"},\"datePublished\":\"2024-09-01T09:56:53+00:00\",\"dateModified\":\"2024-09-01T10:47:05+00:00\",\"breadcrumb\":{\"@id\":\"https:\/\/clc-meulan.fr\/index.php\/mentions-legales\/#breadcrumb\"},\"inLanguage\":\"fr-FR\",\"potentialAction\":[{\"@type\":\"ReadAction\",\"target\":[\"https:\/\/clc-meulan.fr\/index.php\/mentions-legales\/\"]}]},{\"@type\":\"BreadcrumbList\",\"@id\":\"https:\/\/clc-meulan.fr\/index.php\/mentions-legales\/#breadcrumb\",\"itemListElement\":[{\"@type\":\"ListItem\",\"position\":1,\"name\":\"Accueil\",\"item\":\"https:\/\/clc-meulan.fr\/\"},{\"@type\":\"ListItem\",\"position\":2,\"name\":\"Mentions l\u00e9gales\"}]},{\"@type\":\"WebSite\",\"@id\":\"https:\/\/clc-meulan.fr\/#website\",\"url\":\"https:\/\/clc-meulan.fr\/\",\"name\":\"CLC Meulan\",\"description\":\"Apprendre, Cr\u00e9er et S&#039;\u00e9panouir \u00e0 Meulan-en-Yvelines\",\"publisher\":{\"@id\":\"https:\/\/clc-meulan.fr\/#organization\"},\"potentialAction\":[{\"@type\":\"SearchAction\",\"target\":{\"@type\":\"EntryPoint\",\"urlTemplate\":\"https:\/\/clc-meulan.fr\/?s={search_term_string}\"},\"query-input\":{\"@type\":\"PropertyValueSpecification\",\"valueRequired\":true,\"valueName\":\"search_term_string\"}}],\"inLanguage\":\"fr-FR\"},{\"@type\":\"Organization\",\"@id\":\"https:\/\/clc-meulan.fr\/#organization\",\"name\":\"CLC Meulan\",\"url\":\"https:\/\/clc-meulan.fr\/\",\"logo\":{\"@type\":\"ImageObject\",\"inLanguage\":\"fr-FR\",\"@id\":\"https:\/\/clc-meulan.fr\/#\/schema\/logo\/image\/\",\"url\":\"https:\/\/clc-meulan.fr\/wp-content\/uploads\/2024\/08\/CLC-logo-scaled.jpg\",\"contentUrl\":\"https:\/\/clc-meulan.fr\/wp-content\/uploads\/2024\/08\/CLC-logo-scaled.jpg\",\"width\":2560,\"height\":1761,\"caption\":\"CLC Meulan\"},\"image\":{\"@id\":\"https:\/\/clc-meulan.fr\/#\/schema\/logo\/image\/\"},\"sameAs\":[\"https:\/\/www.facebook.com\/clcmeulan\/\"]}]}<\/script>\n<!-- \/ Yoast SEO plugin. -->","yoast_head_json":{"title":"Mentions l\u00e9gales - CLC Meulan","robots":{"index":"index","follow":"follow","max-snippet":"max-snippet:-1","max-image-preview":"max-image-preview:large","max-video-preview":"max-video-preview:-1"},"canonical":"https:\/\/clc-meulan.fr\/index.php\/mentions-legales\/","og_locale":"fr_FR","og_type":"article","og_title":"Mentions l\u00e9gales - CLC Meulan","og_description":"Responsable de la publication Le responsable de la publication de ce site est le Centre des Loisirs et de la [&hellip;]","og_url":"https:\/\/clc-meulan.fr\/index.php\/mentions-legales\/","og_site_name":"CLC Meulan","article_publisher":"https:\/\/www.facebook.com\/clcmeulan\/","article_modified_time":"2024-09-01T10:47:05+00:00","twitter_card":"summary_large_image","twitter_misc":{"Dur\u00e9e de lecture estim\u00e9e":"3 minutes"},"schema":{"@context":"https:\/\/schema.org","@graph":[{"@type":"WebPage","@id":"https:\/\/clc-meulan.fr\/index.php\/mentions-legales\/","url":"https:\/\/clc-meulan.fr\/index.php\/mentions-legales\/","name":"Mentions l\u00e9gales - CLC Meulan","isPartOf":{"@id":"https:\/\/clc-meulan.fr\/#website"},"datePublished":"2024-09-01T09:56:53+00:00","dateModified":"2024-09-01T10:47:05+00:00","breadcrumb":{"@id":"https:\/\/clc-meulan.fr\/index.php\/mentions-legales\/#breadcrumb"},"inLanguage":"fr-FR","potentialAction":[{"@type":"ReadAction","target":["https:\/\/clc-meulan.fr\/index.php\/mentions-legales\/"]}]},{"@type":"BreadcrumbList","@id":"https:\/\/clc-meulan.fr\/index.php\/mentions-legales\/#breadcrumb","itemListElement":[{"@type":"ListItem","position":1,"name":"Accueil","item":"https:\/\/clc-meulan.fr\/"},{"@type":"ListItem","position":2,"name":"Mentions l\u00e9gales"}]},{"@type":"WebSite","@id":"https:\/\/clc-meulan.fr\/#website","url":"https:\/\/clc-meulan.fr\/","name":"CLC Meulan","description":"Apprendre, Cr\u00e9er et S&#039;\u00e9panouir \u00e0 Meulan-en-Yvelines","publisher":{"@id":"https:\/\/clc-meulan.fr\/#organization"},"potentialAction":[{"@type":"SearchAction","target":{"@type":"EntryPoint","urlTemplate":"https:\/\/clc-meulan.fr\/?s={search_term_string}"},"query-input":{"@type":"PropertyValueSpecification","valueRequired":true,"valueName":"search_term_string"}}],"inLanguage":"fr-FR"},{"@type":"Organization","@id":"https:\/\/clc-meulan.fr\/#organization","name":"CLC Meulan","url":"https:\/\/clc-meulan.fr\/","logo":{"@type":"ImageObject","inLanguage":"fr-FR","@id":"https:\/\/clc-meulan.fr\/#\/schema\/logo\/image\/","url":"https:\/\/clc-meulan.fr\/wp-content\/uploads\/2024\/08\/CLC-logo-scaled.jpg","contentUrl":"https:\/\/clc-meulan.fr\/wp-content\/uploads\/2024\/08\/CLC-logo-scaled.jpg","width":2560,"height":1761,"caption":"CLC Meulan"},"image":{"@id":"https:\/\/clc-meulan.fr\/#\/schema\/logo\/image\/"},"sameAs":["https:\/\/www.facebook.com\/clcmeulan\/"]}]}},"_links":{"self":[{"href":"https:\/\/clc-meulan.fr\/index.php\/wp-json\/wp\/v2\/pages\/245","targetHints":{"allow":["GET"]}}],"collection":[{"href":"https:\/\/clc-meulan.fr\/index.php\/wp-json\/wp\/v2\/pages"}],"about":[{"href":"https:\/\/clc-meulan.fr\/index.php\/wp-json\/wp\/v2\/types\/page"}],"author":[{"embeddable":true,"href":"https:\/\/clc-meulan.fr\/index.php\/wp-json\/wp\/v2\/users\/1"}],"replies":[{"embeddable":true,"href":"https:\/\/clc-meulan.fr\/index.php\/wp-json\/wp\/v2\/comments?post=245"}],"version-history":[{"count":2,"href":"https:\/\/clc-meulan.fr\/index.php\/wp-json\/wp\/v2\/pages\/245\/revisions"}],"predecessor-version":[{"id":258,"href":"https:\/\/clc-meulan.fr\/index.php\/wp-json\/wp\/v2\/pages\/245\/revisions\/258"}],"wp:attachment":[{"href":"https:\/\/clc-meulan.fr\/index.php\/wp-json\/wp\/v2\/media?parent=245"}],"curies":[{"name":"wp","href":"https:\/\/api.w.org\/{rel}","templated":true}]}}