{"id":26,"date":"2024-08-27T17:56:37","date_gmt":"2024-08-27T15:56:37","guid":{"rendered":"https:\/\/clc-meulan.fr\/?page_id=26"},"modified":"2025-08-28T13:36:21","modified_gmt":"2025-08-28T11:36:21","slug":"cours-musique","status":"publish","type":"page","link":"https:\/\/clc-meulan.fr\/index.php\/cours-musique\/","title":{"rendered":"Cours &#8211; Musique"},"content":{"rendered":"\n<div class=\"wp-block-group is-layout-constrained wp-container-core-group-is-layout-8faec15a wp-block-group-is-layout-constrained has-background lazyload\" style=\"border-radius:20px;margin-top:var(--wp--preset--spacing--40);margin-bottom:var(--wp--preset--spacing--60);padding-bottom:var(--wp--preset--spacing--40);background-image:inherit;background-position:83% 59%;background-size:cover;\" data-bg-image=\"url(&#039;https:\/\/clc-meulan.fr\/wp-content\/uploads\/2024\/08\/cours-music_color.webp&#039;)\">\n<h2 class=\"wp-block-heading has-ast-global-color-5-color has-text-color has-link-color wp-elements-25575a59cd5ccf79cad583d229ebc398\" style=\"margin-top:10rem;font-size:5rem\">Cours de Musique<\/h2>\n<\/div>\n\n\n\n<div class=\"wp-block-group is-layout-constrained wp-block-group-is-layout-constrained\">\n<h2 class=\"wp-block-heading\">Pr\u00e9sentation<\/h2>\n\n\n\n<hr class=\"hr-main-color\">\n\n\n\n<div class=\"wp-block-group presentation-5050 is-nowrap is-layout-flex wp-container-core-group-is-layout-6c531013 wp-block-group-is-layout-flex\">\n<p class=\"has-medium-font-size\">Nos cours de musique sont con\u00e7us pour tous, que vous soyez d\u00e9butant ou musicien confirm\u00e9. Nos professeurs passionn\u00e9s enseignent un large \u00e9ventail d&rsquo;instruments, offrant un apprentissage personnalis\u00e9 qui s&rsquo;adapte \u00e0 votre rythme et \u00e0 vos objectifs. Que vous cherchiez \u00e0 explorer un nouvel instrument ou \u00e0 perfectionner vos comp\u00e9tences, nous vous proposons des cours qui allient technique, plaisir et d\u00e9couverte musicale.<\/p>\n\n\n\n<p class=\"has-medium-font-size\">Nous croyons fermement que la musique doit \u00eatre une source de plaisir et d&rsquo;\u00e9panouissement personnel. Chaque professeur adapte son enseignement pour cultiver l&rsquo;amour de la musique chez ses \u00e9l\u00e8ves. Si l&rsquo;instrument que vous souhaitez apprendre ne figure pas dans notre liste, n&rsquo;h\u00e9sitez pas \u00e0 nous contacter, nous ferons notre possible pour vous accompagner dans votre d\u00e9marche.<\/p>\n<\/div>\n<\/div>\n\n\n\n<div class=\"wp-block-group is-layout-constrained wp-block-group-is-layout-constrained\">\n<h2 class=\"wp-block-heading\">Nos Univers Musicaux<\/h2>\n\n\n\n<hr class=\"hr-main-color\">\n\n\n\n<div class=\"wp-block-group is-layout-grid wp-container-core-group-is-layout-510ef126 wp-block-group-is-layout-grid\">\n<div class=\"wp-block-group has-ast-global-color-5-color has-ast-global-color-1-background-color has-text-color has-background has-link-color wp-elements-effebac45169e7d3cc9d1d4eb7c0add6 is-layout-constrained wp-container-core-group-is-layout-39412042 wp-block-group-is-layout-constrained\" style=\"border-radius:20px;padding-top:var(--wp--preset--spacing--40);padding-right:var(--wp--preset--spacing--50);padding-bottom:var(--wp--preset--spacing--40);padding-left:var(--wp--preset--spacing--50)\">\n<h2 class=\"wp-block-heading has-ast-global-color-5-color has-text-color has-link-color wp-elements-59d8e2966c081bd58327facf2bf0808a\" style=\"font-size:2rem\">Activit\u00e9s Acoustiques<\/h2>\n\n\n\n<ul class=\"wp-block-list\">\n<li style=\"font-style:normal;font-weight:700\">Alto<\/li>\n\n\n\n<li style=\"font-style:normal;font-weight:700\">Piano<\/li>\n\n\n\n<li style=\"font-style:normal;font-weight:700\">Chant<\/li>\n\n\n\n<li style=\"font-style:normal;font-weight:700\">Violon<\/li>\n\n\n\n<li style=\"font-style:normal;font-weight:700\">Batterie<\/li>\n\n\n\n<li style=\"font-style:normal;font-weight:700\">Violoncelle<\/li>\n\n\n\n<li style=\"font-style:normal;font-weight:700\">Gui\u00adtare acous\u00adtique<\/li>\n\n\n\n<li style=\"font-style:normal;font-weight:700\">\u00c9veil musical (pour les tout-petits)<\/li>\n\n\n\n<li style=\"font-style:normal;font-weight:700\">Fl\u00fbte \u00e0 bec (traversi\u00e8re, baroque, de pan)<\/li>\n<\/ul>\n<\/div>\n\n\n\n<div class=\"wp-block-group has-ast-global-color-5-color has-ast-global-color-1-background-color has-text-color has-background has-link-color wp-elements-c0cccbe185ade2aee89ede40b4736a4b is-layout-constrained wp-container-core-group-is-layout-39412042 wp-block-group-is-layout-constrained\" style=\"border-radius:20px;padding-top:var(--wp--preset--spacing--40);padding-right:var(--wp--preset--spacing--50);padding-bottom:var(--wp--preset--spacing--40);padding-left:var(--wp--preset--spacing--50)\">\n<h2 class=\"wp-block-heading has-ast-global-color-5-color has-text-color has-link-color wp-elements-72dc5795e5894db1bb5d37c6c8feb032\" style=\"font-size:2rem\">Activit\u00e9s \u00c9lectroniques<\/h2>\n\n\n\n<ul class=\"wp-block-list\">\n<li style=\"font-style:normal;font-weight:700\">Basse<\/li>\n\n\n\n<li style=\"font-style:normal;font-weight:700\">Synth\u00e9tiseur<\/li>\n\n\n\n<li style=\"font-style:normal;font-weight:700\">Guitare \u00e9lectrique<\/li>\n\n\n\n<li style=\"font-style:normal;font-weight:700\">Musiques \u00e9lectroniques (MAO)<\/li>\n\n\n\n<li style=\"font-style:normal;font-weight:700\">Technologies et manipulation du son<\/li>\n<\/ul>\n<\/div>\n\n\n\n<div class=\"wp-block-group has-ast-global-color-5-color has-ast-global-color-1-background-color has-text-color has-background has-link-color wp-elements-5d31849760492bcf7522d049dbec9eb1 is-layout-constrained wp-container-core-group-is-layout-39412042 wp-block-group-is-layout-constrained\" style=\"border-radius:20px;padding-top:var(--wp--preset--spacing--40);padding-right:var(--wp--preset--spacing--50);padding-bottom:var(--wp--preset--spacing--40);padding-left:var(--wp--preset--spacing--50)\">\n<h2 class=\"wp-block-heading has-ast-global-color-5-color has-text-color has-link-color wp-elements-54a815a5a7b6fed434def9e893b8b465\" style=\"font-size:2rem\">Activit\u00e9s Mixtes<\/h2>\n\n\n\n<ul class=\"wp-block-list\">\n<li style=\"font-style:normal;font-weight:700\">Orchestre<\/li>\n\n\n\n<li style=\"font-style:normal;font-weight:700\">Ateliers pop-rock<\/li>\n\n\n\n<li style=\"font-style:normal;font-weight:700\">Musique de chambre<\/li>\n\n\n\n<li style=\"font-style:normal;font-weight:700\">Chorale (enfants et adultes)<\/li>\n\n\n\n<li style=\"font-style:normal;font-weight:700\">Formation musicale (Th\u00e9orie et Solf\u00e8ge)<\/li>\n<\/ul>\n<\/div>\n<\/div>\n<\/div>\n\n\n\n<div class=\"wp-block-group is-layout-constrained wp-block-group-is-layout-constrained\">\n<h2 class=\"wp-block-heading\">Les Tarifs<\/h2>\n\n\n\n<hr class=\"hr-main-color\">\n\n\n\n<p class=\"has-medium-font-size\">Le Centre des Loisirs et de la Culture de Meulan-en-Yvelines, agr\u00e9\u00e9 Jeunesse et Sports, affili\u00e9 \u00e0 la FFEA, conventionn\u00e9 ANCV Ch\u00e8que Vacances et partenaire du dispositif Pass+ Yvelines\/Haut-de-Seine, vous propose des tarifs adapt\u00e9s pour tous, avec des avantages pour les familles et les jeunes.<\/p>\n\n\n\n<div class=\"wp-block-group is-layout-constrained wp-block-group-is-layout-constrained\">\n<h3 class=\"wp-block-heading\" style=\"font-size:2rem\">Adh\u00e9sion annuelle<\/h3>\n\n\n\n<p>Une adh\u00e9sion \u00e0 l&rsquo;association est requise en plus des tarifs des cours. Cela nous aide \u00e0 enrichir nos programmes et \u00e0 vous offrir la meilleure exp\u00e9rience possible. Nous avons h\u00e2te de vous accueillir ! \ud83c\udfb6<\/p>\n\n\n\n<figure class=\"wp-block-table is-style-regular\"><table class=\"has-fixed-layout\"><tbody><tr><td><\/td><td class=\"has-text-align-center\" data-align=\"center\"><strong>1\u02b3\u1d49 Personne*<\/strong><\/td><td class=\"has-text-align-center\" data-align=\"center\"><strong>2\u1d48\u1d49 Personne*<\/strong><\/td><td class=\"has-text-align-center\" data-align=\"center\"><strong>3\u1d49 Personne*<\/strong><\/td><\/tr><tr><td><strong>Meulanais<\/strong><\/td><td class=\"has-text-align-center\" data-align=\"center\">20\u20ac<\/td><td class=\"has-text-align-center\" data-align=\"center\">15\u20ac<\/td><td class=\"has-text-align-center\" data-align=\"center\">12\u20ac<\/td><\/tr><tr><td><strong>Non Meulanais<\/strong><\/td><td class=\"has-text-align-center\" data-align=\"center\">25\u20ac<\/td><td class=\"has-text-align-center\" data-align=\"center\">20\u20ac<\/td><td class=\"has-text-align-center\" data-align=\"center\">17\u20ac<\/td><\/tr><\/tbody><\/table><figcaption class=\"wp-element-caption\">*D\u2019une m\u00eame famille<\/figcaption><\/figure>\n<\/div>\n\n\n\n<div class=\"wp-block-group is-layout-constrained wp-block-group-is-layout-constrained\">\n<h3 class=\"wp-block-heading\" style=\"font-size:2rem\">Meulan<\/h3>\n\n\n\n<figure class=\"wp-block-table\"><table class=\"has-fixed-layout\"><tbody><tr><td><\/td><td class=\"has-text-align-center\" data-align=\"center\"><strong>30 Minutes<\/strong><\/td><td class=\"has-text-align-center\" data-align=\"center\"><strong>45 Minutes<\/strong><\/td><td class=\"has-text-align-center\" data-align=\"center\"><strong>60 Minutes<\/strong><\/td><\/tr><tr><td><strong><strong>1\u02b3\u1d49 Personne*<\/strong><\/strong><\/td><td class=\"has-text-align-center\" data-align=\"center\">54\u20ac\/Mois<\/td><td class=\"has-text-align-center\" data-align=\"center\">78,5\u20ac\/Mois<\/td><td class=\"has-text-align-center\" data-align=\"center\">99,9\u20ac\/Mois<\/td><\/tr><tr><td><strong><strong>2\u1d48\u1d49 Personne*<\/strong><\/strong><\/td><td class=\"has-text-align-center\" data-align=\"center\">51,3\u20ac\/Mois<\/td><td class=\"has-text-align-center\" data-align=\"center\">74,5\u20ac\/Mois<\/td><td class=\"has-text-align-center\" data-align=\"center\">94,9\u20ac\/Mois<\/td><\/tr><tr><td><strong>3\u1d49 Personne*<\/strong><\/td><td class=\"has-text-align-center\" data-align=\"center\">48,5\u20ac\/Mois<\/td><td class=\"has-text-align-center\" data-align=\"center\">70,5\u20ac\/Mois<\/td><td class=\"has-text-align-center\" data-align=\"center\">89,9\u20ac\/Mois<\/td><\/tr><\/tbody><\/table><figcaption class=\"wp-element-caption\">* D\u2019une m\u00eame famille<br>(1) Le tarif par mois s\u2019entend sur l\u2019\u00e9tendue de l\u2019ann\u00e9e scolaire, de Septembre \u00e0 Juin, soit 10 Mois<\/figcaption><\/figure>\n<\/div>\n\n\n\n<div class=\"wp-block-group is-layout-constrained wp-block-group-is-layout-constrained\">\n<h3 class=\"wp-block-heading\" style=\"font-size:2rem\">Hors Meulan<\/h3>\n\n\n\n<figure class=\"wp-block-table\"><table class=\"has-fixed-layout\"><tbody><tr><td><\/td><td class=\"has-text-align-center\" data-align=\"center\"><strong>30 Minutes<\/strong><\/td><td class=\"has-text-align-center\" data-align=\"center\"><strong>45 Minutes<\/strong><\/td><td class=\"has-text-align-center\" data-align=\"center\"><strong>60 Minutes<\/strong><\/td><\/tr><tr><td><strong><strong>1\u02b3\u1d49 Personne*<\/strong><\/strong><\/td><td class=\"has-text-align-center\" data-align=\"center\">64\u20ac\/Mois<\/td><td class=\"has-text-align-center\" data-align=\"center\">92,8\u20ac\/Mois<\/td><td class=\"has-text-align-center\" data-align=\"center\">122,5\u20ac\/Mois<\/td><\/tr><tr><td><strong><strong>2\u1d48\u1d49 Personne*<\/strong><\/strong><\/td><td class=\"has-text-align-center\" data-align=\"center\">60,8\u20ac\/Mois<\/td><td class=\"has-text-align-center\" data-align=\"center\">88\u20ac\/Mois<\/td><td class=\"has-text-align-center\" data-align=\"center\">116,5\u20ac\/Mois<\/td><\/tr><tr><td><strong>3\u1d49 Personne*<\/strong><\/td><td class=\"has-text-align-center\" data-align=\"center\">57,6\u20ac\/Mois<\/td><td class=\"has-text-align-center\" data-align=\"center\">83,5\u20ac\/Mois<\/td><td class=\"has-text-align-center\" data-align=\"center\">110,2\u20ac\/Mois<\/td><\/tr><\/tbody><\/table><figcaption class=\"wp-element-caption\">* D\u2019une m\u00eame famille<br>(1) Le tarif par mois s\u2019entend sur l\u2019\u00e9tendue de l\u2019ann\u00e9e scolaire, de Septembre \u00e0 Juin, soit 10 Mois<\/figcaption><\/figure>\n<\/div>\n<\/div>\n\n\n\n<div class=\"wp-block-group is-layout-constrained wp-block-group-is-layout-constrained\">\n<h2 class=\"wp-block-heading\">Tarifs sp\u00e9cifiques<\/h2>\n\n\n\n<hr class=\"hr-main-color\">\n\n\n\n<div class=\"wp-block-group is-layout-constrained wp-block-group-is-layout-constrained\">\n<figure class=\"wp-block-table\"><table class=\"has-fixed-layout\"><tbody><tr><td><strong>Orchestre<\/strong><\/td><td class=\"has-text-align-center\" data-align=\"center\">140\u20ac<br>200\u20ac<\/td><td class=\"has-text-align-center\" data-align=\"center\">30 s\u00e9ances de 1h30<br>30 s\u00e9ances de 1h30 (sans cours individuels)<\/td><\/tr><tr><td><strong>Formation Musicale<\/strong><\/td><td class=\"has-text-align-center\" data-align=\"center\">90\u20ac<br>160\u20ac<\/td><td class=\"has-text-align-center\" data-align=\"center\">25 cours de 1h<br>25 cours de 1h (sans cours individuels)<\/td><\/tr><tr><td><strong>\u00c9veil Musical<\/strong><\/td><td class=\"has-text-align-center\" data-align=\"center\">200\u20ac<\/td><td class=\"has-text-align-center\" data-align=\"center\">X cours de 45 minutes<br>Pour les enfants de X \u00e0 X ans<\/td><\/tr><tr><td><strong>Cours de guitare (Groupe de 3<\/strong>)<\/td><td class=\"has-text-align-center\" data-align=\"center\">340\u20ac<br>390\u20ac<\/td><td class=\"has-text-align-center\" data-align=\"center\">X cours de 1h (Meulan)<br>X cours de 1h (Hors Meulan)<\/td><\/tr><tr><td><strong>Musique de chambre<\/strong><\/td><td class=\"has-text-align-center\" data-align=\"center\">175\u20ac<br>240\u20ac<\/td><td class=\"has-text-align-center\" data-align=\"center\">2 fois 10 s\u00e9ances d\u20191h<br>2 fois 10 s\u00e9ances d\u20191h (sans cours individuels)<\/td><\/tr><tr><td><strong>Initiation aux technologies du son et musique \u00e9lectronique<\/strong> <strong>(Groupe de 4)<\/strong><\/td><td class=\"has-text-align-center\" data-align=\"center\">290\u20ac<\/td><td class=\"has-text-align-center\" data-align=\"center\">X cours de XhX<\/td><\/tr><tr><td><strong>Chorale Enfants<\/strong><\/td><td class=\"has-text-align-center\" data-align=\"center\">90\u20ac<\/td><td class=\"has-text-align-center\" data-align=\"center\">25 cours de 1h<br>Pour les enfants de X \u00e0 X ans<\/td><\/tr><\/tbody><\/table><\/figure>\n<\/div>\n<\/div>\n\n\n\n<div class=\"wp-block-group is-layout-constrained wp-block-group-is-layout-constrained\">\n<h2 class=\"wp-block-heading\">Nos Professeurs<\/h2>\n\n\n\n<hr class=\"hr-main-color\">\n\n\n\n<p class=\"has-medium-font-size\">Voici nos enseignants passionn\u00e9s et exp\u00e9riment\u00e9s, pr\u00eats \u00e0 partager leur amour de la musique et \u00e0 vous guider dans votre apprentissage. D\u00e9couvrez leur pr\u00e9sentation et instrument principale.<\/p>\n\n\n\n<div class=\"wp-block-group liste-professeurs is-layout-grid wp-container-core-group-is-layout-dd9acbd8 wp-block-group-is-layout-grid\" style=\"padding-top:0;padding-bottom:0\">\n<div class=\"wp-block-group has-ast-global-color-5-color has-ast-global-color-1-background-color has-text-color has-background has-link-color wp-elements-ea139a5710f0b84c121137788c1cf1fb wp-container-content-9df8e368 is-content-justification-center is-layout-constrained wp-container-core-group-is-layout-c3dbfcdf wp-block-group-is-layout-constrained\" style=\"border-radius:20px;padding-top:var(--wp--preset--spacing--50);padding-right:var(--wp--preset--spacing--50);padding-bottom:var(--wp--preset--spacing--50);padding-left:var(--wp--preset--spacing--50)\">\n<figure class=\"wp-block-image size-full has-custom-border\"><img loading=\"lazy\" decoding=\"async\" width=\"1024\" height=\"1024\" data-src=\"https:\/\/clc-meulan.fr\/wp-content\/uploads\/2024\/12\/Maurine-Sousa.jpg\" alt=\"\" class=\"wp-image-417 lazyload\" style=\"--smush-placeholder-width: 1024px; --smush-placeholder-aspect-ratio: 1024\/1024;border-radius:10px\" data-srcset=\"https:\/\/clc-meulan.fr\/wp-content\/uploads\/2024\/12\/Maurine-Sousa.jpg 1024w, https:\/\/clc-meulan.fr\/wp-content\/uploads\/2024\/12\/Maurine-Sousa-300x300.jpg 300w, https:\/\/clc-meulan.fr\/wp-content\/uploads\/2024\/12\/Maurine-Sousa-150x150.jpg 150w, https:\/\/clc-meulan.fr\/wp-content\/uploads\/2024\/12\/Maurine-Sousa-768x768.jpg 768w\" data-sizes=\"auto, (max-width: 1024px) 100vw, 1024px\" src=\"data:image\/gif;base64,R0lGODlhAQABAAAAACH5BAEKAAEALAAAAAABAAEAAAICTAEAOw==\" \/><noscript><img loading=\"lazy\" decoding=\"async\" width=\"1024\" height=\"1024\" src=\"https:\/\/clc-meulan.fr\/wp-content\/uploads\/2024\/12\/Maurine-Sousa.jpg\" alt=\"\" class=\"wp-image-417\" style=\"border-radius:10px\" srcset=\"https:\/\/clc-meulan.fr\/wp-content\/uploads\/2024\/12\/Maurine-Sousa.jpg 1024w, https:\/\/clc-meulan.fr\/wp-content\/uploads\/2024\/12\/Maurine-Sousa-300x300.jpg 300w, https:\/\/clc-meulan.fr\/wp-content\/uploads\/2024\/12\/Maurine-Sousa-150x150.jpg 150w, https:\/\/clc-meulan.fr\/wp-content\/uploads\/2024\/12\/Maurine-Sousa-768x768.jpg 768w\" sizes=\"auto, (max-width: 1024px) 100vw, 1024px\" \/><\/noscript><\/figure>\n\n\n\n<h3 class=\"wp-block-heading has-text-align-center has-ast-global-color-5-color has-text-color has-link-color wp-elements-3e77683bad28442bbf0cc2ed92009cbd\" style=\"font-size:1.8rem\"><strong>Maurine Sousa<\/strong><\/h3>\n\n\n\n<p class=\"has-text-align-center has-text-color has-link-color has-medium-font-size wp-elements-2ff62e6340ad627092ca532e0c6e3bec\" style=\"color:#ffffffe3;margin-top:0px;margin-bottom:5px;font-style:normal;font-weight:700\">Violon<\/p>\n\n\n\n<p>Dipl\u00f4m\u00e9 d&rsquo;\u00c9tat en alto, j&rsquo;enseigne cet instrument aux conservatoires de Saint-Denis et \u00c9pinay-sur-Seine. Laur\u00e9at du prix de violon du conservatoire de Lille, je l&rsquo;enseigne au CLC de Meulan depuis 15 ans et participe au projet \u00ab\u00a0Un violon dans mon \u00e9cole\u00a0\u00bb de la fondation Vareille depuis 4 ans. Je dirige l&rsquo;orchestre du CLC et divers ensembles. Accompagnant aussi mes \u00e9l\u00e8ves au piano.<\/p>\n\n\n\n<ul class=\"wp-block-social-links has-icon-color has-icon-background-color is-style-default is-content-justification-center is-layout-flex wp-container-core-social-links-is-layout-a89b3969 wp-block-social-links-is-layout-flex\">\n\n<li style=\"color: var(--ast-global-color-2); background-color: var(--ast-global-color-5); \" class=\"wp-social-link wp-social-link-instagram has-ast-global-color-2-color has-ast-global-color-5-background-color wp-block-social-link\"><a rel=\"noopener nofollow\" target=\"_blank\" href=\"https:\/\/www.instagram.com\/maurinejosien\/\" class=\"wp-block-social-link-anchor\"><svg width=\"24\" height=\"24\" viewBox=\"0 0 24 24\" version=\"1.1\" xmlns=\"http:\/\/www.w3.org\/2000\/svg\" aria-hidden=\"true\" focusable=\"false\"><path d=\"M12,4.622c2.403,0,2.688,0.009,3.637,0.052c0.877,0.04,1.354,0.187,1.671,0.31c0.42,0.163,0.72,0.358,1.035,0.673 c0.315,0.315,0.51,0.615,0.673,1.035c0.123,0.317,0.27,0.794,0.31,1.671c0.043,0.949,0.052,1.234,0.052,3.637 s-0.009,2.688-0.052,3.637c-0.04,0.877-0.187,1.354-0.31,1.671c-0.163,0.42-0.358,0.72-0.673,1.035 c-0.315,0.315-0.615,0.51-1.035,0.673c-0.317,0.123-0.794,0.27-1.671,0.31c-0.949,0.043-1.233,0.052-3.637,0.052 s-2.688-0.009-3.637-0.052c-0.877-0.04-1.354-0.187-1.671-0.31c-0.42-0.163-0.72-0.358-1.035-0.673 c-0.315-0.315-0.51-0.615-0.673-1.035c-0.123-0.317-0.27-0.794-0.31-1.671C4.631,14.688,4.622,14.403,4.622,12 s0.009-2.688,0.052-3.637c0.04-0.877,0.187-1.354,0.31-1.671c0.163-0.42,0.358-0.72,0.673-1.035 c0.315-0.315,0.615-0.51,1.035-0.673c0.317-0.123,0.794-0.27,1.671-0.31C9.312,4.631,9.597,4.622,12,4.622 M12,3 C9.556,3,9.249,3.01,8.289,3.054C7.331,3.098,6.677,3.25,6.105,3.472C5.513,3.702,5.011,4.01,4.511,4.511 c-0.5,0.5-0.808,1.002-1.038,1.594C3.25,6.677,3.098,7.331,3.054,8.289C3.01,9.249,3,9.556,3,12c0,2.444,0.01,2.751,0.054,3.711 c0.044,0.958,0.196,1.612,0.418,2.185c0.23,0.592,0.538,1.094,1.038,1.594c0.5,0.5,1.002,0.808,1.594,1.038 c0.572,0.222,1.227,0.375,2.185,0.418C9.249,20.99,9.556,21,12,21s2.751-0.01,3.711-0.054c0.958-0.044,1.612-0.196,2.185-0.418 c0.592-0.23,1.094-0.538,1.594-1.038c0.5-0.5,0.808-1.002,1.038-1.594c0.222-0.572,0.375-1.227,0.418-2.185 C20.99,14.751,21,14.444,21,12s-0.01-2.751-0.054-3.711c-0.044-0.958-0.196-1.612-0.418-2.185c-0.23-0.592-0.538-1.094-1.038-1.594 c-0.5-0.5-1.002-0.808-1.594-1.038c-0.572-0.222-1.227-0.375-2.185-0.418C14.751,3.01,14.444,3,12,3L12,3z M12,7.378 c-2.552,0-4.622,2.069-4.622,4.622S9.448,16.622,12,16.622s4.622-2.069,4.622-4.622S14.552,7.378,12,7.378z M12,15 c-1.657,0-3-1.343-3-3s1.343-3,3-3s3,1.343,3,3S13.657,15,12,15z M16.804,6.116c-0.596,0-1.08,0.484-1.08,1.08 s0.484,1.08,1.08,1.08c0.596,0,1.08-0.484,1.08-1.08S17.401,6.116,16.804,6.116z\"><\/path><\/svg><span class=\"wp-block-social-link-label screen-reader-text\">Instagram<\/span><\/a><\/li>\n\n<\/ul>\n<\/div>\n\n\n\n<div class=\"wp-block-group has-ast-global-color-5-color has-ast-global-color-1-background-color has-text-color has-background has-link-color wp-elements-a20670326a2921f316c247ef48f20b91 is-content-justification-center is-layout-constrained wp-container-core-group-is-layout-c3dbfcdf wp-block-group-is-layout-constrained\" style=\"border-radius:20px;padding-top:var(--wp--preset--spacing--50);padding-right:var(--wp--preset--spacing--50);padding-bottom:var(--wp--preset--spacing--50);padding-left:var(--wp--preset--spacing--50)\">\n<figure class=\"wp-block-image size-full has-custom-border\"><img loading=\"lazy\" decoding=\"async\" width=\"1024\" height=\"1024\" data-src=\"https:\/\/clc-meulan.fr\/wp-content\/uploads\/2024\/12\/Arthur-Baud.jpg\" alt=\"\" class=\"wp-image-422 lazyload\" style=\"--smush-placeholder-width: 1024px; --smush-placeholder-aspect-ratio: 1024\/1024;border-radius:10px\" data-srcset=\"https:\/\/clc-meulan.fr\/wp-content\/uploads\/2024\/12\/Arthur-Baud.jpg 1024w, https:\/\/clc-meulan.fr\/wp-content\/uploads\/2024\/12\/Arthur-Baud-300x300.jpg 300w, https:\/\/clc-meulan.fr\/wp-content\/uploads\/2024\/12\/Arthur-Baud-150x150.jpg 150w, https:\/\/clc-meulan.fr\/wp-content\/uploads\/2024\/12\/Arthur-Baud-768x768.jpg 768w\" data-sizes=\"auto, (max-width: 1024px) 100vw, 1024px\" src=\"data:image\/gif;base64,R0lGODlhAQABAAAAACH5BAEKAAEALAAAAAABAAEAAAICTAEAOw==\" \/><noscript><img loading=\"lazy\" decoding=\"async\" width=\"1024\" height=\"1024\" src=\"https:\/\/clc-meulan.fr\/wp-content\/uploads\/2024\/12\/Arthur-Baud.jpg\" alt=\"\" class=\"wp-image-422\" style=\"border-radius:10px\" srcset=\"https:\/\/clc-meulan.fr\/wp-content\/uploads\/2024\/12\/Arthur-Baud.jpg 1024w, https:\/\/clc-meulan.fr\/wp-content\/uploads\/2024\/12\/Arthur-Baud-300x300.jpg 300w, https:\/\/clc-meulan.fr\/wp-content\/uploads\/2024\/12\/Arthur-Baud-150x150.jpg 150w, https:\/\/clc-meulan.fr\/wp-content\/uploads\/2024\/12\/Arthur-Baud-768x768.jpg 768w\" sizes=\"auto, (max-width: 1024px) 100vw, 1024px\" \/><\/noscript><\/figure>\n\n\n\n<h3 class=\"wp-block-heading has-text-align-center has-ast-global-color-5-color has-text-color has-link-color wp-elements-710546afeb3a14b40cbaaf3e3d65b18b\" style=\"font-size:1.8rem\"><strong>Arthur Baud<\/strong><\/h3>\n\n\n\n<p class=\"has-text-align-center has-text-color has-link-color has-medium-font-size wp-elements-99c578ae311efa76c00adfb4839c2832\" style=\"color:#ffffffe3;margin-top:0px;margin-bottom:5px;font-style:normal;font-weight:700\">Guitare<\/p>\n\n\n\n<p>Musicien professionnel dipl\u00f4m\u00e9 du MIMA et du DEM, actif dans divers groupes (rock, jazz, folk, pop\u2026), je propose des cours de guitare et de basse adapt\u00e9s \u00e0 tous. Gr\u00e2ce \u00e0 mon exp\u00e9rience sc\u00e9nique et studio, j&rsquo;adopte une approche ludique et personnalis\u00e9e. D\u00e9butant ou confirm\u00e9, progressez en ma\u00eetrisant votre instrument tout en prenant du plaisir \u00e0 jouer.<\/p>\n\n\n\n<ul class=\"wp-block-social-links has-icon-color has-icon-background-color is-style-default is-content-justification-center is-layout-flex wp-container-core-social-links-is-layout-a89b3969 wp-block-social-links-is-layout-flex\">\n\n<li style=\"color: var(--ast-global-color-2); background-color: var(--ast-global-color-5); \" class=\"wp-social-link wp-social-link-instagram has-ast-global-color-2-color has-ast-global-color-5-background-color wp-block-social-link\"><a rel=\"noopener nofollow\" target=\"_blank\" href=\"https:\/\/www.instagram.com\/arthur_baud\/?next=%2F\" class=\"wp-block-social-link-anchor\"><svg width=\"24\" height=\"24\" viewBox=\"0 0 24 24\" version=\"1.1\" xmlns=\"http:\/\/www.w3.org\/2000\/svg\" aria-hidden=\"true\" focusable=\"false\"><path d=\"M12,4.622c2.403,0,2.688,0.009,3.637,0.052c0.877,0.04,1.354,0.187,1.671,0.31c0.42,0.163,0.72,0.358,1.035,0.673 c0.315,0.315,0.51,0.615,0.673,1.035c0.123,0.317,0.27,0.794,0.31,1.671c0.043,0.949,0.052,1.234,0.052,3.637 s-0.009,2.688-0.052,3.637c-0.04,0.877-0.187,1.354-0.31,1.671c-0.163,0.42-0.358,0.72-0.673,1.035 c-0.315,0.315-0.615,0.51-1.035,0.673c-0.317,0.123-0.794,0.27-1.671,0.31c-0.949,0.043-1.233,0.052-3.637,0.052 s-2.688-0.009-3.637-0.052c-0.877-0.04-1.354-0.187-1.671-0.31c-0.42-0.163-0.72-0.358-1.035-0.673 c-0.315-0.315-0.51-0.615-0.673-1.035c-0.123-0.317-0.27-0.794-0.31-1.671C4.631,14.688,4.622,14.403,4.622,12 s0.009-2.688,0.052-3.637c0.04-0.877,0.187-1.354,0.31-1.671c0.163-0.42,0.358-0.72,0.673-1.035 c0.315-0.315,0.615-0.51,1.035-0.673c0.317-0.123,0.794-0.27,1.671-0.31C9.312,4.631,9.597,4.622,12,4.622 M12,3 C9.556,3,9.249,3.01,8.289,3.054C7.331,3.098,6.677,3.25,6.105,3.472C5.513,3.702,5.011,4.01,4.511,4.511 c-0.5,0.5-0.808,1.002-1.038,1.594C3.25,6.677,3.098,7.331,3.054,8.289C3.01,9.249,3,9.556,3,12c0,2.444,0.01,2.751,0.054,3.711 c0.044,0.958,0.196,1.612,0.418,2.185c0.23,0.592,0.538,1.094,1.038,1.594c0.5,0.5,1.002,0.808,1.594,1.038 c0.572,0.222,1.227,0.375,2.185,0.418C9.249,20.99,9.556,21,12,21s2.751-0.01,3.711-0.054c0.958-0.044,1.612-0.196,2.185-0.418 c0.592-0.23,1.094-0.538,1.594-1.038c0.5-0.5,0.808-1.002,1.038-1.594c0.222-0.572,0.375-1.227,0.418-2.185 C20.99,14.751,21,14.444,21,12s-0.01-2.751-0.054-3.711c-0.044-0.958-0.196-1.612-0.418-2.185c-0.23-0.592-0.538-1.094-1.038-1.594 c-0.5-0.5-1.002-0.808-1.594-1.038c-0.572-0.222-1.227-0.375-2.185-0.418C14.751,3.01,14.444,3,12,3L12,3z M12,7.378 c-2.552,0-4.622,2.069-4.622,4.622S9.448,16.622,12,16.622s4.622-2.069,4.622-4.622S14.552,7.378,12,7.378z M12,15 c-1.657,0-3-1.343-3-3s1.343-3,3-3s3,1.343,3,3S13.657,15,12,15z M16.804,6.116c-0.596,0-1.08,0.484-1.08,1.08 s0.484,1.08,1.08,1.08c0.596,0,1.08-0.484,1.08-1.08S17.401,6.116,16.804,6.116z\"><\/path><\/svg><span class=\"wp-block-social-link-label screen-reader-text\">Instagram<\/span><\/a><\/li>\n\n<li style=\"color: var(--ast-global-color-2); background-color: var(--ast-global-color-5); \" class=\"wp-social-link wp-social-link-youtube has-ast-global-color-2-color has-ast-global-color-5-background-color wp-block-social-link\"><a rel=\"noopener nofollow\" target=\"_blank\" href=\"https:\/\/www.youtube.com\/@arthurbaud948\" class=\"wp-block-social-link-anchor\"><svg width=\"24\" height=\"24\" viewBox=\"0 0 24 24\" version=\"1.1\" xmlns=\"http:\/\/www.w3.org\/2000\/svg\" aria-hidden=\"true\" focusable=\"false\"><path d=\"M21.8,8.001c0,0-0.195-1.378-0.795-1.985c-0.76-0.797-1.613-0.801-2.004-0.847c-2.799-0.202-6.997-0.202-6.997-0.202 h-0.009c0,0-4.198,0-6.997,0.202C4.608,5.216,3.756,5.22,2.995,6.016C2.395,6.623,2.2,8.001,2.2,8.001S2,9.62,2,11.238v1.517 c0,1.618,0.2,3.237,0.2,3.237s0.195,1.378,0.795,1.985c0.761,0.797,1.76,0.771,2.205,0.855c1.6,0.153,6.8,0.201,6.8,0.201 s4.203-0.006,7.001-0.209c0.391-0.047,1.243-0.051,2.004-0.847c0.6-0.607,0.795-1.985,0.795-1.985s0.2-1.618,0.2-3.237v-1.517 C22,9.62,21.8,8.001,21.8,8.001z M9.935,14.594l-0.001-5.62l5.404,2.82L9.935,14.594z\"><\/path><\/svg><span class=\"wp-block-social-link-label screen-reader-text\">YouTube<\/span><\/a><\/li><\/ul>\n<\/div>\n\n\n\n<div class=\"wp-block-group has-ast-global-color-5-color has-ast-global-color-1-background-color has-text-color has-background has-link-color wp-elements-c3150c3f8d42e4038eeb17ead77e3be3 is-content-justification-center is-layout-constrained wp-container-core-group-is-layout-c3dbfcdf wp-block-group-is-layout-constrained\" style=\"border-radius:20px;padding-top:var(--wp--preset--spacing--50);padding-right:var(--wp--preset--spacing--50);padding-bottom:var(--wp--preset--spacing--50);padding-left:var(--wp--preset--spacing--50)\">\n<figure class=\"wp-block-image size-full is-resized has-custom-border\"><img loading=\"lazy\" decoding=\"async\" width=\"1000\" height=\"1000\" data-src=\"https:\/\/clc-meulan.fr\/wp-content\/uploads\/2025\/08\/Manon-DHermyPortrait-27-edited.jpg\" alt=\"\" class=\"wp-image-614 lazyload\" style=\"--smush-placeholder-width: 1000px; --smush-placeholder-aspect-ratio: 1000\/1000;border-radius:10px;width:307px;height:auto\" data-srcset=\"https:\/\/clc-meulan.fr\/wp-content\/uploads\/2025\/08\/Manon-DHermyPortrait-27-edited.jpg 1000w, https:\/\/clc-meulan.fr\/wp-content\/uploads\/2025\/08\/Manon-DHermyPortrait-27-edited-300x300.jpg 300w, https:\/\/clc-meulan.fr\/wp-content\/uploads\/2025\/08\/Manon-DHermyPortrait-27-edited-150x150.jpg 150w, https:\/\/clc-meulan.fr\/wp-content\/uploads\/2025\/08\/Manon-DHermyPortrait-27-edited-768x768.jpg 768w\" data-sizes=\"auto, (max-width: 1000px) 100vw, 1000px\" src=\"data:image\/gif;base64,R0lGODlhAQABAAAAACH5BAEKAAEALAAAAAABAAEAAAICTAEAOw==\" \/><noscript><img loading=\"lazy\" decoding=\"async\" width=\"1000\" height=\"1000\" src=\"https:\/\/clc-meulan.fr\/wp-content\/uploads\/2025\/08\/Manon-DHermyPortrait-27-edited.jpg\" alt=\"\" class=\"wp-image-614\" style=\"border-radius:10px;width:307px;height:auto\" srcset=\"https:\/\/clc-meulan.fr\/wp-content\/uploads\/2025\/08\/Manon-DHermyPortrait-27-edited.jpg 1000w, https:\/\/clc-meulan.fr\/wp-content\/uploads\/2025\/08\/Manon-DHermyPortrait-27-edited-300x300.jpg 300w, https:\/\/clc-meulan.fr\/wp-content\/uploads\/2025\/08\/Manon-DHermyPortrait-27-edited-150x150.jpg 150w, https:\/\/clc-meulan.fr\/wp-content\/uploads\/2025\/08\/Manon-DHermyPortrait-27-edited-768x768.jpg 768w\" sizes=\"auto, (max-width: 1000px) 100vw, 1000px\" \/><\/noscript><\/figure>\n\n\n\n<h3 class=\"wp-block-heading has-text-align-center has-ast-global-color-5-color has-text-color has-link-color wp-elements-7f2cd80794557dca41028ecb370ac584\" style=\"font-size:1.8rem\">Manon D&rsquo;Hermy<\/h3>\n\n\n\n<p class=\"has-text-align-center has-text-color has-link-color has-medium-font-size wp-elements-699bd63ecbb2ff7615be08834f2b56e4\" style=\"color:#ffffffe3;margin-top:0px;margin-bottom:5px;font-style:normal;font-weight:700\"><strong>Violoncelle, violoncelle baroque, musique de chambre<\/strong><\/p>\n\n\n\n<p>\u00c0 l\u2019\u00e9coute de chaque \u00e9l\u00e8ve, j&rsquo;ai \u00e0 c\u0153ur de proposer un enseignement adapt\u00e9 \u00e0 tous les \u00e2ges, tous les niveaux et tous les styles musicaux, dans un cadre bienveillant et stimulant, o\u00f9 le plaisir de jouer reste essentiel \u00e0 l&rsquo;apprentissage.&nbsp;Je me suis form\u00e9e au CRR de Cergy-Pontoise puis au Conservatoire royal de Bruxelles (Master de violoncelle avec Grande Distinction) et \u00e0 l&rsquo;Acad\u00e9mie de Woluwe-Saint-Lambert (musique baroque). Passionn\u00e9e par la transmission et la musique d\u2019ensemble, je me produis r\u00e9guli\u00e8rement (et dans plusieurs styles) en orchestre et en musique de chambre.<br><\/p>\n\n\n\n<ul class=\"wp-block-social-links has-icon-color has-icon-background-color is-style-default is-content-justification-center is-layout-flex wp-container-core-social-links-is-layout-a89b3969 wp-block-social-links-is-layout-flex\"><li style=\"color: var(--ast-global-color-2); background-color: var(--ast-global-color-5); \" class=\"wp-social-link wp-social-link-facebook has-ast-global-color-2-color has-ast-global-color-5-background-color wp-block-social-link\"><a rel=\"noopener nofollow\" target=\"_blank\" href=\"https:\/\/www.facebook.com\/manon.dhermy.90\" class=\"wp-block-social-link-anchor\"><svg width=\"24\" height=\"24\" viewBox=\"0 0 24 24\" version=\"1.1\" xmlns=\"http:\/\/www.w3.org\/2000\/svg\" aria-hidden=\"true\" focusable=\"false\"><path d=\"M12 2C6.5 2 2 6.5 2 12c0 5 3.7 9.1 8.4 9.9v-7H7.9V12h2.5V9.8c0-2.5 1.5-3.9 3.8-3.9 1.1 0 2.2.2 2.2.2v2.5h-1.3c-1.2 0-1.6.8-1.6 1.6V12h2.8l-.4 2.9h-2.3v7C18.3 21.1 22 17 22 12c0-5.5-4.5-10-10-10z\"><\/path><\/svg><span class=\"wp-block-social-link-label screen-reader-text\">Facebook<\/span><\/a><\/li>\n\n\n\n<\/ul>\n<\/div>\n\n\n\n<div class=\"wp-block-group has-ast-global-color-5-color has-ast-global-color-1-background-color has-text-color has-background has-link-color wp-elements-029ab931f90ea5fec414f38b777d92ba is-content-justification-center is-layout-constrained wp-container-core-group-is-layout-c3dbfcdf wp-block-group-is-layout-constrained\" style=\"border-radius:20px;padding-top:var(--wp--preset--spacing--50);padding-right:var(--wp--preset--spacing--50);padding-bottom:var(--wp--preset--spacing--50);padding-left:var(--wp--preset--spacing--50)\">\n<figure class=\"wp-block-image size-full has-custom-border\"><img loading=\"lazy\" decoding=\"async\" width=\"1024\" height=\"1024\" data-src=\"https:\/\/clc-meulan.fr\/wp-content\/uploads\/2024\/12\/Laure-Hainaux.jpg\" alt=\"\" class=\"wp-image-420 lazyload\" style=\"--smush-placeholder-width: 1024px; --smush-placeholder-aspect-ratio: 1024\/1024;border-radius:10px\" data-srcset=\"https:\/\/clc-meulan.fr\/wp-content\/uploads\/2024\/12\/Laure-Hainaux.jpg 1024w, https:\/\/clc-meulan.fr\/wp-content\/uploads\/2024\/12\/Laure-Hainaux-300x300.jpg 300w, https:\/\/clc-meulan.fr\/wp-content\/uploads\/2024\/12\/Laure-Hainaux-150x150.jpg 150w, https:\/\/clc-meulan.fr\/wp-content\/uploads\/2024\/12\/Laure-Hainaux-768x768.jpg 768w\" data-sizes=\"auto, (max-width: 1024px) 100vw, 1024px\" src=\"data:image\/gif;base64,R0lGODlhAQABAAAAACH5BAEKAAEALAAAAAABAAEAAAICTAEAOw==\" \/><noscript><img loading=\"lazy\" decoding=\"async\" width=\"1024\" height=\"1024\" src=\"https:\/\/clc-meulan.fr\/wp-content\/uploads\/2024\/12\/Laure-Hainaux.jpg\" alt=\"\" class=\"wp-image-420\" style=\"border-radius:10px\" srcset=\"https:\/\/clc-meulan.fr\/wp-content\/uploads\/2024\/12\/Laure-Hainaux.jpg 1024w, https:\/\/clc-meulan.fr\/wp-content\/uploads\/2024\/12\/Laure-Hainaux-300x300.jpg 300w, https:\/\/clc-meulan.fr\/wp-content\/uploads\/2024\/12\/Laure-Hainaux-150x150.jpg 150w, https:\/\/clc-meulan.fr\/wp-content\/uploads\/2024\/12\/Laure-Hainaux-768x768.jpg 768w\" sizes=\"auto, (max-width: 1024px) 100vw, 1024px\" \/><\/noscript><\/figure>\n\n\n\n<h3 class=\"wp-block-heading has-text-align-center has-ast-global-color-5-color has-text-color has-link-color wp-elements-80e251760118955123e1ec3c40f65d63\" style=\"font-size:1.8rem\">Laure Hainaux<\/h3>\n\n\n\n<p class=\"has-text-align-center has-text-color has-link-color has-medium-font-size wp-elements-78b8eab75e61e072ba878fe77b6c76be\" style=\"color:#ffffffe3;margin-top:0px;margin-bottom:5px;font-style:normal;font-weight:700\">Piano<\/p>\n\n\n\n<p>J&rsquo;ai obtenu des prix en piano, clavecin, orgue, de conservatoire, et une ma\u00eetrise en musicologie. J&rsquo;ai le CAPES de musique et j&rsquo;enseigne au CRD de Taverny. Organiste titulaire \u00e0 Paris, j&rsquo;adapte mon enseignement au niveau de chaque \u00e9l\u00e8ve, abordant divers styles musicaux. Je valorise le travail de mes \u00e9l\u00e8ves et simplifie l&rsquo;apprentissage \u00e9tape par \u00e9tape.<\/p>\n\n\n\n<ul class=\"wp-block-social-links has-icon-color has-icon-background-color is-style-default is-content-justification-center is-layout-flex wp-container-core-social-links-is-layout-a89b3969 wp-block-social-links-is-layout-flex\">\n\n\n\n<\/ul>\n<\/div>\n\n\n\n<div class=\"wp-block-group has-ast-global-color-5-color has-ast-global-color-1-background-color has-text-color has-background has-link-color wp-elements-db7bc6d4e17954f4a0016883fc820b9f is-content-justification-center is-layout-constrained wp-container-core-group-is-layout-c3dbfcdf wp-block-group-is-layout-constrained\" style=\"border-radius:20px;padding-top:var(--wp--preset--spacing--50);padding-right:var(--wp--preset--spacing--50);padding-bottom:var(--wp--preset--spacing--50);padding-left:var(--wp--preset--spacing--50)\">\n<figure class=\"wp-block-image size-full has-custom-border\"><img loading=\"lazy\" decoding=\"async\" width=\"1024\" height=\"1024\" data-src=\"https:\/\/clc-meulan.fr\/wp-content\/uploads\/2024\/12\/Philippe-Peyron.jpg\" alt=\"\" class=\"wp-image-416 lazyload\" style=\"--smush-placeholder-width: 1024px; --smush-placeholder-aspect-ratio: 1024\/1024;border-radius:10px\" data-srcset=\"https:\/\/clc-meulan.fr\/wp-content\/uploads\/2024\/12\/Philippe-Peyron.jpg 1024w, https:\/\/clc-meulan.fr\/wp-content\/uploads\/2024\/12\/Philippe-Peyron-300x300.jpg 300w, https:\/\/clc-meulan.fr\/wp-content\/uploads\/2024\/12\/Philippe-Peyron-150x150.jpg 150w, https:\/\/clc-meulan.fr\/wp-content\/uploads\/2024\/12\/Philippe-Peyron-768x768.jpg 768w\" data-sizes=\"auto, (max-width: 1024px) 100vw, 1024px\" src=\"data:image\/gif;base64,R0lGODlhAQABAAAAACH5BAEKAAEALAAAAAABAAEAAAICTAEAOw==\" \/><noscript><img loading=\"lazy\" decoding=\"async\" width=\"1024\" height=\"1024\" src=\"https:\/\/clc-meulan.fr\/wp-content\/uploads\/2024\/12\/Philippe-Peyron.jpg\" alt=\"\" class=\"wp-image-416\" style=\"border-radius:10px\" srcset=\"https:\/\/clc-meulan.fr\/wp-content\/uploads\/2024\/12\/Philippe-Peyron.jpg 1024w, https:\/\/clc-meulan.fr\/wp-content\/uploads\/2024\/12\/Philippe-Peyron-300x300.jpg 300w, https:\/\/clc-meulan.fr\/wp-content\/uploads\/2024\/12\/Philippe-Peyron-150x150.jpg 150w, https:\/\/clc-meulan.fr\/wp-content\/uploads\/2024\/12\/Philippe-Peyron-768x768.jpg 768w\" sizes=\"auto, (max-width: 1024px) 100vw, 1024px\" \/><\/noscript><\/figure>\n\n\n\n<h3 class=\"wp-block-heading has-text-align-center has-ast-global-color-5-color has-text-color has-link-color wp-elements-d66486a5c7c7a04b3f5dae9fc8985077\" style=\"font-size:1.8rem\"><strong>Philippe Peyron<\/strong><\/h3>\n\n\n\n<p class=\"has-text-align-center has-text-color has-link-color has-medium-font-size wp-elements-2a3dc0b7be40d319e6ea7688b6518bf6\" style=\"color:#ffffffe3;margin-top:0px;margin-bottom:5px;font-style:normal;font-weight:700\">Fl\u00fbte Traversi\u00e8re<\/p>\n\n\n\n<p>Titulaire du DE en fl\u00fbte traversi\u00e8re depuis 2007 et riche de pr\u00e8s de 30 ans d&rsquo;exp\u00e9rience, je propose des cours tous niveaux, en classique et autres styles. Je veille particuli\u00e8rement aux premi\u00e8res ann\u00e9es, cruciales pour l\u2019apprentissage, avec une m\u00e9thode rigoureuse mais ludique. J&rsquo;organise aussi duos\/trios et enseigne fl\u00fbte \u00e0 bec, fl\u00fbtes baroques et andines.<\/p>\n\n\n\n<ul class=\"wp-block-social-links has-icon-color has-icon-background-color is-style-default is-content-justification-center is-layout-flex wp-container-core-social-links-is-layout-a89b3969 wp-block-social-links-is-layout-flex\">\n\n\n\n<\/ul>\n<\/div>\n\n\n\n<div class=\"wp-block-group has-ast-global-color-5-color has-ast-global-color-1-background-color has-text-color has-background has-link-color wp-elements-d55be2a3a5b69e4c4ae98ba48f61f5d7 is-content-justification-center is-layout-constrained wp-container-core-group-is-layout-c3dbfcdf wp-block-group-is-layout-constrained\" style=\"border-radius:20px;padding-top:var(--wp--preset--spacing--50);padding-right:var(--wp--preset--spacing--50);padding-bottom:var(--wp--preset--spacing--50);padding-left:var(--wp--preset--spacing--50)\">\n<figure class=\"wp-block-image size-full has-custom-border\"><img loading=\"lazy\" decoding=\"async\" width=\"1024\" height=\"1024\" data-src=\"https:\/\/clc-meulan.fr\/wp-content\/uploads\/2024\/12\/Aurelia-Souverain.jpg\" alt=\"\" class=\"wp-image-418 lazyload\" style=\"--smush-placeholder-width: 1024px; --smush-placeholder-aspect-ratio: 1024\/1024;border-radius:10px\" data-srcset=\"https:\/\/clc-meulan.fr\/wp-content\/uploads\/2024\/12\/Aurelia-Souverain.jpg 1024w, https:\/\/clc-meulan.fr\/wp-content\/uploads\/2024\/12\/Aurelia-Souverain-300x300.jpg 300w, https:\/\/clc-meulan.fr\/wp-content\/uploads\/2024\/12\/Aurelia-Souverain-150x150.jpg 150w, https:\/\/clc-meulan.fr\/wp-content\/uploads\/2024\/12\/Aurelia-Souverain-768x768.jpg 768w\" data-sizes=\"auto, (max-width: 1024px) 100vw, 1024px\" src=\"data:image\/gif;base64,R0lGODlhAQABAAAAACH5BAEKAAEALAAAAAABAAEAAAICTAEAOw==\" \/><noscript><img loading=\"lazy\" decoding=\"async\" width=\"1024\" height=\"1024\" src=\"https:\/\/clc-meulan.fr\/wp-content\/uploads\/2024\/12\/Aurelia-Souverain.jpg\" alt=\"\" class=\"wp-image-418\" style=\"border-radius:10px\" srcset=\"https:\/\/clc-meulan.fr\/wp-content\/uploads\/2024\/12\/Aurelia-Souverain.jpg 1024w, https:\/\/clc-meulan.fr\/wp-content\/uploads\/2024\/12\/Aurelia-Souverain-300x300.jpg 300w, https:\/\/clc-meulan.fr\/wp-content\/uploads\/2024\/12\/Aurelia-Souverain-150x150.jpg 150w, https:\/\/clc-meulan.fr\/wp-content\/uploads\/2024\/12\/Aurelia-Souverain-768x768.jpg 768w\" sizes=\"auto, (max-width: 1024px) 100vw, 1024px\" \/><\/noscript><\/figure>\n\n\n\n<h3 class=\"wp-block-heading has-text-align-center has-ast-global-color-5-color has-text-color has-link-color wp-elements-eeba99565e5bac2fea6faefbf8c1bf2a\" style=\"font-size:1.8rem\"><strong>Aur\u00e9lia Souverain<\/strong><\/h3>\n\n\n\n<p class=\"has-text-align-center has-text-color has-link-color has-medium-font-size wp-elements-78b8eab75e61e072ba878fe77b6c76be\" style=\"color:#ffffffe3;margin-top:0px;margin-bottom:5px;font-style:normal;font-weight:700\">Piano<\/p>\n\n\n\n<p>Mes cours de piano se concentrent sur une progression personnalis\u00e9e, d\u00e9butant par les bases (lecture de notes, posture, th\u00e9orie) et \u00e9voluant vers des techniques avanc\u00e9es (gammes, accords, expression). Les le\u00e7ons sont interactives, alliant th\u00e9orie et pratique pour maintenir l&rsquo;int\u00e9r\u00eat. Je privil\u00e9gie le plaisir de jouer plut\u00f4t que la r\u00e9ussite acad\u00e9mique, tout en encourageant un travail r\u00e9gulier \u00e0 la maison.<\/p>\n\n\n\n<ul class=\"wp-block-social-links has-icon-color has-icon-background-color is-style-default is-content-justification-center is-layout-flex wp-container-core-social-links-is-layout-a89b3969 wp-block-social-links-is-layout-flex\">\n\n\n\n<\/ul>\n<\/div>\n\n\n\n<div class=\"wp-block-group has-ast-global-color-5-color has-ast-global-color-1-background-color has-text-color has-background has-link-color wp-elements-8fbe147134de4208485e471cb68960e6 is-content-justification-center is-layout-constrained wp-container-core-group-is-layout-c3dbfcdf wp-block-group-is-layout-constrained\" style=\"border-radius:20px;padding-top:var(--wp--preset--spacing--50);padding-right:var(--wp--preset--spacing--50);padding-bottom:var(--wp--preset--spacing--50);padding-left:var(--wp--preset--spacing--50)\">\n<figure class=\"wp-block-image size-full is-resized has-custom-border\"><img loading=\"lazy\" decoding=\"async\" width=\"546\" height=\"462\" data-src=\"https:\/\/clc-meulan.fr\/wp-content\/uploads\/2025\/08\/Herve-Jouvin.png\" alt=\"\" class=\"wp-image-627 lazyload\" style=\"--smush-placeholder-width: 546px; --smush-placeholder-aspect-ratio: 546\/462;border-radius:10px;aspect-ratio:1;object-fit:cover;width:315px;height:auto\" data-srcset=\"https:\/\/clc-meulan.fr\/wp-content\/uploads\/2025\/08\/Herve-Jouvin.png 546w, https:\/\/clc-meulan.fr\/wp-content\/uploads\/2025\/08\/Herve-Jouvin-300x254.png 300w\" data-sizes=\"auto, (max-width: 546px) 100vw, 546px\" src=\"data:image\/gif;base64,R0lGODlhAQABAAAAACH5BAEKAAEALAAAAAABAAEAAAICTAEAOw==\" \/><noscript><img loading=\"lazy\" decoding=\"async\" width=\"546\" height=\"462\" src=\"https:\/\/clc-meulan.fr\/wp-content\/uploads\/2025\/08\/Herve-Jouvin.png\" alt=\"\" class=\"wp-image-627\" style=\"border-radius:10px;aspect-ratio:1;object-fit:cover;width:315px;height:auto\" srcset=\"https:\/\/clc-meulan.fr\/wp-content\/uploads\/2025\/08\/Herve-Jouvin.png 546w, https:\/\/clc-meulan.fr\/wp-content\/uploads\/2025\/08\/Herve-Jouvin-300x254.png 300w\" sizes=\"auto, (max-width: 546px) 100vw, 546px\" \/><\/noscript><\/figure>\n\n\n\n<h3 class=\"wp-block-heading has-text-align-center has-ast-global-color-5-color has-text-color has-link-color wp-elements-96f2cebc4a6ec20376aa90b16501e459\" style=\"font-size:1.8rem\">Herv\u00e9 Jouvin<\/h3>\n\n\n\n<p class=\"has-text-align-center has-text-color has-link-color has-medium-font-size wp-elements-78b8eab75e61e072ba878fe77b6c76be\" style=\"color:#ffffffe3;margin-top:0px;margin-bottom:5px;font-style:normal;font-weight:700\">Piano<\/p>\n\n\n\n<p>Dipl\u00f4m\u00e9 du conservatoire international \u00e0 Paris, et professeur certifi\u00e9 d&rsquo;\u00e9ducation musicale, j&rsquo;ai dirig\u00e9 pendant 22 ans des orchestres de coll\u00e8ge regroupant des \u00e9l\u00e8ves totalement novices qui d\u00e9couvraient la pratique instrumentale avec de jeunes musiciens en formation.<\/p>\n\n\n\n<p>Ma m\u00e9thode d&rsquo;apprentissage du piano est centr\u00e9e sur l&rsquo;\u00e9l\u00e8ve. Il choisit le style musical, classique, pop-rock, chanson, etc\u2026et le morceau qu&rsquo;il souhaite interpr\u00e9ter. Nous d\u00e9taillons alors les notions m\u00e9lodiques, harmoniques et rythmiques avec comme but une interpr\u00e9tation en solo, en groupe ou en piano\/voix.<\/p>\n\n\n\n<ul class=\"wp-block-social-links has-icon-color has-icon-background-color is-style-default is-content-justification-center is-layout-flex wp-container-core-social-links-is-layout-a89b3969 wp-block-social-links-is-layout-flex\"><li style=\"color: var(--ast-global-color-2); background-color: var(--ast-global-color-5); \" class=\"wp-social-link wp-social-link-facebook has-ast-global-color-2-color has-ast-global-color-5-background-color wp-block-social-link\"><a rel=\"noopener nofollow\" target=\"_blank\" href=\"https:\/\/www.facebook.com\/herve.jouvin\" class=\"wp-block-social-link-anchor\"><svg width=\"24\" height=\"24\" viewBox=\"0 0 24 24\" version=\"1.1\" xmlns=\"http:\/\/www.w3.org\/2000\/svg\" aria-hidden=\"true\" focusable=\"false\"><path d=\"M12 2C6.5 2 2 6.5 2 12c0 5 3.7 9.1 8.4 9.9v-7H7.9V12h2.5V9.8c0-2.5 1.5-3.9 3.8-3.9 1.1 0 2.2.2 2.2.2v2.5h-1.3c-1.2 0-1.6.8-1.6 1.6V12h2.8l-.4 2.9h-2.3v7C18.3 21.1 22 17 22 12c0-5.5-4.5-10-10-10z\"><\/path><\/svg><span class=\"wp-block-social-link-label screen-reader-text\">Facebook<\/span><\/a><\/li>\n\n\n\n<\/ul>\n<\/div>\n\n\n\n<div class=\"wp-block-group has-ast-global-color-5-color has-ast-global-color-1-background-color has-text-color has-background has-link-color wp-elements-574933ade9c9cd3d05992454f45d94ed is-content-justification-center is-layout-constrained wp-container-core-group-is-layout-c3dbfcdf wp-block-group-is-layout-constrained\" style=\"border-radius:20px;padding-top:var(--wp--preset--spacing--50);padding-right:var(--wp--preset--spacing--50);padding-bottom:var(--wp--preset--spacing--50);padding-left:var(--wp--preset--spacing--50)\">\n<figure class=\"wp-block-image size-full has-custom-border\"><img loading=\"lazy\" decoding=\"async\" width=\"750\" height=\"749\" data-src=\"https:\/\/clc-meulan.fr\/wp-content\/uploads\/2025\/07\/Elodie-Lamarche.jpg\" alt=\"\" class=\"wp-image-599 lazyload\" style=\"--smush-placeholder-width: 750px; --smush-placeholder-aspect-ratio: 750\/749;border-radius:10px\" data-srcset=\"https:\/\/clc-meulan.fr\/wp-content\/uploads\/2025\/07\/Elodie-Lamarche.jpg 750w, https:\/\/clc-meulan.fr\/wp-content\/uploads\/2025\/07\/Elodie-Lamarche-300x300.jpg 300w, https:\/\/clc-meulan.fr\/wp-content\/uploads\/2025\/07\/Elodie-Lamarche-150x150.jpg 150w\" data-sizes=\"auto, (max-width: 750px) 100vw, 750px\" src=\"data:image\/gif;base64,R0lGODlhAQABAAAAACH5BAEKAAEALAAAAAABAAEAAAICTAEAOw==\" \/><noscript><img loading=\"lazy\" decoding=\"async\" width=\"750\" height=\"749\" src=\"https:\/\/clc-meulan.fr\/wp-content\/uploads\/2025\/07\/Elodie-Lamarche.jpg\" alt=\"\" class=\"wp-image-599\" style=\"border-radius:10px\" srcset=\"https:\/\/clc-meulan.fr\/wp-content\/uploads\/2025\/07\/Elodie-Lamarche.jpg 750w, https:\/\/clc-meulan.fr\/wp-content\/uploads\/2025\/07\/Elodie-Lamarche-300x300.jpg 300w, https:\/\/clc-meulan.fr\/wp-content\/uploads\/2025\/07\/Elodie-Lamarche-150x150.jpg 150w\" sizes=\"auto, (max-width: 750px) 100vw, 750px\" \/><\/noscript><\/figure>\n\n\n\n<h3 class=\"wp-block-heading has-text-align-center has-ast-global-color-5-color has-text-color has-link-color wp-elements-191ad4f52ff3bac7e674e31506b5a9eb\" style=\"font-size:1.8rem\"><strong>Elodie Lamarche<\/strong><\/h3>\n\n\n\n<p class=\"has-text-align-center has-text-color has-link-color has-medium-font-size wp-elements-29925e8b28441f97b2f8d8e0b7b4e682\" style=\"color:#ffffffe3;margin-top:0px;margin-bottom:5px;font-style:normal;font-weight:700\">Chant<\/p>\n\n\n\n<p>Je m&rsquo;appuie sur diff\u00e9rentes techniques vocales en travaillant avec les ressentis corporels et \u00e9motionnels. <br>Nous d\u00e9butons avec les bases pour \u00e9voluer vers un programme adapt\u00e9 \u00e0 vos besoins et ainsi d\u00e9velopper votre registre vocal dans une ambiance d\u00e9tendue et bienveillante.<\/p>\n\n\n\n<ul class=\"wp-block-social-links has-icon-color has-icon-background-color is-style-default is-content-justification-center is-layout-flex wp-container-core-social-links-is-layout-a89b3969 wp-block-social-links-is-layout-flex\">\n\n\n\n<\/ul>\n<\/div>\n\n\n\n<div class=\"wp-block-group has-ast-global-color-5-color has-ast-global-color-1-background-color has-text-color has-background has-link-color wp-elements-f08c45160d209f48733046d159a9b73c is-content-justification-center is-layout-constrained wp-container-core-group-is-layout-c3dbfcdf wp-block-group-is-layout-constrained\" style=\"border-radius:20px;padding-top:var(--wp--preset--spacing--50);padding-right:var(--wp--preset--spacing--50);padding-bottom:var(--wp--preset--spacing--50);padding-left:var(--wp--preset--spacing--50)\">\n<figure class=\"wp-block-image size-large is-resized has-custom-border\"><img loading=\"lazy\" decoding=\"async\" width=\"786\" height=\"786\" data-src=\"https:\/\/clc-meulan.fr\/wp-content\/uploads\/2025\/08\/Sheherazade-Riolet-edited-1.jpeg\" alt=\"\" class=\"wp-image-624 lazyload\" style=\"--smush-placeholder-width: 786px; --smush-placeholder-aspect-ratio: 786\/786;border-radius:10px;aspect-ratio:1;object-fit:cover;width:302px;height:auto\" data-srcset=\"https:\/\/clc-meulan.fr\/wp-content\/uploads\/2025\/08\/Sheherazade-Riolet-edited-1.jpeg 786w, https:\/\/clc-meulan.fr\/wp-content\/uploads\/2025\/08\/Sheherazade-Riolet-edited-1-300x300.jpeg 300w, https:\/\/clc-meulan.fr\/wp-content\/uploads\/2025\/08\/Sheherazade-Riolet-edited-1-150x150.jpeg 150w, https:\/\/clc-meulan.fr\/wp-content\/uploads\/2025\/08\/Sheherazade-Riolet-edited-1-768x768.jpeg 768w\" data-sizes=\"auto, (max-width: 786px) 100vw, 786px\" src=\"data:image\/gif;base64,R0lGODlhAQABAAAAACH5BAEKAAEALAAAAAABAAEAAAICTAEAOw==\" \/><noscript><img loading=\"lazy\" decoding=\"async\" width=\"786\" height=\"786\" src=\"https:\/\/clc-meulan.fr\/wp-content\/uploads\/2025\/08\/Sheherazade-Riolet-edited-1.jpeg\" alt=\"\" class=\"wp-image-624\" style=\"border-radius:10px;aspect-ratio:1;object-fit:cover;width:302px;height:auto\" srcset=\"https:\/\/clc-meulan.fr\/wp-content\/uploads\/2025\/08\/Sheherazade-Riolet-edited-1.jpeg 786w, https:\/\/clc-meulan.fr\/wp-content\/uploads\/2025\/08\/Sheherazade-Riolet-edited-1-300x300.jpeg 300w, https:\/\/clc-meulan.fr\/wp-content\/uploads\/2025\/08\/Sheherazade-Riolet-edited-1-150x150.jpeg 150w, https:\/\/clc-meulan.fr\/wp-content\/uploads\/2025\/08\/Sheherazade-Riolet-edited-1-768x768.jpeg 768w\" sizes=\"auto, (max-width: 786px) 100vw, 786px\" \/><\/noscript><\/figure>\n\n\n\n<h3 class=\"wp-block-heading has-text-align-center has-ast-global-color-5-color has-text-color has-link-color wp-elements-29302643ef9e433a2477103bc40f0bfe\" style=\"font-size:1.8rem\">Sch\u00e9h\u00e9razade Riolet<\/h3>\n\n\n\n<p class=\"has-text-align-center\"><strong>Violon<\/strong><\/p>\n\n\n\n<p>Apr\u00e8s avoir obtenu mon prix au conservatoire de Bourges, j&rsquo;\u00e9tudie maintenant en 3e ann\u00e9e de Bachelor au conservatoire Royal de Bruxelles, je me produis r\u00e9guli\u00e8rement en concert avec diff\u00e9rents ensembles. <\/p>\n\n\n\n<p>Je propose des cours de violon sur mesures pour tous niveaux. <\/p>\n\n\n\n<p class=\"has-text-align-left has-text-color has-link-color wp-elements-3ab9464b9bba9dda621a5c8c1c3f413a\" style=\"color:#ffffffe3;margin-top:0px;margin-bottom:5px;font-size:15px;font-style:normal;font-weight:700\"><br><\/p>\n\n\n\n<ul class=\"wp-block-social-links has-icon-color has-icon-background-color is-style-default is-content-justification-center is-layout-flex wp-container-core-social-links-is-layout-a89b3969 wp-block-social-links-is-layout-flex\">\n\n\n\n<\/ul>\n<\/div>\n<\/div>\n<\/div>\n\n\n\n<div style=\"height:var(--wp--preset--spacing--60)\" aria-hidden=\"true\" class=\"wp-block-spacer\"><\/div>\n\n\n\n<div class=\"wp-block-group is-layout-constrained wp-container-core-group-is-layout-a52c9701 wp-block-group-is-layout-constrained has-background lazyload\" style=\"min-height:100%;margin-top:var(--wp--preset--spacing--70);margin-bottom:0;background-image:inherit;background-position:65% 50%;background-size:cover;\" data-bg-image=\"url(&#039;https:\/\/clc-meulan.fr\/wp-content\/uploads\/2024\/08\/map_localisation_clc.webp&#039;)\">\n<div class=\"wp-block-columns is-not-stacked-on-mobile is-layout-flex wp-container-core-columns-is-layout-28f84493 wp-block-columns-is-layout-flex\">\n<div class=\"wp-block-column is-layout-flow wp-block-column-is-layout-flow\" style=\"flex-basis:5em\"><\/div>\n\n\n\n<div class=\"wp-block-column contact-block has-border-color has-ast-global-color-0-border-color has-ast-global-color-5-background-color has-background is-layout-flow wp-block-column-is-layout-flow\" style=\"border-width:1px;padding-top:var(--wp--preset--spacing--40);padding-right:var(--wp--preset--spacing--60);padding-bottom:var(--wp--preset--spacing--40);padding-left:var(--wp--preset--spacing--60);flex-basis:30em\" id=\"contact\">\n<div class=\"wp-block-group is-layout-constrained wp-block-group-is-layout-constrained\">\n<h2 class=\"wp-block-heading\" style=\"margin-right:0px;margin-left:0px\">Contact<\/h2>\n\n\n\n<hr class=\"hr-main-color\" style=\"margin: 0.5em 0 1em 0 !important;\">\n\n\n\n<div class=\"wp-block-group is-layout-constrained wp-block-group-is-layout-constrained\">\n<div class=\"wp-block-columns is-not-stacked-on-mobile is-layout-flex wp-container-core-columns-is-layout-4f688efb wp-block-columns-is-layout-flex\" style=\"margin-top:1px\">\n<div class=\"wp-block-column is-layout-flow wp-block-column-is-layout-flow\" style=\"flex-basis:25px\">\n<figure class=\"wp-block-image size-full is-resized has-custom-border is-style-default wp-duotone-unset-1\"><img loading=\"lazy\" decoding=\"async\" width=\"96\" height=\"96\" data-src=\"https:\/\/clc-meulan.fr\/wp-content\/uploads\/2024\/08\/location_on_24dp_2EC27E_FILL0_wght400_GRAD0_opsz24.png\" alt=\"\" class=\"wp-image-49 lazyload\" style=\"--smush-placeholder-width: 96px; --smush-placeholder-aspect-ratio: 96\/96;border-style:none;border-width:0px;border-radius:0px;box-shadow:none;width:25px\" src=\"data:image\/gif;base64,R0lGODlhAQABAAAAACH5BAEKAAEALAAAAAABAAEAAAICTAEAOw==\" \/><noscript><img loading=\"lazy\" decoding=\"async\" width=\"96\" height=\"96\" src=\"https:\/\/clc-meulan.fr\/wp-content\/uploads\/2024\/08\/location_on_24dp_2EC27E_FILL0_wght400_GRAD0_opsz24.png\" alt=\"\" class=\"wp-image-49\" style=\"border-style:none;border-width:0px;border-radius:0px;box-shadow:none;width:25px\"\/><\/noscript><\/figure>\n<\/div>\n\n\n\n<div class=\"wp-block-column is-layout-flow wp-container-core-column-is-layout-b2a27621 wp-block-column-is-layout-flow\" style=\"padding-top:0;padding-right:0;padding-bottom:0;padding-left:0;flex-basis:66.66%\">\n<h3 class=\"wp-block-heading has-medium-font-size\">Adresse<\/h3>\n<\/div>\n<\/div>\n\n\n\n<p style=\"margin-top:10px;margin-right:0px;margin-bottom:10px;margin-left:0px\"><a href=\"https:\/\/www.openstreetmap.org\/?mlat=49.010899&amp;mlon=1.915365#map=19\/49.010899\/1.915365\" target=\"_blank\" rel=\"noreferrer noopener\">Maison des Associations<\/a><br>All\u00e9e des Cottages<br>78250, Meulan-en-Yvelines<\/p>\n\n\n\n<p style=\"margin-top:10px;margin-right:0px;margin-bottom:10px;margin-left:0px\">\ud83d\udce7 Email : <a href=\"mailto:clc.meulan@gmail.com?subject=Contact%20via%20le%20site%20du%20CLC\">clc.meulan@gmail.com<\/a><br>\ud83d\udcde T\u00e9l\u00e9phone : <a href=\"tel:+33608877658\">+33 6 08 87 76 58<\/a><\/p>\n<\/div>\n\n\n\n<div class=\"wp-block-group is-layout-constrained wp-block-group-is-layout-constrained\">\n<div class=\"wp-block-columns is-not-stacked-on-mobile is-layout-flex wp-container-core-columns-is-layout-4f688efb wp-block-columns-is-layout-flex\" style=\"margin-top:1px\">\n<div class=\"wp-block-column is-layout-flow wp-block-column-is-layout-flow\" style=\"flex-basis:25px\">\n<figure class=\"wp-block-image size-full is-resized has-custom-border is-style-default wp-duotone-unset-2\"><img loading=\"lazy\" decoding=\"async\" width=\"96\" height=\"96\" data-src=\"https:\/\/clc-meulan.fr\/wp-content\/uploads\/2024\/08\/bus_alert_24dp_1C71D8_FILL0_wght400_GRAD0_opsz24.png\" alt=\"\" class=\"wp-image-213 lazyload\" style=\"--smush-placeholder-width: 96px; --smush-placeholder-aspect-ratio: 96\/96;border-style:none;border-width:0px;border-radius:0px;box-shadow:none;width:25px\" src=\"data:image\/gif;base64,R0lGODlhAQABAAAAACH5BAEKAAEALAAAAAABAAEAAAICTAEAOw==\" \/><noscript><img loading=\"lazy\" decoding=\"async\" width=\"96\" height=\"96\" src=\"https:\/\/clc-meulan.fr\/wp-content\/uploads\/2024\/08\/bus_alert_24dp_1C71D8_FILL0_wght400_GRAD0_opsz24.png\" alt=\"\" class=\"wp-image-213\" style=\"border-style:none;border-width:0px;border-radius:0px;box-shadow:none;width:25px\"\/><\/noscript><\/figure>\n<\/div>\n\n\n\n<div class=\"wp-block-column is-layout-flow wp-container-core-column-is-layout-b2a27621 wp-block-column-is-layout-flow\" style=\"padding-top:0;padding-right:0;padding-bottom:0;padding-left:0;flex-basis:66.66%\">\n<h3 class=\"wp-block-heading has-medium-font-size\">Acc\u00e8s au local<\/h3>\n<\/div>\n<\/div>\n\n\n\n<p style=\"margin-top:10px;margin-right:0px;margin-bottom:10px;margin-left:0px\">Les lignes de Bus. <mark style=\"background-color:rgba(0, 0, 0, 0)\" class=\"has-inline-color has-ast-global-color-0-color\">25<\/mark>, <mark style=\"background-color:rgba(0, 0, 0, 0)\" class=\"has-inline-color has-ast-global-color-0-color\">33<\/mark> et <mark style=\"background-color:rgba(0, 0, 0, 0)\" class=\"has-inline-color has-ast-global-color-0-color\">62<\/mark><br>Desservent l&rsquo;arr\u00eat <mark style=\"background-color:rgba(0, 0, 0, 0)\" class=\"has-inline-color has-ast-global-color-0-color\">Maison des Associations<\/mark><\/p>\n<\/div>\n\n\n\n<p>\u00c0 deux pas, sont aussi disponibles les lignes <mark style=\"background-color:rgba(0, 0, 0, 0)\" class=\"has-inline-color has-ast-global-color-0-color\">21<\/mark> et <mark style=\"background-color:rgba(0, 0, 0, 0)\" class=\"has-inline-color has-ast-global-color-0-color\">87<\/mark><br>Desservent l&rsquo;arr\u00eat <mark style=\"background-color:rgba(0, 0, 0, 0)\" class=\"has-inline-color has-ast-global-color-0-color\">Centre Commercial<\/mark><\/p>\n\n\n\n<p>Un parking attenant au local est disponible gratuitement et sans limitations de temps de stationnement.<\/p>\n<\/div>\n<\/div>\n\n\n\n<div class=\"wp-block-column is-layout-flow wp-block-column-is-layout-flow\"><\/div>\n<\/div>\n<\/div>\n","protected":false},"excerpt":{"rendered":"<p>Cours de Musique Pr\u00e9sentation Nos cours de musique sont con\u00e7us pour tous, que vous soyez d\u00e9butant ou musicien confirm\u00e9. Nos [&hellip;]<\/p>\n","protected":false},"author":1,"featured_media":0,"parent":0,"menu_order":0,"comment_status":"closed","ping_status":"closed","template":"","meta":{"site-sidebar-layout":"no-sidebar","site-content-layout":"","ast-site-content-layout":"normal-width-container","site-content-style":"unboxed","site-sidebar-style":"default","ast-global-header-display":"","ast-banner-title-visibility":"","ast-main-header-display":"","ast-hfb-above-header-display":"","ast-hfb-below-header-display":"","ast-hfb-mobile-header-display":"","site-post-title":"disabled","ast-breadcrumbs-content":"","ast-featured-img":"","footer-sml-layout":"","theme-transparent-header-meta":"","adv-header-id-meta":"","stick-header-meta":"","header-above-stick-meta":"","header-main-stick-meta":"","header-below-stick-meta":"","astra-migrate-meta-layouts":"default","ast-page-background-enabled":"default","ast-page-background-meta":{"desktop":{"background-color":"var(--ast-global-color-4)","background-image":"","background-repeat":"repeat","background-position":"center center","background-size":"auto","background-attachment":"scroll","background-type":"","background-media":"","overlay-type":"","overlay-color":"","overlay-opacity":"","overlay-gradient":""},"tablet":{"background-color":"","background-image":"","background-repeat":"repeat","background-position":"center center","background-size":"auto","background-attachment":"scroll","background-type":"","background-media":"","overlay-type":"","overlay-color":"","overlay-opacity":"","overlay-gradient":""},"mobile":{"background-color":"","background-image":"","background-repeat":"repeat","background-position":"center center","background-size":"auto","background-attachment":"scroll","background-type":"","background-media":"","overlay-type":"","overlay-color":"","overlay-opacity":"","overlay-gradient":""}},"ast-content-background-meta":{"desktop":{"background-color":"var(--ast-global-color-5)","background-image":"","background-repeat":"repeat","background-position":"center center","background-size":"auto","background-attachment":"scroll","background-type":"","background-media":"","overlay-type":"","overlay-color":"","overlay-opacity":"","overlay-gradient":""},"tablet":{"background-color":"var(--ast-global-color-5)","background-image":"","background-repeat":"repeat","background-position":"center center","background-size":"auto","background-attachment":"scroll","background-type":"","background-media":"","overlay-type":"","overlay-color":"","overlay-opacity":"","overlay-gradient":""},"mobile":{"background-color":"var(--ast-global-color-5)","background-image":"","background-repeat":"repeat","background-position":"center center","background-size":"auto","background-attachment":"scroll","background-type":"","background-media":"","overlay-type":"","overlay-color":"","overlay-opacity":"","overlay-gradient":""}},"footnotes":""},"class_list":["post-26","page","type-page","status-publish","hentry"],"yoast_head":"<!-- This site is optimized with the Yoast SEO plugin v24.0 - https:\/\/yoast.com\/wordpress\/plugins\/seo\/ -->\n<title>Cours - Musique - CLC Meulan<\/title>\n<meta name=\"robots\" content=\"index, follow, max-snippet:-1, max-image-preview:large, max-video-preview:-1\" \/>\n<link rel=\"canonical\" href=\"https:\/\/clc-meulan.fr\/index.php\/cours-musique\/\" \/>\n<meta property=\"og:locale\" content=\"fr_FR\" \/>\n<meta property=\"og:type\" content=\"article\" \/>\n<meta property=\"og:title\" content=\"Cours - Musique - CLC Meulan\" \/>\n<meta property=\"og:description\" content=\"Cours de Musique Pr\u00e9sentation Nos cours de musique sont con\u00e7us pour tous, que vous soyez d\u00e9butant ou musicien confirm\u00e9. Nos [&hellip;]\" \/>\n<meta property=\"og:url\" content=\"https:\/\/clc-meulan.fr\/index.php\/cours-musique\/\" \/>\n<meta property=\"og:site_name\" content=\"CLC Meulan\" \/>\n<meta property=\"article:publisher\" content=\"https:\/\/www.facebook.com\/clcmeulan\/\" \/>\n<meta property=\"article:modified_time\" content=\"2025-08-28T11:36:21+00:00\" \/>\n<meta property=\"og:image\" content=\"https:\/\/clc-meulan.fr\/wp-content\/uploads\/2024\/12\/Maurine-Sousa.jpg\" \/>\n\t<meta property=\"og:image:width\" content=\"1024\" \/>\n\t<meta property=\"og:image:height\" content=\"1024\" \/>\n\t<meta property=\"og:image:type\" content=\"image\/jpeg\" \/>\n<meta name=\"twitter:card\" content=\"summary_large_image\" \/>\n<meta name=\"twitter:label1\" content=\"Dur\u00e9e de lecture estim\u00e9e\" \/>\n\t<meta name=\"twitter:data1\" content=\"9 minutes\" \/>\n<script type=\"application\/ld+json\" class=\"yoast-schema-graph\">{\"@context\":\"https:\/\/schema.org\",\"@graph\":[{\"@type\":\"WebPage\",\"@id\":\"https:\/\/clc-meulan.fr\/index.php\/cours-musique\/\",\"url\":\"https:\/\/clc-meulan.fr\/index.php\/cours-musique\/\",\"name\":\"Cours - Musique - CLC Meulan\",\"isPartOf\":{\"@id\":\"https:\/\/clc-meulan.fr\/#website\"},\"primaryImageOfPage\":{\"@id\":\"https:\/\/clc-meulan.fr\/index.php\/cours-musique\/#primaryimage\"},\"image\":{\"@id\":\"https:\/\/clc-meulan.fr\/index.php\/cours-musique\/#primaryimage\"},\"thumbnailUrl\":\"https:\/\/clc-meulan.fr\/wp-content\/uploads\/2024\/12\/Maurine-Sousa.jpg\",\"datePublished\":\"2024-08-27T15:56:37+00:00\",\"dateModified\":\"2025-08-28T11:36:21+00:00\",\"breadcrumb\":{\"@id\":\"https:\/\/clc-meulan.fr\/index.php\/cours-musique\/#breadcrumb\"},\"inLanguage\":\"fr-FR\",\"potentialAction\":[{\"@type\":\"ReadAction\",\"target\":[\"https:\/\/clc-meulan.fr\/index.php\/cours-musique\/\"]}]},{\"@type\":\"ImageObject\",\"inLanguage\":\"fr-FR\",\"@id\":\"https:\/\/clc-meulan.fr\/index.php\/cours-musique\/#primaryimage\",\"url\":\"https:\/\/clc-meulan.fr\/wp-content\/uploads\/2024\/12\/Maurine-Sousa.jpg\",\"contentUrl\":\"https:\/\/clc-meulan.fr\/wp-content\/uploads\/2024\/12\/Maurine-Sousa.jpg\",\"width\":1024,\"height\":1024},{\"@type\":\"BreadcrumbList\",\"@id\":\"https:\/\/clc-meulan.fr\/index.php\/cours-musique\/#breadcrumb\",\"itemListElement\":[{\"@type\":\"ListItem\",\"position\":1,\"name\":\"Accueil\",\"item\":\"https:\/\/clc-meulan.fr\/\"},{\"@type\":\"ListItem\",\"position\":2,\"name\":\"Cours &#8211; Musique\"}]},{\"@type\":\"WebSite\",\"@id\":\"https:\/\/clc-meulan.fr\/#website\",\"url\":\"https:\/\/clc-meulan.fr\/\",\"name\":\"CLC Meulan\",\"description\":\"Apprendre, Cr\u00e9er et S&#039;\u00e9panouir \u00e0 Meulan-en-Yvelines\",\"publisher\":{\"@id\":\"https:\/\/clc-meulan.fr\/#organization\"},\"potentialAction\":[{\"@type\":\"SearchAction\",\"target\":{\"@type\":\"EntryPoint\",\"urlTemplate\":\"https:\/\/clc-meulan.fr\/?s={search_term_string}\"},\"query-input\":{\"@type\":\"PropertyValueSpecification\",\"valueRequired\":true,\"valueName\":\"search_term_string\"}}],\"inLanguage\":\"fr-FR\"},{\"@type\":\"Organization\",\"@id\":\"https:\/\/clc-meulan.fr\/#organization\",\"name\":\"CLC Meulan\",\"url\":\"https:\/\/clc-meulan.fr\/\",\"logo\":{\"@type\":\"ImageObject\",\"inLanguage\":\"fr-FR\",\"@id\":\"https:\/\/clc-meulan.fr\/#\/schema\/logo\/image\/\",\"url\":\"https:\/\/clc-meulan.fr\/wp-content\/uploads\/2024\/08\/CLC-logo-scaled.jpg\",\"contentUrl\":\"https:\/\/clc-meulan.fr\/wp-content\/uploads\/2024\/08\/CLC-logo-scaled.jpg\",\"width\":2560,\"height\":1761,\"caption\":\"CLC Meulan\"},\"image\":{\"@id\":\"https:\/\/clc-meulan.fr\/#\/schema\/logo\/image\/\"},\"sameAs\":[\"https:\/\/www.facebook.com\/clcmeulan\/\"]}]}<\/script>\n<!-- \/ Yoast SEO plugin. -->","yoast_head_json":{"title":"Cours - Musique - CLC Meulan","robots":{"index":"index","follow":"follow","max-snippet":"max-snippet:-1","max-image-preview":"max-image-preview:large","max-video-preview":"max-video-preview:-1"},"canonical":"https:\/\/clc-meulan.fr\/index.php\/cours-musique\/","og_locale":"fr_FR","og_type":"article","og_title":"Cours - Musique - CLC Meulan","og_description":"Cours de Musique Pr\u00e9sentation Nos cours de musique sont con\u00e7us pour tous, que vous soyez d\u00e9butant ou musicien confirm\u00e9. Nos [&hellip;]","og_url":"https:\/\/clc-meulan.fr\/index.php\/cours-musique\/","og_site_name":"CLC Meulan","article_publisher":"https:\/\/www.facebook.com\/clcmeulan\/","article_modified_time":"2025-08-28T11:36:21+00:00","og_image":[{"width":1024,"height":1024,"url":"https:\/\/clc-meulan.fr\/wp-content\/uploads\/2024\/12\/Maurine-Sousa.jpg","type":"image\/jpeg"}],"twitter_card":"summary_large_image","twitter_misc":{"Dur\u00e9e de lecture estim\u00e9e":"9 minutes"},"schema":{"@context":"https:\/\/schema.org","@graph":[{"@type":"WebPage","@id":"https:\/\/clc-meulan.fr\/index.php\/cours-musique\/","url":"https:\/\/clc-meulan.fr\/index.php\/cours-musique\/","name":"Cours - Musique - CLC Meulan","isPartOf":{"@id":"https:\/\/clc-meulan.fr\/#website"},"primaryImageOfPage":{"@id":"https:\/\/clc-meulan.fr\/index.php\/cours-musique\/#primaryimage"},"image":{"@id":"https:\/\/clc-meulan.fr\/index.php\/cours-musique\/#primaryimage"},"thumbnailUrl":"https:\/\/clc-meulan.fr\/wp-content\/uploads\/2024\/12\/Maurine-Sousa.jpg","datePublished":"2024-08-27T15:56:37+00:00","dateModified":"2025-08-28T11:36:21+00:00","breadcrumb":{"@id":"https:\/\/clc-meulan.fr\/index.php\/cours-musique\/#breadcrumb"},"inLanguage":"fr-FR","potentialAction":[{"@type":"ReadAction","target":["https:\/\/clc-meulan.fr\/index.php\/cours-musique\/"]}]},{"@type":"ImageObject","inLanguage":"fr-FR","@id":"https:\/\/clc-meulan.fr\/index.php\/cours-musique\/#primaryimage","url":"https:\/\/clc-meulan.fr\/wp-content\/uploads\/2024\/12\/Maurine-Sousa.jpg","contentUrl":"https:\/\/clc-meulan.fr\/wp-content\/uploads\/2024\/12\/Maurine-Sousa.jpg","width":1024,"height":1024},{"@type":"BreadcrumbList","@id":"https:\/\/clc-meulan.fr\/index.php\/cours-musique\/#breadcrumb","itemListElement":[{"@type":"ListItem","position":1,"name":"Accueil","item":"https:\/\/clc-meulan.fr\/"},{"@type":"ListItem","position":2,"name":"Cours &#8211; Musique"}]},{"@type":"WebSite","@id":"https:\/\/clc-meulan.fr\/#website","url":"https:\/\/clc-meulan.fr\/","name":"CLC Meulan","description":"Apprendre, Cr\u00e9er et S&#039;\u00e9panouir \u00e0 Meulan-en-Yvelines","publisher":{"@id":"https:\/\/clc-meulan.fr\/#organization"},"potentialAction":[{"@type":"SearchAction","target":{"@type":"EntryPoint","urlTemplate":"https:\/\/clc-meulan.fr\/?s={search_term_string}"},"query-input":{"@type":"PropertyValueSpecification","valueRequired":true,"valueName":"search_term_string"}}],"inLanguage":"fr-FR"},{"@type":"Organization","@id":"https:\/\/clc-meulan.fr\/#organization","name":"CLC Meulan","url":"https:\/\/clc-meulan.fr\/","logo":{"@type":"ImageObject","inLanguage":"fr-FR","@id":"https:\/\/clc-meulan.fr\/#\/schema\/logo\/image\/","url":"https:\/\/clc-meulan.fr\/wp-content\/uploads\/2024\/08\/CLC-logo-scaled.jpg","contentUrl":"https:\/\/clc-meulan.fr\/wp-content\/uploads\/2024\/08\/CLC-logo-scaled.jpg","width":2560,"height":1761,"caption":"CLC Meulan"},"image":{"@id":"https:\/\/clc-meulan.fr\/#\/schema\/logo\/image\/"},"sameAs":["https:\/\/www.facebook.com\/clcmeulan\/"]}]}},"_links":{"self":[{"href":"https:\/\/clc-meulan.fr\/index.php\/wp-json\/wp\/v2\/pages\/26","targetHints":{"allow":["GET"]}}],"collection":[{"href":"https:\/\/clc-meulan.fr\/index.php\/wp-json\/wp\/v2\/pages"}],"about":[{"href":"https:\/\/clc-meulan.fr\/index.php\/wp-json\/wp\/v2\/types\/page"}],"author":[{"embeddable":true,"href":"https:\/\/clc-meulan.fr\/index.php\/wp-json\/wp\/v2\/users\/1"}],"replies":[{"embeddable":true,"href":"https:\/\/clc-meulan.fr\/index.php\/wp-json\/wp\/v2\/comments?post=26"}],"version-history":[{"count":66,"href":"https:\/\/clc-meulan.fr\/index.php\/wp-json\/wp\/v2\/pages\/26\/revisions"}],"predecessor-version":[{"id":632,"href":"https:\/\/clc-meulan.fr\/index.php\/wp-json\/wp\/v2\/pages\/26\/revisions\/632"}],"wp:attachment":[{"href":"https:\/\/clc-meulan.fr\/index.php\/wp-json\/wp\/v2\/media?parent=26"}],"curies":[{"name":"wp","href":"https:\/\/api.w.org\/{rel}","templated":true}]}}