{"id":436,"date":"2024-12-17T19:56:28","date_gmt":"2024-12-17T17:56:28","guid":{"rendered":"https:\/\/clc-meulan.fr\/?page_id=436"},"modified":"2024-12-18T15:50:42","modified_gmt":"2024-12-18T13:50:42","slug":"aide-informatique","status":"publish","type":"page","link":"https:\/\/clc-meulan.fr\/index.php\/aide-informatique\/","title":{"rendered":"Aide &#8211; Informatique"},"content":{"rendered":"\n<div class=\"wp-block-group is-layout-constrained wp-container-core-group-is-layout-8faec15a wp-block-group-is-layout-constrained has-background lazyload\" style=\"border-radius:20px;margin-top:var(--wp--preset--spacing--40);margin-bottom:var(--wp--preset--spacing--60);padding-bottom:var(--wp--preset--spacing--40);background-image:inherit;background-position:83% 59%;background-size:cover;\" data-bg-image=\"url(&#039;https:\/\/clc-meulan.fr\/wp-content\/uploads\/2024\/08\/aide-informatique_color.webp&#039;)\">\n<h2 class=\"wp-block-heading has-ast-global-color-5-color has-text-color has-link-color wp-elements-53bc889388e3c30da4649de1d25c6554\" style=\"margin-top:10rem;font-size:5rem\"><strong>Aide \u00e0 l\u2019Informatique<\/strong><\/h2>\n<\/div>\n\n\n\n<div class=\"wp-block-group is-layout-constrained wp-block-group-is-layout-constrained\">\n<h2 class=\"wp-block-heading\">Pr\u00e9sentation<\/h2>\n\n\n\n<hr class=\"hr-main-color\">\n\n\n\n<div class=\"wp-block-group presentation-5050 is-nowrap is-layout-flex wp-container-core-group-is-layout-6c531013 wp-block-group-is-layout-flex\">\n<p class=\"has-medium-font-size\">D\u00e9couvrez comment ma\u00eetriser Internet : cr\u00e9ez et g\u00e9rez votre adresse mail, envoyez des pi\u00e8ces jointes et partagez des photos en toute simplicit\u00e9. Apprenez \u00e0 naviguer efficacement sur Windows et \u00e0 utiliser Microsoft Office pour vos besoins quotidiens, tels que la gestion de tableurs, la r\u00e9daction de courriers et le classement de donn\u00e9es.<\/p>\n\n\n\n<p class=\"has-medium-font-size\">En cas de probl\u00e8mes techniques, b\u00e9n\u00e9ficiez d&rsquo;un service de d\u00e9pannage pour r\u00e9soudre les dysfonctionnements ou \u00e9liminer les virus. Profitez d&rsquo;un accompagnement personnalis\u00e9 pour am\u00e9liorer votre exp\u00e9rience num\u00e9rique et renforcer vos comp\u00e9tences informatiques.<\/p>\n<\/div>\n\n\n\n<p class=\"has-medium-font-size\"><strong>Contactez-nous pour planifier votre session et d\u00e9couvrir comment nous pouvons vous aider \u00e0 renforcer vos comp\u00e9tences informatiques.<\/strong><\/p>\n<\/div>\n\n\n\n<div class=\"wp-block-group is-layout-constrained wp-block-group-is-layout-constrained\">\n<h2 class=\"wp-block-heading\">Notre Intervenante<\/h2>\n\n\n\n<hr class=\"hr-main-color\">\n\n\n\n<div class=\"wp-block-group liste-professeurs is-layout-grid wp-container-core-group-is-layout-dd9acbd8 wp-block-group-is-layout-grid\" style=\"padding-top:0;padding-bottom:0\">\n<div class=\"wp-block-group has-ast-global-color-5-color has-ast-global-color-1-background-color has-text-color has-background has-link-color wp-elements-213b76511c2f02a612bf855dc3ebb579 is-content-justification-center is-layout-constrained wp-container-core-group-is-layout-c3dbfcdf wp-block-group-is-layout-constrained\" style=\"border-radius:20px;padding-top:var(--wp--preset--spacing--50);padding-right:var(--wp--preset--spacing--50);padding-bottom:var(--wp--preset--spacing--50);padding-left:var(--wp--preset--spacing--50)\">\n<figure class=\"wp-block-image size-full has-custom-border\"><img loading=\"lazy\" decoding=\"async\" width=\"1024\" height=\"1024\" data-src=\"https:\/\/clc-meulan.fr\/wp-content\/uploads\/2024\/12\/Sylvie-Leclercq.jpg\" alt=\"\" class=\"wp-image-468 lazyload\" style=\"--smush-placeholder-width: 1024px; --smush-placeholder-aspect-ratio: 1024\/1024;border-radius:10px\" data-srcset=\"https:\/\/clc-meulan.fr\/wp-content\/uploads\/2024\/12\/Sylvie-Leclercq.jpg 1024w, https:\/\/clc-meulan.fr\/wp-content\/uploads\/2024\/12\/Sylvie-Leclercq-300x300.jpg 300w, https:\/\/clc-meulan.fr\/wp-content\/uploads\/2024\/12\/Sylvie-Leclercq-150x150.jpg 150w, https:\/\/clc-meulan.fr\/wp-content\/uploads\/2024\/12\/Sylvie-Leclercq-768x768.jpg 768w\" data-sizes=\"auto, (max-width: 1024px) 100vw, 1024px\" src=\"data:image\/gif;base64,R0lGODlhAQABAAAAACH5BAEKAAEALAAAAAABAAEAAAICTAEAOw==\" \/><noscript><img loading=\"lazy\" decoding=\"async\" width=\"1024\" height=\"1024\" src=\"https:\/\/clc-meulan.fr\/wp-content\/uploads\/2024\/12\/Sylvie-Leclercq.jpg\" alt=\"\" class=\"wp-image-468\" style=\"border-radius:10px\" srcset=\"https:\/\/clc-meulan.fr\/wp-content\/uploads\/2024\/12\/Sylvie-Leclercq.jpg 1024w, https:\/\/clc-meulan.fr\/wp-content\/uploads\/2024\/12\/Sylvie-Leclercq-300x300.jpg 300w, https:\/\/clc-meulan.fr\/wp-content\/uploads\/2024\/12\/Sylvie-Leclercq-150x150.jpg 150w, https:\/\/clc-meulan.fr\/wp-content\/uploads\/2024\/12\/Sylvie-Leclercq-768x768.jpg 768w\" sizes=\"auto, (max-width: 1024px) 100vw, 1024px\" \/><\/noscript><\/figure>\n\n\n\n<h3 class=\"wp-block-heading has-text-align-center has-ast-global-color-5-color has-text-color has-link-color wp-elements-ecd13095d0525bb4d1e45be180cd6cf4\" style=\"font-size:1.8rem\">Sylvie Leclercq<\/h3>\n\n\n\n<p class=\"has-text-align-center has-text-color has-link-color has-medium-font-size wp-elements-62788b1a3fbad2dab38554f1757e5ab9\" style=\"color:#ffffffe3;margin-top:0px;margin-bottom:5px;font-style:normal;font-weight:700\">Informatique<\/p>\n\n\n\n<p>En tant que secr\u00e9taire de l&rsquo;association, je ma\u00eetrise les outils de traitement de texte et de comptabilit\u00e9, avec une passion pour le num\u00e9rique. Je vous accompagnerai de mani\u00e8re conviviale pour ma\u00eetriser Internet et votre ordinateur pour vos besoins quotidiens.<\/p>\n\n\n\n<ul class=\"wp-block-social-links has-icon-color has-icon-background-color is-style-default is-content-justification-center is-layout-flex wp-container-core-social-links-is-layout-a89b3969 wp-block-social-links-is-layout-flex\">\n\n\n\n<\/ul>\n<\/div>\n<\/div>\n<\/div>\n\n\n\n<div class=\"wp-block-group is-layout-constrained wp-block-group-is-layout-constrained\">\n<h2 class=\"wp-block-heading\">Un tarif unique<\/h2>\n\n\n\n<hr class=\"hr-main-color\">\n\n\n\n<p class=\"has-medium-font-size\">Le Centre des Loisirs et de la Culture de Meulan-en-Yvelines, agr\u00e9\u00e9 Jeunesse et Sports, affili\u00e9 \u00e0 la FFEA, conventionn\u00e9 ANCV Ch\u00e8que Vacances et partenaire du dispositif Pass+ Yvelines\/Haut-de-Seine, vous propose des tarifs adapt\u00e9s pour tous, avec des avantages pour les familles et les jeunes.<\/p>\n\n\n\n<div class=\"wp-block-group is-layout-constrained wp-block-group-is-layout-constrained\">\n<figure class=\"wp-block-table aligncenter\"><table class=\"has-fixed-layout\"><tbody><tr><td><strong>Accompagnement<\/strong> <strong>Informatique<\/strong><\/td><td class=\"has-text-align-center\" data-align=\"center\">54\u20ac la s\u00e9ance<\/td><td class=\"has-text-align-center\" data-align=\"center\">la s\u00e9ance de 1 Heure 30<\/td><\/tr><\/tbody><\/table><\/figure>\n<\/div>\n\n\n\n<div class=\"wp-block-group is-layout-constrained wp-block-group-is-layout-constrained\">\n<h3 class=\"wp-block-heading\" style=\"font-size:2rem\">Adh\u00e9sion annuelle<\/h3>\n\n\n\n<p>Une adh\u00e9sion \u00e0 l&rsquo;association est requise en plus des tarifs des cours. Cela nous aide \u00e0 enrichir nos programmes et \u00e0 vous offrir la meilleure exp\u00e9rience possible. Nous avons h\u00e2te de vous accueillir ! \ud83c\udfb6<\/p>\n\n\n\n<figure class=\"wp-block-table is-style-regular\"><table class=\"has-fixed-layout\"><tbody><tr><td><\/td><td class=\"has-text-align-center\" data-align=\"center\"><strong>1\u02b3\u1d49 Personne*<\/strong><\/td><td class=\"has-text-align-center\" data-align=\"center\"><strong>2\u1d48\u1d49 Personne*<\/strong><\/td><td class=\"has-text-align-center\" data-align=\"center\"><strong>3\u1d49 Personne*<\/strong><\/td><\/tr><tr><td><strong>Meulanais<\/strong><\/td><td class=\"has-text-align-center\" data-align=\"center\">20\u20ac<\/td><td class=\"has-text-align-center\" data-align=\"center\">15\u20ac<\/td><td class=\"has-text-align-center\" data-align=\"center\">12\u20ac<\/td><\/tr><tr><td><strong>Non Meulanais<\/strong><\/td><td class=\"has-text-align-center\" data-align=\"center\">25\u20ac<\/td><td class=\"has-text-align-center\" data-align=\"center\">20\u20ac<\/td><td class=\"has-text-align-center\" data-align=\"center\">17\u20ac<\/td><\/tr><\/tbody><\/table><figcaption class=\"wp-element-caption\">*D\u2019une m\u00eame famille<\/figcaption><\/figure>\n<\/div>\n\n\n\n<div class=\"wp-block-group is-layout-constrained wp-block-group-is-layout-constrained\"><\/div>\n<\/div>\n\n\n\n<div style=\"height:var(--wp--preset--spacing--60)\" aria-hidden=\"true\" class=\"wp-block-spacer\"><\/div>\n\n\n\n<div class=\"wp-block-group is-layout-constrained wp-container-core-group-is-layout-a52c9701 wp-block-group-is-layout-constrained has-background lazyload\" style=\"min-height:100%;margin-top:var(--wp--preset--spacing--70);margin-bottom:0;background-image:inherit;background-position:65% 50%;background-size:cover;\" data-bg-image=\"url(&#039;https:\/\/clc-meulan.fr\/wp-content\/uploads\/2024\/08\/map_localisation_clc.webp&#039;)\">\n<div class=\"wp-block-columns is-not-stacked-on-mobile is-layout-flex wp-container-core-columns-is-layout-28f84493 wp-block-columns-is-layout-flex\">\n<div class=\"wp-block-column is-layout-flow wp-block-column-is-layout-flow\" style=\"flex-basis:5em\"><\/div>\n\n\n\n<div class=\"wp-block-column contact-block has-border-color has-ast-global-color-0-border-color has-ast-global-color-5-background-color has-background is-layout-flow wp-block-column-is-layout-flow\" style=\"border-width:1px;padding-top:var(--wp--preset--spacing--40);padding-right:var(--wp--preset--spacing--60);padding-bottom:var(--wp--preset--spacing--40);padding-left:var(--wp--preset--spacing--60);flex-basis:30em\" id=\"contact\">\n<div class=\"wp-block-group is-layout-constrained wp-block-group-is-layout-constrained\">\n<h2 class=\"wp-block-heading\" style=\"margin-right:0px;margin-left:0px\">Contact<\/h2>\n\n\n\n<hr class=\"hr-main-color\" style=\"margin: 0.5em 0 1em 0 !important;\">\n\n\n\n<div class=\"wp-block-group is-layout-constrained wp-block-group-is-layout-constrained\">\n<div class=\"wp-block-columns is-not-stacked-on-mobile is-layout-flex wp-container-core-columns-is-layout-4f688efb wp-block-columns-is-layout-flex\" style=\"margin-top:1px\">\n<div class=\"wp-block-column is-layout-flow wp-block-column-is-layout-flow\" style=\"flex-basis:25px\">\n<figure class=\"wp-block-image size-full is-resized has-custom-border is-style-default wp-duotone-unset-1\"><img loading=\"lazy\" decoding=\"async\" width=\"96\" height=\"96\" data-src=\"https:\/\/clc-meulan.fr\/wp-content\/uploads\/2024\/08\/location_on_24dp_2EC27E_FILL0_wght400_GRAD0_opsz24.png\" alt=\"\" class=\"wp-image-49 lazyload\" style=\"--smush-placeholder-width: 96px; --smush-placeholder-aspect-ratio: 96\/96;border-style:none;border-width:0px;border-radius:0px;box-shadow:none;width:25px\" src=\"data:image\/gif;base64,R0lGODlhAQABAAAAACH5BAEKAAEALAAAAAABAAEAAAICTAEAOw==\" \/><noscript><img loading=\"lazy\" decoding=\"async\" width=\"96\" height=\"96\" src=\"https:\/\/clc-meulan.fr\/wp-content\/uploads\/2024\/08\/location_on_24dp_2EC27E_FILL0_wght400_GRAD0_opsz24.png\" alt=\"\" class=\"wp-image-49\" style=\"border-style:none;border-width:0px;border-radius:0px;box-shadow:none;width:25px\"\/><\/noscript><\/figure>\n<\/div>\n\n\n\n<div class=\"wp-block-column is-layout-flow wp-container-core-column-is-layout-b2a27621 wp-block-column-is-layout-flow\" style=\"padding-top:0;padding-right:0;padding-bottom:0;padding-left:0;flex-basis:66.66%\">\n<h3 class=\"wp-block-heading has-medium-font-size\">Adresse<\/h3>\n<\/div>\n<\/div>\n\n\n\n<p style=\"margin-top:10px;margin-right:0px;margin-bottom:10px;margin-left:0px\"><a href=\"https:\/\/www.openstreetmap.org\/?mlat=49.010899&amp;mlon=1.915365#map=19\/49.010899\/1.915365\" target=\"_blank\" rel=\"noreferrer noopener\">Maison des Associations<\/a><br>All\u00e9e des Cottages<br>78250, Meulan-en-Yvelines<\/p>\n\n\n\n<p style=\"margin-top:10px;margin-right:0px;margin-bottom:10px;margin-left:0px\">\ud83d\udce7 Email : <a href=\"mailto:clc.meulan@gmail.com?subject=Contact%20via%20le%20site%20du%20CLC\">clc.meulan@gmail.com<\/a><br>\ud83d\udcde T\u00e9l\u00e9phone : <a href=\"tel:+33608877658\">+33 6 08 87 76 58<\/a><\/p>\n<\/div>\n\n\n\n<div class=\"wp-block-group is-layout-constrained wp-block-group-is-layout-constrained\">\n<div class=\"wp-block-columns is-not-stacked-on-mobile is-layout-flex wp-container-core-columns-is-layout-4f688efb wp-block-columns-is-layout-flex\" style=\"margin-top:1px\">\n<div class=\"wp-block-column is-layout-flow wp-block-column-is-layout-flow\" style=\"flex-basis:25px\">\n<figure class=\"wp-block-image size-full is-resized has-custom-border is-style-default wp-duotone-unset-2\"><img loading=\"lazy\" decoding=\"async\" width=\"96\" height=\"96\" data-src=\"https:\/\/clc-meulan.fr\/wp-content\/uploads\/2024\/08\/bus_alert_24dp_1C71D8_FILL0_wght400_GRAD0_opsz24.png\" alt=\"\" class=\"wp-image-213 lazyload\" style=\"--smush-placeholder-width: 96px; --smush-placeholder-aspect-ratio: 96\/96;border-style:none;border-width:0px;border-radius:0px;box-shadow:none;width:25px\" src=\"data:image\/gif;base64,R0lGODlhAQABAAAAACH5BAEKAAEALAAAAAABAAEAAAICTAEAOw==\" \/><noscript><img loading=\"lazy\" decoding=\"async\" width=\"96\" height=\"96\" src=\"https:\/\/clc-meulan.fr\/wp-content\/uploads\/2024\/08\/bus_alert_24dp_1C71D8_FILL0_wght400_GRAD0_opsz24.png\" alt=\"\" class=\"wp-image-213\" style=\"border-style:none;border-width:0px;border-radius:0px;box-shadow:none;width:25px\"\/><\/noscript><\/figure>\n<\/div>\n\n\n\n<div class=\"wp-block-column is-layout-flow wp-container-core-column-is-layout-b2a27621 wp-block-column-is-layout-flow\" style=\"padding-top:0;padding-right:0;padding-bottom:0;padding-left:0;flex-basis:66.66%\">\n<h3 class=\"wp-block-heading has-medium-font-size\">Acc\u00e8s au local<\/h3>\n<\/div>\n<\/div>\n\n\n\n<p style=\"margin-top:10px;margin-right:0px;margin-bottom:10px;margin-left:0px\">Les lignes de Bus. <mark style=\"background-color:rgba(0, 0, 0, 0)\" class=\"has-inline-color has-ast-global-color-0-color\">25<\/mark>, <mark style=\"background-color:rgba(0, 0, 0, 0)\" class=\"has-inline-color has-ast-global-color-0-color\">33<\/mark> et <mark style=\"background-color:rgba(0, 0, 0, 0)\" class=\"has-inline-color has-ast-global-color-0-color\">62<\/mark><br>Desservent l&rsquo;arr\u00eat <mark style=\"background-color:rgba(0, 0, 0, 0)\" class=\"has-inline-color has-ast-global-color-0-color\">Maison des Associations<\/mark><\/p>\n<\/div>\n\n\n\n<p>\u00c0 deux pas, sont aussi disponibles les lignes <mark style=\"background-color:rgba(0, 0, 0, 0)\" class=\"has-inline-color has-ast-global-color-0-color\">21<\/mark> et <mark style=\"background-color:rgba(0, 0, 0, 0)\" class=\"has-inline-color has-ast-global-color-0-color\">87<\/mark><br>Desservent l&rsquo;arr\u00eat <mark style=\"background-color:rgba(0, 0, 0, 0)\" class=\"has-inline-color has-ast-global-color-0-color\">Centre Commercial<\/mark><\/p>\n\n\n\n<p>Un parking attenant au local est disponible gratuitement et sans limitations de temps de stationnement.<\/p>\n<\/div>\n<\/div>\n\n\n\n<div class=\"wp-block-column is-layout-flow wp-block-column-is-layout-flow\"><\/div>\n<\/div>\n<\/div>\n","protected":false},"excerpt":{"rendered":"<p>Aide \u00e0 l\u2019Informatique Pr\u00e9sentation D\u00e9couvrez comment ma\u00eetriser Internet : cr\u00e9ez et g\u00e9rez votre adresse mail, envoyez des pi\u00e8ces jointes et [&hellip;]<\/p>\n","protected":false},"author":1,"featured_media":0,"parent":0,"menu_order":0,"comment_status":"closed","ping_status":"closed","template":"","meta":{"site-sidebar-layout":"no-sidebar","site-content-layout":"","ast-site-content-layout":"normal-width-container","site-content-style":"unboxed","site-sidebar-style":"default","ast-global-header-display":"","ast-banner-title-visibility":"","ast-main-header-display":"","ast-hfb-above-header-display":"","ast-hfb-below-header-display":"","ast-hfb-mobile-header-display":"","site-post-title":"disabled","ast-breadcrumbs-content":"","ast-featured-img":"","footer-sml-layout":"","theme-transparent-header-meta":"","adv-header-id-meta":"","stick-header-meta":"","header-above-stick-meta":"","header-main-stick-meta":"","header-below-stick-meta":"","astra-migrate-meta-layouts":"default","ast-page-background-enabled":"default","ast-page-background-meta":{"desktop":{"background-color":"var(--ast-global-color-4)","background-image":"","background-repeat":"repeat","background-position":"center center","background-size":"auto","background-attachment":"scroll","background-type":"","background-media":"","overlay-type":"","overlay-color":"","overlay-opacity":"","overlay-gradient":""},"tablet":{"background-color":"","background-image":"","background-repeat":"repeat","background-position":"center center","background-size":"auto","background-attachment":"scroll","background-type":"","background-media":"","overlay-type":"","overlay-color":"","overlay-opacity":"","overlay-gradient":""},"mobile":{"background-color":"","background-image":"","background-repeat":"repeat","background-position":"center center","background-size":"auto","background-attachment":"scroll","background-type":"","background-media":"","overlay-type":"","overlay-color":"","overlay-opacity":"","overlay-gradient":""}},"ast-content-background-meta":{"desktop":{"background-color":"var(--ast-global-color-5)","background-image":"","background-repeat":"repeat","background-position":"center center","background-size":"auto","background-attachment":"scroll","background-type":"","background-media":"","overlay-type":"","overlay-color":"","overlay-opacity":"","overlay-gradient":""},"tablet":{"background-color":"var(--ast-global-color-5)","background-image":"","background-repeat":"repeat","background-position":"center center","background-size":"auto","background-attachment":"scroll","background-type":"","background-media":"","overlay-type":"","overlay-color":"","overlay-opacity":"","overlay-gradient":""},"mobile":{"background-color":"var(--ast-global-color-5)","background-image":"","background-repeat":"repeat","background-position":"center center","background-size":"auto","background-attachment":"scroll","background-type":"","background-media":"","overlay-type":"","overlay-color":"","overlay-opacity":"","overlay-gradient":""}},"footnotes":""},"class_list":["post-436","page","type-page","status-publish","hentry"],"yoast_head":"<!-- This site is optimized with the Yoast SEO plugin v24.0 - https:\/\/yoast.com\/wordpress\/plugins\/seo\/ -->\n<title>Aide - Informatique - CLC Meulan<\/title>\n<meta name=\"robots\" content=\"index, follow, max-snippet:-1, max-image-preview:large, max-video-preview:-1\" \/>\n<link rel=\"canonical\" href=\"https:\/\/clc-meulan.fr\/index.php\/aide-informatique\/\" \/>\n<meta property=\"og:locale\" content=\"fr_FR\" \/>\n<meta property=\"og:type\" content=\"article\" \/>\n<meta property=\"og:title\" content=\"Aide - Informatique - CLC Meulan\" \/>\n<meta property=\"og:description\" content=\"Aide \u00e0 l\u2019Informatique Pr\u00e9sentation D\u00e9couvrez comment ma\u00eetriser Internet : cr\u00e9ez et g\u00e9rez votre adresse mail, envoyez des pi\u00e8ces jointes et [&hellip;]\" \/>\n<meta property=\"og:url\" content=\"https:\/\/clc-meulan.fr\/index.php\/aide-informatique\/\" \/>\n<meta property=\"og:site_name\" content=\"CLC Meulan\" \/>\n<meta property=\"article:publisher\" content=\"https:\/\/www.facebook.com\/clcmeulan\/\" \/>\n<meta property=\"article:modified_time\" content=\"2024-12-18T13:50:42+00:00\" \/>\n<meta property=\"og:image\" content=\"https:\/\/clc-meulan.fr\/wp-content\/uploads\/2024\/12\/Sylvie-Leclercq.jpg\" \/>\n\t<meta property=\"og:image:width\" content=\"1024\" \/>\n\t<meta property=\"og:image:height\" content=\"1024\" \/>\n\t<meta property=\"og:image:type\" content=\"image\/jpeg\" \/>\n<meta name=\"twitter:card\" content=\"summary_large_image\" \/>\n<meta name=\"twitter:label1\" content=\"Dur\u00e9e de lecture estim\u00e9e\" \/>\n\t<meta name=\"twitter:data1\" content=\"3 minutes\" \/>\n<script type=\"application\/ld+json\" class=\"yoast-schema-graph\">{\"@context\":\"https:\/\/schema.org\",\"@graph\":[{\"@type\":\"WebPage\",\"@id\":\"https:\/\/clc-meulan.fr\/index.php\/aide-informatique\/\",\"url\":\"https:\/\/clc-meulan.fr\/index.php\/aide-informatique\/\",\"name\":\"Aide - Informatique - CLC Meulan\",\"isPartOf\":{\"@id\":\"https:\/\/clc-meulan.fr\/#website\"},\"primaryImageOfPage\":{\"@id\":\"https:\/\/clc-meulan.fr\/index.php\/aide-informatique\/#primaryimage\"},\"image\":{\"@id\":\"https:\/\/clc-meulan.fr\/index.php\/aide-informatique\/#primaryimage\"},\"thumbnailUrl\":\"https:\/\/clc-meulan.fr\/wp-content\/uploads\/2024\/12\/Sylvie-Leclercq.jpg\",\"datePublished\":\"2024-12-17T17:56:28+00:00\",\"dateModified\":\"2024-12-18T13:50:42+00:00\",\"breadcrumb\":{\"@id\":\"https:\/\/clc-meulan.fr\/index.php\/aide-informatique\/#breadcrumb\"},\"inLanguage\":\"fr-FR\",\"potentialAction\":[{\"@type\":\"ReadAction\",\"target\":[\"https:\/\/clc-meulan.fr\/index.php\/aide-informatique\/\"]}]},{\"@type\":\"ImageObject\",\"inLanguage\":\"fr-FR\",\"@id\":\"https:\/\/clc-meulan.fr\/index.php\/aide-informatique\/#primaryimage\",\"url\":\"https:\/\/clc-meulan.fr\/wp-content\/uploads\/2024\/12\/Sylvie-Leclercq.jpg\",\"contentUrl\":\"https:\/\/clc-meulan.fr\/wp-content\/uploads\/2024\/12\/Sylvie-Leclercq.jpg\",\"width\":1024,\"height\":1024},{\"@type\":\"BreadcrumbList\",\"@id\":\"https:\/\/clc-meulan.fr\/index.php\/aide-informatique\/#breadcrumb\",\"itemListElement\":[{\"@type\":\"ListItem\",\"position\":1,\"name\":\"Accueil\",\"item\":\"https:\/\/clc-meulan.fr\/\"},{\"@type\":\"ListItem\",\"position\":2,\"name\":\"Aide &#8211; Informatique\"}]},{\"@type\":\"WebSite\",\"@id\":\"https:\/\/clc-meulan.fr\/#website\",\"url\":\"https:\/\/clc-meulan.fr\/\",\"name\":\"CLC Meulan\",\"description\":\"Apprendre, Cr\u00e9er et S&#039;\u00e9panouir \u00e0 Meulan-en-Yvelines\",\"publisher\":{\"@id\":\"https:\/\/clc-meulan.fr\/#organization\"},\"potentialAction\":[{\"@type\":\"SearchAction\",\"target\":{\"@type\":\"EntryPoint\",\"urlTemplate\":\"https:\/\/clc-meulan.fr\/?s={search_term_string}\"},\"query-input\":{\"@type\":\"PropertyValueSpecification\",\"valueRequired\":true,\"valueName\":\"search_term_string\"}}],\"inLanguage\":\"fr-FR\"},{\"@type\":\"Organization\",\"@id\":\"https:\/\/clc-meulan.fr\/#organization\",\"name\":\"CLC Meulan\",\"url\":\"https:\/\/clc-meulan.fr\/\",\"logo\":{\"@type\":\"ImageObject\",\"inLanguage\":\"fr-FR\",\"@id\":\"https:\/\/clc-meulan.fr\/#\/schema\/logo\/image\/\",\"url\":\"https:\/\/clc-meulan.fr\/wp-content\/uploads\/2024\/08\/CLC-logo-scaled.jpg\",\"contentUrl\":\"https:\/\/clc-meulan.fr\/wp-content\/uploads\/2024\/08\/CLC-logo-scaled.jpg\",\"width\":2560,\"height\":1761,\"caption\":\"CLC Meulan\"},\"image\":{\"@id\":\"https:\/\/clc-meulan.fr\/#\/schema\/logo\/image\/\"},\"sameAs\":[\"https:\/\/www.facebook.com\/clcmeulan\/\"]}]}<\/script>\n<!-- \/ Yoast SEO plugin. -->","yoast_head_json":{"title":"Aide - Informatique - CLC Meulan","robots":{"index":"index","follow":"follow","max-snippet":"max-snippet:-1","max-image-preview":"max-image-preview:large","max-video-preview":"max-video-preview:-1"},"canonical":"https:\/\/clc-meulan.fr\/index.php\/aide-informatique\/","og_locale":"fr_FR","og_type":"article","og_title":"Aide - Informatique - CLC Meulan","og_description":"Aide \u00e0 l\u2019Informatique Pr\u00e9sentation D\u00e9couvrez comment ma\u00eetriser Internet : cr\u00e9ez et g\u00e9rez votre adresse mail, envoyez des pi\u00e8ces jointes et [&hellip;]","og_url":"https:\/\/clc-meulan.fr\/index.php\/aide-informatique\/","og_site_name":"CLC Meulan","article_publisher":"https:\/\/www.facebook.com\/clcmeulan\/","article_modified_time":"2024-12-18T13:50:42+00:00","og_image":[{"width":1024,"height":1024,"url":"https:\/\/clc-meulan.fr\/wp-content\/uploads\/2024\/12\/Sylvie-Leclercq.jpg","type":"image\/jpeg"}],"twitter_card":"summary_large_image","twitter_misc":{"Dur\u00e9e de lecture estim\u00e9e":"3 minutes"},"schema":{"@context":"https:\/\/schema.org","@graph":[{"@type":"WebPage","@id":"https:\/\/clc-meulan.fr\/index.php\/aide-informatique\/","url":"https:\/\/clc-meulan.fr\/index.php\/aide-informatique\/","name":"Aide - Informatique - CLC Meulan","isPartOf":{"@id":"https:\/\/clc-meulan.fr\/#website"},"primaryImageOfPage":{"@id":"https:\/\/clc-meulan.fr\/index.php\/aide-informatique\/#primaryimage"},"image":{"@id":"https:\/\/clc-meulan.fr\/index.php\/aide-informatique\/#primaryimage"},"thumbnailUrl":"https:\/\/clc-meulan.fr\/wp-content\/uploads\/2024\/12\/Sylvie-Leclercq.jpg","datePublished":"2024-12-17T17:56:28+00:00","dateModified":"2024-12-18T13:50:42+00:00","breadcrumb":{"@id":"https:\/\/clc-meulan.fr\/index.php\/aide-informatique\/#breadcrumb"},"inLanguage":"fr-FR","potentialAction":[{"@type":"ReadAction","target":["https:\/\/clc-meulan.fr\/index.php\/aide-informatique\/"]}]},{"@type":"ImageObject","inLanguage":"fr-FR","@id":"https:\/\/clc-meulan.fr\/index.php\/aide-informatique\/#primaryimage","url":"https:\/\/clc-meulan.fr\/wp-content\/uploads\/2024\/12\/Sylvie-Leclercq.jpg","contentUrl":"https:\/\/clc-meulan.fr\/wp-content\/uploads\/2024\/12\/Sylvie-Leclercq.jpg","width":1024,"height":1024},{"@type":"BreadcrumbList","@id":"https:\/\/clc-meulan.fr\/index.php\/aide-informatique\/#breadcrumb","itemListElement":[{"@type":"ListItem","position":1,"name":"Accueil","item":"https:\/\/clc-meulan.fr\/"},{"@type":"ListItem","position":2,"name":"Aide &#8211; Informatique"}]},{"@type":"WebSite","@id":"https:\/\/clc-meulan.fr\/#website","url":"https:\/\/clc-meulan.fr\/","name":"CLC Meulan","description":"Apprendre, Cr\u00e9er et S&#039;\u00e9panouir \u00e0 Meulan-en-Yvelines","publisher":{"@id":"https:\/\/clc-meulan.fr\/#organization"},"potentialAction":[{"@type":"SearchAction","target":{"@type":"EntryPoint","urlTemplate":"https:\/\/clc-meulan.fr\/?s={search_term_string}"},"query-input":{"@type":"PropertyValueSpecification","valueRequired":true,"valueName":"search_term_string"}}],"inLanguage":"fr-FR"},{"@type":"Organization","@id":"https:\/\/clc-meulan.fr\/#organization","name":"CLC Meulan","url":"https:\/\/clc-meulan.fr\/","logo":{"@type":"ImageObject","inLanguage":"fr-FR","@id":"https:\/\/clc-meulan.fr\/#\/schema\/logo\/image\/","url":"https:\/\/clc-meulan.fr\/wp-content\/uploads\/2024\/08\/CLC-logo-scaled.jpg","contentUrl":"https:\/\/clc-meulan.fr\/wp-content\/uploads\/2024\/08\/CLC-logo-scaled.jpg","width":2560,"height":1761,"caption":"CLC Meulan"},"image":{"@id":"https:\/\/clc-meulan.fr\/#\/schema\/logo\/image\/"},"sameAs":["https:\/\/www.facebook.com\/clcmeulan\/"]}]}},"_links":{"self":[{"href":"https:\/\/clc-meulan.fr\/index.php\/wp-json\/wp\/v2\/pages\/436","targetHints":{"allow":["GET"]}}],"collection":[{"href":"https:\/\/clc-meulan.fr\/index.php\/wp-json\/wp\/v2\/pages"}],"about":[{"href":"https:\/\/clc-meulan.fr\/index.php\/wp-json\/wp\/v2\/types\/page"}],"author":[{"embeddable":true,"href":"https:\/\/clc-meulan.fr\/index.php\/wp-json\/wp\/v2\/users\/1"}],"replies":[{"embeddable":true,"href":"https:\/\/clc-meulan.fr\/index.php\/wp-json\/wp\/v2\/comments?post=436"}],"version-history":[{"count":10,"href":"https:\/\/clc-meulan.fr\/index.php\/wp-json\/wp\/v2\/pages\/436\/revisions"}],"predecessor-version":[{"id":524,"href":"https:\/\/clc-meulan.fr\/index.php\/wp-json\/wp\/v2\/pages\/436\/revisions\/524"}],"wp:attachment":[{"href":"https:\/\/clc-meulan.fr\/index.php\/wp-json\/wp\/v2\/media?parent=436"}],"curies":[{"name":"wp","href":"https:\/\/api.w.org\/{rel}","templated":true}]}}