{"id":501,"date":"2024-12-18T14:46:08","date_gmt":"2024-12-18T12:46:08","guid":{"rendered":"https:\/\/clc-meulan.fr\/?page_id=501"},"modified":"2025-07-10T17:27:43","modified_gmt":"2025-07-10T15:27:43","slug":"atelier-creatifs","status":"publish","type":"page","link":"https:\/\/clc-meulan.fr\/index.php\/atelier-creatifs\/","title":{"rendered":"Atelier &#8211; Cr\u00e9atifs"},"content":{"rendered":"\n<div class=\"wp-block-group is-layout-constrained wp-container-core-group-is-layout-8faec15a wp-block-group-is-layout-constrained has-background lazyload\" style=\"border-radius:20px;margin-top:var(--wp--preset--spacing--40);margin-bottom:var(--wp--preset--spacing--60);padding-bottom:var(--wp--preset--spacing--40);background-image:inherit;background-position:83% 59%;background-size:cover;\" data-bg-image=\"url(&#039;https:\/\/clc-meulan.fr\/wp-content\/uploads\/2024\/08\/atelier-peinture_color.webp&#039;)\">\n<h2 class=\"wp-block-heading has-ast-global-color-5-color has-text-color has-link-color wp-elements-aa6bc8b675180d5a04d296710a442896\" style=\"margin-top:10rem;font-size:5rem\"><strong>Ateliers cr\u00e9atifs<\/strong><\/h2>\n<\/div>\n\n\n\n<div class=\"wp-block-group is-layout-constrained wp-block-group-is-layout-constrained\">\n<h2 class=\"wp-block-heading\">Pr\u00e9sentation<\/h2>\n\n\n\n<hr class=\"hr-main-color\">\n\n\n\n<div class=\"wp-block-group presentation-5050 is-nowrap is-layout-flex wp-container-core-group-is-layout-6c531013 wp-block-group-is-layout-flex\">\n<p class=\"has-medium-font-size\">Rejoignez nos ateliers cr\u00e9atifs pour lib\u00e9rer votre imagination dans un cadre convivial et inspirant\u202f! Que vous soyez d\u00e9butant ou artiste confirm\u00e9, explorez de nouvelles techniques avec l&rsquo;aide de nos animateurs passionn\u00e9s et d\u00e9veloppez votre style unique.<\/p>\n\n\n\n<p class=\"has-medium-font-size\">En participant, vous int\u00e9grerez une communaut\u00e9 dynamique o\u00f9 l&rsquo;\u00e9change et l&rsquo;inspiration sont au c\u0153ur de chaque session. Cr\u00e9ez des \u0153uvres originales tout en partageant des moments de complicit\u00e9 avec d&rsquo;autres passionn\u00e9s. Nos ateliers sont l&rsquo;endroit id\u00e9al pour s&rsquo;exprimer et s&rsquo;\u00e9panouir artistiquement !<\/p>\n<\/div>\n<\/div>\n\n\n\n<div class=\"wp-block-group is-layout-constrained wp-block-group-is-layout-constrained\">\n<h2 class=\"wp-block-heading\">Nos Activit\u00e9s cr\u00e9atives<\/h2>\n\n\n\n<hr class=\"hr-main-color\">\n\n\n\n<div class=\"wp-block-group is-layout-grid wp-container-core-group-is-layout-510ef126 wp-block-group-is-layout-grid\">\n<div class=\"wp-block-group has-ast-global-color-5-color has-ast-global-color-1-background-color has-text-color has-background has-link-color wp-elements-ee996e6fca7a53604cc7bee4a9cde0d0 wp-container-content-00206bb4 is-layout-constrained wp-container-core-group-is-layout-39412042 wp-block-group-is-layout-constrained\" style=\"border-radius:20px;padding-top:var(--wp--preset--spacing--40);padding-right:var(--wp--preset--spacing--50);padding-bottom:var(--wp--preset--spacing--40);padding-left:var(--wp--preset--spacing--50)\">\n<h2 class=\"wp-block-heading has-ast-global-color-5-color has-text-color has-link-color wp-elements-a6aee52cb3ea161ef4a122e0669017a5\" style=\"font-size:2rem\">Peinture \u00e0 l&rsquo;huile\/acrylique <\/h2>\n\n\n\n<ul class=\"wp-block-list\">\n<li style=\"font-style:normal;font-weight:700\">Mercredi 18h15<\/li>\n<\/ul>\n<\/div>\n\n\n\n<div class=\"wp-block-group has-ast-global-color-5-color has-ast-global-color-1-background-color has-text-color has-background has-link-color wp-elements-91af15e1bc943334c9de10a915aebf81 wp-container-content-00206bb4 is-layout-constrained wp-container-core-group-is-layout-39412042 wp-block-group-is-layout-constrained\" style=\"border-radius:20px;padding-top:var(--wp--preset--spacing--40);padding-right:var(--wp--preset--spacing--50);padding-bottom:var(--wp--preset--spacing--40);padding-left:var(--wp--preset--spacing--50)\">\n<h2 class=\"wp-block-heading has-ast-global-color-5-color has-text-color has-link-color wp-elements-ec04373465630fd001d90f49ba46108c\" style=\"font-size:2rem\">Mosa\u00efque<\/h2>\n\n\n\n<ul class=\"wp-block-list\">\n<li style=\"font-style:normal;font-weight:700\">Mardi 9h-12h ( modulable selon demande<\/li>\n<\/ul>\n<\/div>\n<\/div>\n<\/div>\n\n\n\n<div class=\"wp-block-group is-layout-constrained wp-block-group-is-layout-constrained\">\n<h2 class=\"wp-block-heading\">Nos Tarifs<\/h2>\n\n\n\n<hr class=\"hr-main-color\">\n\n\n\n<p class=\"has-medium-font-size\">Le Centre des Loisirs et de la Culture de Meulan-en-Yvelines, agr\u00e9\u00e9 Jeunesse et Sports, affili\u00e9 \u00e0 la FFEA, conventionn\u00e9 ANCV Ch\u00e8que Vacances et partenaire du dispositif Pass+ Yvelines\/Haut-de-Seine, vous propose des tarifs adapt\u00e9s pour tous, avec des avantages pour les familles et les jeunes.<\/p>\n\n\n\n<div class=\"wp-block-group is-layout-constrained wp-block-group-is-layout-constrained\">\n<figure class=\"wp-block-table aligncenter\"><table class=\"has-fixed-layout\"><tbody><tr><td><strong><strong>Atelier peinture enfant<\/strong>s<\/strong><\/td><td class=\"has-text-align-center\" data-align=\"center\">360\u20ac<\/td><td class=\"has-text-align-center\" data-align=\"center\">32 s\u00e9ances de 1h<br>Pour les enfants de X \u00e0 X ans<\/td><\/tr><tr><td><strong>Atelier peinture adultes<\/strong><\/td><td class=\"has-text-align-center\" data-align=\"center\">360\u20ac<\/td><td class=\"has-text-align-center\" data-align=\"center\">32 s\u00e9ances de 1h<\/td><\/tr><tr><td><strong>Atelier Mosa\u00efque<\/strong><\/td><td class=\"has-text-align-center\" data-align=\"center\">190\u20ac<\/td><td class=\"has-text-align-center\" data-align=\"center\">32 s\u00e9ances de 3h<\/td><\/tr><\/tbody><\/table><\/figure>\n<\/div>\n\n\n\n<div class=\"wp-block-group is-layout-constrained wp-block-group-is-layout-constrained\">\n<h3 class=\"wp-block-heading\" style=\"font-size:2rem\">Adh\u00e9sion annuelle<\/h3>\n\n\n\n<p>Une adh\u00e9sion \u00e0 l&rsquo;association est requise en plus des tarifs des cours. Cela nous aide \u00e0 enrichir nos programmes et \u00e0 vous offrir la meilleure exp\u00e9rience possible. Nous avons h\u00e2te de vous accueillir ! \ud83c\udfb6<\/p>\n\n\n\n<figure class=\"wp-block-table is-style-regular\"><table class=\"has-fixed-layout\"><tbody><tr><td><\/td><td class=\"has-text-align-center\" data-align=\"center\"><strong>1\u02b3\u1d49 Personne*<\/strong><\/td><td class=\"has-text-align-center\" data-align=\"center\"><strong>2\u1d48\u1d49 Personne*<\/strong><\/td><td class=\"has-text-align-center\" data-align=\"center\"><strong>3\u1d49 Personne*<\/strong><\/td><\/tr><tr><td><strong>Meulanais<\/strong><\/td><td class=\"has-text-align-center\" data-align=\"center\">20\u20ac<\/td><td class=\"has-text-align-center\" data-align=\"center\">15\u20ac<\/td><td class=\"has-text-align-center\" data-align=\"center\">12\u20ac<\/td><\/tr><tr><td><strong>Non Meulanais<\/strong><\/td><td class=\"has-text-align-center\" data-align=\"center\">25\u20ac<\/td><td class=\"has-text-align-center\" data-align=\"center\">20\u20ac<\/td><td class=\"has-text-align-center\" data-align=\"center\">17\u20ac<\/td><\/tr><\/tbody><\/table><figcaption class=\"wp-element-caption\">*D\u2019une m\u00eame famille<\/figcaption><\/figure>\n<\/div>\n<\/div>\n\n\n\n<div class=\"wp-block-group is-layout-constrained wp-block-group-is-layout-constrained\">\n<h2 class=\"wp-block-heading\">Notre Professeur<\/h2>\n\n\n\n<hr class=\"hr-main-color\">\n\n\n\n<div class=\"wp-block-group liste-professeurs is-layout-grid wp-container-core-group-is-layout-dd9acbd8 wp-block-group-is-layout-grid\" style=\"padding-top:0;padding-bottom:0\">\n<div class=\"wp-block-group has-ast-global-color-5-color has-ast-global-color-1-background-color has-text-color has-background has-link-color wp-elements-eabba415e2a7f3003cf9efd109d39e72 wp-container-content-9df8e368 is-content-justification-center is-layout-constrained wp-container-core-group-is-layout-c3dbfcdf wp-block-group-is-layout-constrained\" style=\"border-radius:20px;padding-top:var(--wp--preset--spacing--50);padding-right:var(--wp--preset--spacing--50);padding-bottom:var(--wp--preset--spacing--50);padding-left:var(--wp--preset--spacing--50)\">\n<figure class=\"wp-block-image size-full has-custom-border\"><img loading=\"lazy\" decoding=\"async\" width=\"1024\" height=\"1024\" data-src=\"https:\/\/clc-meulan.fr\/wp-content\/uploads\/2024\/12\/Laure-Carmouse.jpg\" alt=\"\" class=\"wp-image-421 lazyload\" style=\"--smush-placeholder-width: 1024px; --smush-placeholder-aspect-ratio: 1024\/1024;border-radius:10px\" data-srcset=\"https:\/\/clc-meulan.fr\/wp-content\/uploads\/2024\/12\/Laure-Carmouse.jpg 1024w, https:\/\/clc-meulan.fr\/wp-content\/uploads\/2024\/12\/Laure-Carmouse-300x300.jpg 300w, https:\/\/clc-meulan.fr\/wp-content\/uploads\/2024\/12\/Laure-Carmouse-150x150.jpg 150w, https:\/\/clc-meulan.fr\/wp-content\/uploads\/2024\/12\/Laure-Carmouse-768x768.jpg 768w\" data-sizes=\"auto, (max-width: 1024px) 100vw, 1024px\" src=\"data:image\/gif;base64,R0lGODlhAQABAAAAACH5BAEKAAEALAAAAAABAAEAAAICTAEAOw==\" \/><noscript><img loading=\"lazy\" decoding=\"async\" width=\"1024\" height=\"1024\" src=\"https:\/\/clc-meulan.fr\/wp-content\/uploads\/2024\/12\/Laure-Carmouse.jpg\" alt=\"\" class=\"wp-image-421\" style=\"border-radius:10px\" srcset=\"https:\/\/clc-meulan.fr\/wp-content\/uploads\/2024\/12\/Laure-Carmouse.jpg 1024w, https:\/\/clc-meulan.fr\/wp-content\/uploads\/2024\/12\/Laure-Carmouse-300x300.jpg 300w, https:\/\/clc-meulan.fr\/wp-content\/uploads\/2024\/12\/Laure-Carmouse-150x150.jpg 150w, https:\/\/clc-meulan.fr\/wp-content\/uploads\/2024\/12\/Laure-Carmouse-768x768.jpg 768w\" sizes=\"auto, (max-width: 1024px) 100vw, 1024px\" \/><\/noscript><\/figure>\n\n\n\n<h3 class=\"wp-block-heading has-text-align-center has-ast-global-color-5-color has-text-color has-link-color wp-elements-bb57209b6725ccd25ef3de8c8e2a0a8a\" style=\"font-size:1.8rem\"><strong>Laure Carmouse<\/strong><\/h3>\n\n\n\n<p class=\"has-text-align-center has-text-color has-link-color has-medium-font-size wp-elements-bd011105e6045726f8ee54217dc83141\" style=\"color:#ffffffe3;margin-top:0px;margin-bottom:5px;font-style:normal;font-weight:700\">Graphiste<\/p>\n\n\n\n<p>Avec mes ann\u00e9es d&rsquo;exp\u00e9rience en peinture \u00e0 l&rsquo;huile et acrylique, je souhaite partager ma vision de l&rsquo;art. Pas besoin de savoir dessiner pour peindre, tous les niveaux sont bienvenus. Dans mon Atelier Peinture, vous apprendrez \u00e0 exprimer vos \u00e9motions et \u00e0 nourrir votre cr\u00e9ativit\u00e9. Je vous proposerai des d\u00e9fis et des moments de libert\u00e9 cr\u00e9ative pour r\u00e9v\u00e9ler votre talent cach\u00e9.<\/p>\n\n\n\n<ul class=\"wp-block-social-links has-icon-color has-icon-background-color is-style-default is-content-justification-center is-layout-flex wp-container-core-social-links-is-layout-a89b3969 wp-block-social-links-is-layout-flex\"><li style=\"color: var(u002du002dast-global-color-2); background-color: var(u002du002dast-global-color-5); \" class=\"wp-social-link wp-social-link-facebook has-ast-global-color-2-color has-ast-global-color-5-background-color wp-block-social-link\"><a rel=\"noopener nofollow\" target=\"_blank\" href=\"https:\/\/www.facebook.com\/people\/Tableaux-Dart-Laure-Carmouse\/100064457721273\/\" class=\"wp-block-social-link-anchor\"><svg width=\"24\" height=\"24\" viewBox=\"0 0 24 24\" version=\"1.1\" xmlns=\"http:\/\/www.w3.org\/2000\/svg\" aria-hidden=\"true\" focusable=\"false\"><path d=\"M12 2C6.5 2 2 6.5 2 12c0 5 3.7 9.1 8.4 9.9v-7H7.9V12h2.5V9.8c0-2.5 1.5-3.9 3.8-3.9 1.1 0 2.2.2 2.2.2v2.5h-1.3c-1.2 0-1.6.8-1.6 1.6V12h2.8l-.4 2.9h-2.3v7C18.3 21.1 22 17 22 12c0-5.5-4.5-10-10-10z\"><\/path><\/svg><span class=\"wp-block-social-link-label screen-reader-text\">Facebook<\/span><\/a><\/li>\n\n\n\n<li style=\"color: var(u002du002dast-global-color-2); background-color: var(u002du002dast-global-color-5); \" class=\"wp-social-link wp-social-link-youtube has-ast-global-color-2-color has-ast-global-color-5-background-color wp-block-social-link\"><a rel=\"noopener nofollow\" target=\"_blank\" href=\"https:\/\/www.youtube.com\/@carmouselaure8921\/videos\" class=\"wp-block-social-link-anchor\"><svg width=\"24\" height=\"24\" viewBox=\"0 0 24 24\" version=\"1.1\" xmlns=\"http:\/\/www.w3.org\/2000\/svg\" aria-hidden=\"true\" focusable=\"false\"><path d=\"M21.8,8.001c0,0-0.195-1.378-0.795-1.985c-0.76-0.797-1.613-0.801-2.004-0.847c-2.799-0.202-6.997-0.202-6.997-0.202 h-0.009c0,0-4.198,0-6.997,0.202C4.608,5.216,3.756,5.22,2.995,6.016C2.395,6.623,2.2,8.001,2.2,8.001S2,9.62,2,11.238v1.517 c0,1.618,0.2,3.237,0.2,3.237s0.195,1.378,0.795,1.985c0.761,0.797,1.76,0.771,2.205,0.855c1.6,0.153,6.8,0.201,6.8,0.201 s4.203-0.006,7.001-0.209c0.391-0.047,1.243-0.051,2.004-0.847c0.6-0.607,0.795-1.985,0.795-1.985s0.2-1.618,0.2-3.237v-1.517 C22,9.62,21.8,8.001,21.8,8.001z M9.935,14.594l-0.001-5.62l5.404,2.82L9.935,14.594z\"><\/path><\/svg><span class=\"wp-block-social-link-label screen-reader-text\">YouTube<\/span><\/a><\/li><\/ul>\n<\/div>\n\n\n\n<div class=\"wp-block-group has-ast-global-color-5-color has-ast-global-color-1-background-color has-text-color has-background has-link-color wp-elements-b51be7fe0131ad195a2d9c213837325d wp-container-content-9df8e368 is-content-justification-center is-layout-constrained wp-container-core-group-is-layout-c3dbfcdf wp-block-group-is-layout-constrained\" style=\"border-radius:20px;padding-top:var(--wp--preset--spacing--50);padding-right:var(--wp--preset--spacing--50);padding-bottom:var(--wp--preset--spacing--50);padding-left:var(--wp--preset--spacing--50)\">\n<figure class=\"wp-block-image size-full has-custom-border\"><img loading=\"lazy\" decoding=\"async\" width=\"960\" height=\"954\" data-src=\"https:\/\/clc-meulan.fr\/wp-content\/uploads\/2025\/07\/Bernadette-Coutton.jpg\" alt=\"\" class=\"wp-image-590 lazyload\" style=\"--smush-placeholder-width: 960px; --smush-placeholder-aspect-ratio: 960\/954;border-radius:10px\" data-srcset=\"https:\/\/clc-meulan.fr\/wp-content\/uploads\/2025\/07\/Bernadette-Coutton.jpg 960w, https:\/\/clc-meulan.fr\/wp-content\/uploads\/2025\/07\/Bernadette-Coutton-300x298.jpg 300w, https:\/\/clc-meulan.fr\/wp-content\/uploads\/2025\/07\/Bernadette-Coutton-150x150.jpg 150w, https:\/\/clc-meulan.fr\/wp-content\/uploads\/2025\/07\/Bernadette-Coutton-768x763.jpg 768w\" data-sizes=\"auto, (max-width: 960px) 100vw, 960px\" src=\"data:image\/gif;base64,R0lGODlhAQABAAAAACH5BAEKAAEALAAAAAABAAEAAAICTAEAOw==\" \/><noscript><img loading=\"lazy\" decoding=\"async\" width=\"960\" height=\"954\" src=\"https:\/\/clc-meulan.fr\/wp-content\/uploads\/2025\/07\/Bernadette-Coutton.jpg\" alt=\"\" class=\"wp-image-590\" style=\"border-radius:10px\" srcset=\"https:\/\/clc-meulan.fr\/wp-content\/uploads\/2025\/07\/Bernadette-Coutton.jpg 960w, https:\/\/clc-meulan.fr\/wp-content\/uploads\/2025\/07\/Bernadette-Coutton-300x298.jpg 300w, https:\/\/clc-meulan.fr\/wp-content\/uploads\/2025\/07\/Bernadette-Coutton-150x150.jpg 150w, https:\/\/clc-meulan.fr\/wp-content\/uploads\/2025\/07\/Bernadette-Coutton-768x763.jpg 768w\" sizes=\"auto, (max-width: 960px) 100vw, 960px\" \/><\/noscript><\/figure>\n\n\n\n<h3 class=\"wp-block-heading has-text-align-center has-ast-global-color-5-color has-text-color has-link-color wp-elements-dd962b4de994a92238222914107d7ec5\" style=\"font-size:1.8rem\"><strong>Bernadette Coutton<\/strong><\/h3>\n\n\n\n<p class=\"has-text-align-center has-text-color has-link-color has-medium-font-size wp-elements-bd011105e6045726f8ee54217dc83141\" style=\"color:#ffffffe3;margin-top:0px;margin-bottom:5px;font-style:normal;font-weight:700\">Graphiste<\/p>\n\n\n\n<p>&nbsp;Laissez libre cours \u00e0 l&rsquo;artiste qui sommeille en vous et venez d\u00e9couvrir une activit\u00e9 ludique, adapt\u00e9e aux d\u00e9butants ! Cet atelier est parfait si vous avez envie de cr\u00e9er une pi\u00e8ce totalement unique de vos mains.<\/p>\n\n\n\n<p>Tout le mat\u00e9riel n\u00e9cessaire est fourni : Tesselles de mosa\u00efque en fa\u00efence, ciment-joint, pinceau, colle et support en bois. R\u00e9alisation de votre projet sur de&nbsp;multiples supports&nbsp;(bois, m\u00e9tal, cr\u00e9dence&#8230;) et selon de&nbsp;diff\u00e9rentes techniques&nbsp;(pose directe et indirecte).<\/p>\n\n\n\n<ul class=\"wp-block-social-links has-icon-color has-icon-background-color is-style-default is-content-justification-center is-layout-flex wp-container-core-social-links-is-layout-a89b3969 wp-block-social-links-is-layout-flex\"><li style=\"color: var(u002du002dast-global-color-2); background-color: var(u002du002dast-global-color-5); \" class=\"wp-social-link wp-social-link-facebook has-ast-global-color-2-color has-ast-global-color-5-background-color wp-block-social-link\"><a rel=\"noopener nofollow\" target=\"_blank\" href=\"https:\/\/www.facebook.com\/bernadette.coutton.1\" class=\"wp-block-social-link-anchor\"><svg width=\"24\" height=\"24\" viewBox=\"0 0 24 24\" version=\"1.1\" xmlns=\"http:\/\/www.w3.org\/2000\/svg\" aria-hidden=\"true\" focusable=\"false\"><path d=\"M12 2C6.5 2 2 6.5 2 12c0 5 3.7 9.1 8.4 9.9v-7H7.9V12h2.5V9.8c0-2.5 1.5-3.9 3.8-3.9 1.1 0 2.2.2 2.2.2v2.5h-1.3c-1.2 0-1.6.8-1.6 1.6V12h2.8l-.4 2.9h-2.3v7C18.3 21.1 22 17 22 12c0-5.5-4.5-10-10-10z\"><\/path><\/svg><span class=\"wp-block-social-link-label screen-reader-text\">Facebook<\/span><\/a><\/li>\n\n\n\n<\/ul>\n<\/div>\n<\/div>\n<\/div>\n\n\n\n<div style=\"height:var(--wp--preset--spacing--60)\" aria-hidden=\"true\" class=\"wp-block-spacer\"><\/div>\n\n\n\n<div class=\"wp-block-group is-layout-constrained wp-container-core-group-is-layout-a52c9701 wp-block-group-is-layout-constrained has-background lazyload\" style=\"min-height:100%;margin-top:var(--wp--preset--spacing--70);margin-bottom:0;background-image:inherit;background-position:65% 50%;background-size:cover;\" data-bg-image=\"url(&#039;https:\/\/clc-meulan.fr\/wp-content\/uploads\/2024\/08\/map_localisation_clc.webp&#039;)\">\n<div class=\"wp-block-columns is-not-stacked-on-mobile is-layout-flex wp-container-core-columns-is-layout-28f84493 wp-block-columns-is-layout-flex\">\n<div class=\"wp-block-column is-layout-flow wp-block-column-is-layout-flow\" style=\"flex-basis:5em\"><\/div>\n\n\n\n<div class=\"wp-block-column contact-block has-border-color has-ast-global-color-0-border-color has-ast-global-color-5-background-color has-background is-layout-flow wp-block-column-is-layout-flow\" style=\"border-width:1px;padding-top:var(--wp--preset--spacing--40);padding-right:var(--wp--preset--spacing--60);padding-bottom:var(--wp--preset--spacing--40);padding-left:var(--wp--preset--spacing--60);flex-basis:30em\" id=\"contact\">\n<div class=\"wp-block-group is-layout-constrained wp-block-group-is-layout-constrained\">\n<h2 class=\"wp-block-heading\" style=\"margin-right:0px;margin-left:0px\">Contact<\/h2>\n\n\n\n<hr class=\"hr-main-color\" style=\"margin: 0.5em 0 1em 0 !important;\">\n\n\n\n<div class=\"wp-block-group is-layout-constrained wp-block-group-is-layout-constrained\">\n<div class=\"wp-block-columns is-not-stacked-on-mobile is-layout-flex wp-container-core-columns-is-layout-4f688efb wp-block-columns-is-layout-flex\" style=\"margin-top:1px\">\n<div class=\"wp-block-column is-layout-flow wp-block-column-is-layout-flow\" style=\"flex-basis:25px\">\n<figure class=\"wp-block-image size-full is-resized has-custom-border is-style-default wp-duotone-unset-1\"><img loading=\"lazy\" decoding=\"async\" width=\"96\" height=\"96\" data-src=\"https:\/\/clc-meulan.fr\/wp-content\/uploads\/2024\/08\/location_on_24dp_2EC27E_FILL0_wght400_GRAD0_opsz24.png\" alt=\"\" class=\"wp-image-49 lazyload\" style=\"--smush-placeholder-width: 96px; --smush-placeholder-aspect-ratio: 96\/96;border-style:none;border-width:0px;border-radius:0px;box-shadow:none;width:25px\" src=\"data:image\/gif;base64,R0lGODlhAQABAAAAACH5BAEKAAEALAAAAAABAAEAAAICTAEAOw==\" \/><noscript><img loading=\"lazy\" decoding=\"async\" width=\"96\" height=\"96\" src=\"https:\/\/clc-meulan.fr\/wp-content\/uploads\/2024\/08\/location_on_24dp_2EC27E_FILL0_wght400_GRAD0_opsz24.png\" alt=\"\" class=\"wp-image-49\" style=\"border-style:none;border-width:0px;border-radius:0px;box-shadow:none;width:25px\"\/><\/noscript><\/figure>\n<\/div>\n\n\n\n<div class=\"wp-block-column is-layout-flow wp-container-core-column-is-layout-b2a27621 wp-block-column-is-layout-flow\" style=\"padding-top:0;padding-right:0;padding-bottom:0;padding-left:0;flex-basis:66.66%\">\n<h3 class=\"wp-block-heading has-medium-font-size\">Adresse<\/h3>\n<\/div>\n<\/div>\n\n\n\n<p style=\"margin-top:10px;margin-right:0px;margin-bottom:10px;margin-left:0px\"><a href=\"https:\/\/www.openstreetmap.org\/?mlat=49.010899&amp;mlon=1.915365#map=19\/49.010899\/1.915365\" target=\"_blank\" rel=\"noreferrer noopener\">Maison des Associations<\/a><br>All\u00e9e des Cottages<br>78250, Meulan-en-Yvelines<\/p>\n\n\n\n<p style=\"margin-top:10px;margin-right:0px;margin-bottom:10px;margin-left:0px\">\ud83d\udce7 Email : <a href=\"mailto:clc.meulan@gmail.com?subject=Contact%20via%20le%20site%20du%20CLC\">clc.meulan@gmail.com<\/a><br>\ud83d\udcde T\u00e9l\u00e9phone : <a href=\"tel:+33608877658\">+33 6 08 87 76 58<\/a><\/p>\n<\/div>\n\n\n\n<div class=\"wp-block-group is-layout-constrained wp-block-group-is-layout-constrained\">\n<div class=\"wp-block-columns is-not-stacked-on-mobile is-layout-flex wp-container-core-columns-is-layout-4f688efb wp-block-columns-is-layout-flex\" style=\"margin-top:1px\">\n<div class=\"wp-block-column is-layout-flow wp-block-column-is-layout-flow\" style=\"flex-basis:25px\">\n<figure class=\"wp-block-image size-full is-resized has-custom-border is-style-default wp-duotone-unset-2\"><img loading=\"lazy\" decoding=\"async\" width=\"96\" height=\"96\" data-src=\"https:\/\/clc-meulan.fr\/wp-content\/uploads\/2024\/08\/bus_alert_24dp_1C71D8_FILL0_wght400_GRAD0_opsz24.png\" alt=\"\" class=\"wp-image-213 lazyload\" style=\"--smush-placeholder-width: 96px; --smush-placeholder-aspect-ratio: 96\/96;border-style:none;border-width:0px;border-radius:0px;box-shadow:none;width:25px\" src=\"data:image\/gif;base64,R0lGODlhAQABAAAAACH5BAEKAAEALAAAAAABAAEAAAICTAEAOw==\" \/><noscript><img loading=\"lazy\" decoding=\"async\" width=\"96\" height=\"96\" src=\"https:\/\/clc-meulan.fr\/wp-content\/uploads\/2024\/08\/bus_alert_24dp_1C71D8_FILL0_wght400_GRAD0_opsz24.png\" alt=\"\" class=\"wp-image-213\" style=\"border-style:none;border-width:0px;border-radius:0px;box-shadow:none;width:25px\"\/><\/noscript><\/figure>\n<\/div>\n\n\n\n<div class=\"wp-block-column is-layout-flow wp-container-core-column-is-layout-b2a27621 wp-block-column-is-layout-flow\" style=\"padding-top:0;padding-right:0;padding-bottom:0;padding-left:0;flex-basis:66.66%\">\n<h3 class=\"wp-block-heading has-medium-font-size\">Acc\u00e8s au local<\/h3>\n<\/div>\n<\/div>\n\n\n\n<p style=\"margin-top:10px;margin-right:0px;margin-bottom:10px;margin-left:0px\">Les lignes de Bus. <mark style=\"background-color:rgba(0, 0, 0, 0)\" class=\"has-inline-color has-ast-global-color-0-color\">25<\/mark>, <mark style=\"background-color:rgba(0, 0, 0, 0)\" class=\"has-inline-color has-ast-global-color-0-color\">33<\/mark> et <mark style=\"background-color:rgba(0, 0, 0, 0)\" class=\"has-inline-color has-ast-global-color-0-color\">62<\/mark><br>Desservent l&rsquo;arr\u00eat <mark style=\"background-color:rgba(0, 0, 0, 0)\" class=\"has-inline-color has-ast-global-color-0-color\">Maison des Associations<\/mark><\/p>\n<\/div>\n\n\n\n<p>\u00c0 deux pas, sont aussi disponibles les lignes <mark style=\"background-color:rgba(0, 0, 0, 0)\" class=\"has-inline-color has-ast-global-color-0-color\">21<\/mark> et <mark style=\"background-color:rgba(0, 0, 0, 0)\" class=\"has-inline-color has-ast-global-color-0-color\">87<\/mark><br>Desservent l&rsquo;arr\u00eat <mark style=\"background-color:rgba(0, 0, 0, 0)\" class=\"has-inline-color has-ast-global-color-0-color\">Centre Commercial<\/mark><\/p>\n\n\n\n<p>Un parking attenant au local est disponible gratuitement et sans limitations de temps de stationnement.<\/p>\n<\/div>\n<\/div>\n\n\n\n<div class=\"wp-block-column is-layout-flow wp-block-column-is-layout-flow\"><\/div>\n<\/div>\n<\/div>\n","protected":false},"excerpt":{"rendered":"<p>Ateliers cr\u00e9atifs Pr\u00e9sentation Rejoignez nos ateliers cr\u00e9atifs pour lib\u00e9rer votre imagination dans un cadre convivial et inspirant\u202f! Que vous soyez [&hellip;]<\/p>\n","protected":false},"author":1,"featured_media":0,"parent":0,"menu_order":0,"comment_status":"closed","ping_status":"closed","template":"","meta":{"site-sidebar-layout":"no-sidebar","site-content-layout":"","ast-site-content-layout":"normal-width-container","site-content-style":"unboxed","site-sidebar-style":"default","ast-global-header-display":"","ast-banner-title-visibility":"","ast-main-header-display":"","ast-hfb-above-header-display":"","ast-hfb-below-header-display":"","ast-hfb-mobile-header-display":"","site-post-title":"disabled","ast-breadcrumbs-content":"","ast-featured-img":"","footer-sml-layout":"","theme-transparent-header-meta":"","adv-header-id-meta":"","stick-header-meta":"","header-above-stick-meta":"","header-main-stick-meta":"","header-below-stick-meta":"","astra-migrate-meta-layouts":"default","ast-page-background-enabled":"default","ast-page-background-meta":{"desktop":{"background-color":"var(--ast-global-color-4)","background-image":"","background-repeat":"repeat","background-position":"center center","background-size":"auto","background-attachment":"scroll","background-type":"","background-media":"","overlay-type":"","overlay-color":"","overlay-opacity":"","overlay-gradient":""},"tablet":{"background-color":"","background-image":"","background-repeat":"repeat","background-position":"center center","background-size":"auto","background-attachment":"scroll","background-type":"","background-media":"","overlay-type":"","overlay-color":"","overlay-opacity":"","overlay-gradient":""},"mobile":{"background-color":"","background-image":"","background-repeat":"repeat","background-position":"center center","background-size":"auto","background-attachment":"scroll","background-type":"","background-media":"","overlay-type":"","overlay-color":"","overlay-opacity":"","overlay-gradient":""}},"ast-content-background-meta":{"desktop":{"background-color":"var(--ast-global-color-5)","background-image":"","background-repeat":"repeat","background-position":"center center","background-size":"auto","background-attachment":"scroll","background-type":"","background-media":"","overlay-type":"","overlay-color":"","overlay-opacity":"","overlay-gradient":""},"tablet":{"background-color":"var(--ast-global-color-5)","background-image":"","background-repeat":"repeat","background-position":"center center","background-size":"auto","background-attachment":"scroll","background-type":"","background-media":"","overlay-type":"","overlay-color":"","overlay-opacity":"","overlay-gradient":""},"mobile":{"background-color":"var(--ast-global-color-5)","background-image":"","background-repeat":"repeat","background-position":"center center","background-size":"auto","background-attachment":"scroll","background-type":"","background-media":"","overlay-type":"","overlay-color":"","overlay-opacity":"","overlay-gradient":""}},"footnotes":""},"class_list":["post-501","page","type-page","status-publish","hentry"],"yoast_head":"<!-- This site is optimized with the Yoast SEO plugin v24.0 - https:\/\/yoast.com\/wordpress\/plugins\/seo\/ -->\n<title>Atelier - Cr\u00e9atifs - CLC Meulan<\/title>\n<meta name=\"robots\" content=\"index, follow, max-snippet:-1, max-image-preview:large, max-video-preview:-1\" \/>\n<link rel=\"canonical\" href=\"https:\/\/clc-meulan.fr\/index.php\/atelier-creatifs\/\" \/>\n<meta property=\"og:locale\" content=\"fr_FR\" \/>\n<meta property=\"og:type\" content=\"article\" \/>\n<meta property=\"og:title\" content=\"Atelier - Cr\u00e9atifs - CLC Meulan\" \/>\n<meta property=\"og:description\" content=\"Ateliers cr\u00e9atifs Pr\u00e9sentation Rejoignez nos ateliers cr\u00e9atifs pour lib\u00e9rer votre imagination dans un cadre convivial et inspirant\u202f! Que vous soyez [&hellip;]\" \/>\n<meta property=\"og:url\" content=\"https:\/\/clc-meulan.fr\/index.php\/atelier-creatifs\/\" \/>\n<meta property=\"og:site_name\" content=\"CLC Meulan\" \/>\n<meta property=\"article:publisher\" content=\"https:\/\/www.facebook.com\/clcmeulan\/\" \/>\n<meta property=\"article:modified_time\" content=\"2025-07-10T15:27:43+00:00\" \/>\n<meta property=\"og:image\" content=\"https:\/\/clc-meulan.fr\/wp-content\/uploads\/2024\/12\/Laure-Carmouse.jpg\" \/>\n\t<meta property=\"og:image:width\" content=\"1024\" \/>\n\t<meta property=\"og:image:height\" content=\"1024\" \/>\n\t<meta property=\"og:image:type\" content=\"image\/jpeg\" \/>\n<meta name=\"twitter:card\" content=\"summary_large_image\" \/>\n<meta name=\"twitter:label1\" content=\"Dur\u00e9e de lecture estim\u00e9e\" \/>\n\t<meta name=\"twitter:data1\" content=\"4 minutes\" \/>\n<script type=\"application\/ld+json\" class=\"yoast-schema-graph\">{\"@context\":\"https:\/\/schema.org\",\"@graph\":[{\"@type\":\"WebPage\",\"@id\":\"https:\/\/clc-meulan.fr\/index.php\/atelier-creatifs\/\",\"url\":\"https:\/\/clc-meulan.fr\/index.php\/atelier-creatifs\/\",\"name\":\"Atelier - Cr\u00e9atifs - CLC Meulan\",\"isPartOf\":{\"@id\":\"https:\/\/clc-meulan.fr\/#website\"},\"primaryImageOfPage\":{\"@id\":\"https:\/\/clc-meulan.fr\/index.php\/atelier-creatifs\/#primaryimage\"},\"image\":{\"@id\":\"https:\/\/clc-meulan.fr\/index.php\/atelier-creatifs\/#primaryimage\"},\"thumbnailUrl\":\"https:\/\/clc-meulan.fr\/wp-content\/uploads\/2024\/12\/Laure-Carmouse.jpg\",\"datePublished\":\"2024-12-18T12:46:08+00:00\",\"dateModified\":\"2025-07-10T15:27:43+00:00\",\"breadcrumb\":{\"@id\":\"https:\/\/clc-meulan.fr\/index.php\/atelier-creatifs\/#breadcrumb\"},\"inLanguage\":\"fr-FR\",\"potentialAction\":[{\"@type\":\"ReadAction\",\"target\":[\"https:\/\/clc-meulan.fr\/index.php\/atelier-creatifs\/\"]}]},{\"@type\":\"ImageObject\",\"inLanguage\":\"fr-FR\",\"@id\":\"https:\/\/clc-meulan.fr\/index.php\/atelier-creatifs\/#primaryimage\",\"url\":\"https:\/\/clc-meulan.fr\/wp-content\/uploads\/2024\/12\/Laure-Carmouse.jpg\",\"contentUrl\":\"https:\/\/clc-meulan.fr\/wp-content\/uploads\/2024\/12\/Laure-Carmouse.jpg\",\"width\":1024,\"height\":1024},{\"@type\":\"BreadcrumbList\",\"@id\":\"https:\/\/clc-meulan.fr\/index.php\/atelier-creatifs\/#breadcrumb\",\"itemListElement\":[{\"@type\":\"ListItem\",\"position\":1,\"name\":\"Accueil\",\"item\":\"https:\/\/clc-meulan.fr\/\"},{\"@type\":\"ListItem\",\"position\":2,\"name\":\"Atelier &#8211; Cr\u00e9atifs\"}]},{\"@type\":\"WebSite\",\"@id\":\"https:\/\/clc-meulan.fr\/#website\",\"url\":\"https:\/\/clc-meulan.fr\/\",\"name\":\"CLC Meulan\",\"description\":\"Apprendre, Cr\u00e9er et S&#039;\u00e9panouir \u00e0 Meulan-en-Yvelines\",\"publisher\":{\"@id\":\"https:\/\/clc-meulan.fr\/#organization\"},\"potentialAction\":[{\"@type\":\"SearchAction\",\"target\":{\"@type\":\"EntryPoint\",\"urlTemplate\":\"https:\/\/clc-meulan.fr\/?s={search_term_string}\"},\"query-input\":{\"@type\":\"PropertyValueSpecification\",\"valueRequired\":true,\"valueName\":\"search_term_string\"}}],\"inLanguage\":\"fr-FR\"},{\"@type\":\"Organization\",\"@id\":\"https:\/\/clc-meulan.fr\/#organization\",\"name\":\"CLC Meulan\",\"url\":\"https:\/\/clc-meulan.fr\/\",\"logo\":{\"@type\":\"ImageObject\",\"inLanguage\":\"fr-FR\",\"@id\":\"https:\/\/clc-meulan.fr\/#\/schema\/logo\/image\/\",\"url\":\"https:\/\/clc-meulan.fr\/wp-content\/uploads\/2024\/08\/CLC-logo-scaled.jpg\",\"contentUrl\":\"https:\/\/clc-meulan.fr\/wp-content\/uploads\/2024\/08\/CLC-logo-scaled.jpg\",\"width\":2560,\"height\":1761,\"caption\":\"CLC Meulan\"},\"image\":{\"@id\":\"https:\/\/clc-meulan.fr\/#\/schema\/logo\/image\/\"},\"sameAs\":[\"https:\/\/www.facebook.com\/clcmeulan\/\"]}]}<\/script>\n<!-- \/ Yoast SEO plugin. -->","yoast_head_json":{"title":"Atelier - Cr\u00e9atifs - CLC Meulan","robots":{"index":"index","follow":"follow","max-snippet":"max-snippet:-1","max-image-preview":"max-image-preview:large","max-video-preview":"max-video-preview:-1"},"canonical":"https:\/\/clc-meulan.fr\/index.php\/atelier-creatifs\/","og_locale":"fr_FR","og_type":"article","og_title":"Atelier - Cr\u00e9atifs - CLC Meulan","og_description":"Ateliers cr\u00e9atifs Pr\u00e9sentation Rejoignez nos ateliers cr\u00e9atifs pour lib\u00e9rer votre imagination dans un cadre convivial et inspirant\u202f! Que vous soyez [&hellip;]","og_url":"https:\/\/clc-meulan.fr\/index.php\/atelier-creatifs\/","og_site_name":"CLC Meulan","article_publisher":"https:\/\/www.facebook.com\/clcmeulan\/","article_modified_time":"2025-07-10T15:27:43+00:00","og_image":[{"width":1024,"height":1024,"url":"https:\/\/clc-meulan.fr\/wp-content\/uploads\/2024\/12\/Laure-Carmouse.jpg","type":"image\/jpeg"}],"twitter_card":"summary_large_image","twitter_misc":{"Dur\u00e9e de lecture estim\u00e9e":"4 minutes"},"schema":{"@context":"https:\/\/schema.org","@graph":[{"@type":"WebPage","@id":"https:\/\/clc-meulan.fr\/index.php\/atelier-creatifs\/","url":"https:\/\/clc-meulan.fr\/index.php\/atelier-creatifs\/","name":"Atelier - Cr\u00e9atifs - CLC Meulan","isPartOf":{"@id":"https:\/\/clc-meulan.fr\/#website"},"primaryImageOfPage":{"@id":"https:\/\/clc-meulan.fr\/index.php\/atelier-creatifs\/#primaryimage"},"image":{"@id":"https:\/\/clc-meulan.fr\/index.php\/atelier-creatifs\/#primaryimage"},"thumbnailUrl":"https:\/\/clc-meulan.fr\/wp-content\/uploads\/2024\/12\/Laure-Carmouse.jpg","datePublished":"2024-12-18T12:46:08+00:00","dateModified":"2025-07-10T15:27:43+00:00","breadcrumb":{"@id":"https:\/\/clc-meulan.fr\/index.php\/atelier-creatifs\/#breadcrumb"},"inLanguage":"fr-FR","potentialAction":[{"@type":"ReadAction","target":["https:\/\/clc-meulan.fr\/index.php\/atelier-creatifs\/"]}]},{"@type":"ImageObject","inLanguage":"fr-FR","@id":"https:\/\/clc-meulan.fr\/index.php\/atelier-creatifs\/#primaryimage","url":"https:\/\/clc-meulan.fr\/wp-content\/uploads\/2024\/12\/Laure-Carmouse.jpg","contentUrl":"https:\/\/clc-meulan.fr\/wp-content\/uploads\/2024\/12\/Laure-Carmouse.jpg","width":1024,"height":1024},{"@type":"BreadcrumbList","@id":"https:\/\/clc-meulan.fr\/index.php\/atelier-creatifs\/#breadcrumb","itemListElement":[{"@type":"ListItem","position":1,"name":"Accueil","item":"https:\/\/clc-meulan.fr\/"},{"@type":"ListItem","position":2,"name":"Atelier &#8211; Cr\u00e9atifs"}]},{"@type":"WebSite","@id":"https:\/\/clc-meulan.fr\/#website","url":"https:\/\/clc-meulan.fr\/","name":"CLC Meulan","description":"Apprendre, Cr\u00e9er et S&#039;\u00e9panouir \u00e0 Meulan-en-Yvelines","publisher":{"@id":"https:\/\/clc-meulan.fr\/#organization"},"potentialAction":[{"@type":"SearchAction","target":{"@type":"EntryPoint","urlTemplate":"https:\/\/clc-meulan.fr\/?s={search_term_string}"},"query-input":{"@type":"PropertyValueSpecification","valueRequired":true,"valueName":"search_term_string"}}],"inLanguage":"fr-FR"},{"@type":"Organization","@id":"https:\/\/clc-meulan.fr\/#organization","name":"CLC Meulan","url":"https:\/\/clc-meulan.fr\/","logo":{"@type":"ImageObject","inLanguage":"fr-FR","@id":"https:\/\/clc-meulan.fr\/#\/schema\/logo\/image\/","url":"https:\/\/clc-meulan.fr\/wp-content\/uploads\/2024\/08\/CLC-logo-scaled.jpg","contentUrl":"https:\/\/clc-meulan.fr\/wp-content\/uploads\/2024\/08\/CLC-logo-scaled.jpg","width":2560,"height":1761,"caption":"CLC Meulan"},"image":{"@id":"https:\/\/clc-meulan.fr\/#\/schema\/logo\/image\/"},"sameAs":["https:\/\/www.facebook.com\/clcmeulan\/"]}]}},"_links":{"self":[{"href":"https:\/\/clc-meulan.fr\/index.php\/wp-json\/wp\/v2\/pages\/501","targetHints":{"allow":["GET"]}}],"collection":[{"href":"https:\/\/clc-meulan.fr\/index.php\/wp-json\/wp\/v2\/pages"}],"about":[{"href":"https:\/\/clc-meulan.fr\/index.php\/wp-json\/wp\/v2\/types\/page"}],"author":[{"embeddable":true,"href":"https:\/\/clc-meulan.fr\/index.php\/wp-json\/wp\/v2\/users\/1"}],"replies":[{"embeddable":true,"href":"https:\/\/clc-meulan.fr\/index.php\/wp-json\/wp\/v2\/comments?post=501"}],"version-history":[{"count":7,"href":"https:\/\/clc-meulan.fr\/index.php\/wp-json\/wp\/v2\/pages\/501\/revisions"}],"predecessor-version":[{"id":602,"href":"https:\/\/clc-meulan.fr\/index.php\/wp-json\/wp\/v2\/pages\/501\/revisions\/602"}],"wp:attachment":[{"href":"https:\/\/clc-meulan.fr\/index.php\/wp-json\/wp\/v2\/media?parent=501"}],"curies":[{"name":"wp","href":"https:\/\/api.w.org\/{rel}","templated":true}]}}